{"id":4768,"date":"2024-02-12T12:58:53","date_gmt":"2024-02-12T11:58:53","guid":{"rendered":"https:\/\/new.taeeuropa.eu\/?post_type=product&#038;p=4768"},"modified":"2024-09-26T16:03:52","modified_gmt":"2024-09-26T14:03:52","slug":"frutas-y-verduras-congeladas","status":"publish","type":"product","link":"https:\/\/www.taeeuropa.eu\/ca\/producte\/frutas-y-verduras-congeladas\/","title":{"rendered":"Fruites i verdures congelades"},"content":{"rendered":"<p>\u2013 Empresa amb m\u00e9s de 40 anys de traject\u00f2ria dedicada a la congelaci\u00f3 i comercialitzaci\u00f3 de fruites i verdures.<br \/>\n\u2013 Compta amb unes instal\u00b7lacions de m\u00e9s de 8.000 m\u00b2 de superf\u00edcie, situades en una finca de m\u00e9s de 20.000 m\u00b2. La capacitat de producci\u00f3 anual \u00e9s superior als 15M de quilos.<br \/>\n\u2013 Est\u00e0 certificada amb la certificaci\u00f3 BRC FOOD.<\/p>","protected":false},"excerpt":{"rendered":"<p>&#8211; Empresa con m\u00e1s de 40 a\u00f1os de trayectoria dedicada a la congelaci\u00f3n y comercializaci\u00f3n de frutas y verduras. &#8211; Cuenta con unas instalaciones de m\u00e1s de 8.000m2\u00a0de superficie, ubicadas en una finca de m\u00e1s de 20.000m2. La capacidad de producci\u00f3n anual es superior a los 15M de kilos. &#8211; Est\u00e1 certificada con la\u00a0certificaci\u00f3n BRC&hellip;&nbsp;<a href=\"https:\/\/www.taeeuropa.eu\/ca\/producte\/frutas-y-verduras-congeladas\/\" rel=\"bookmark\">Llegiu m\u00e9s &raquo;<span class=\"screen-reader-text\">Fruites i verdures congelades<\/span><\/a><\/p>","protected":false},"featured_media":4769,"template":"","meta":{"om_disable_all_campaigns":false,"_monsterinsights_skip_tracking":false,"_monsterinsights_sitenote_active":false,"_monsterinsights_sitenote_note":"","_monsterinsights_sitenote_category":0,"neve_meta_sidebar":"","neve_meta_container":"","neve_meta_enable_content_width":"off","neve_meta_content_width":100,"neve_meta_title_alignment":"","neve_meta_author_avatar":"","neve_post_elements_order":"","neve_meta_disable_header":"","neve_meta_disable_footer":"","neve_meta_disable_title":""},"product_brand":[],"product_cat":[84,32,47,91],"product_tag":[],"class_list":{"0":"post-4768","1":"product","2":"type-product","3":"status-publish","4":"has-post-thumbnail","6":"product_cat-congelados","7":"product_cat-empresas-en-venta","8":"product_cat-entre-5me-y-10me","9":"product_cat-espana-sur","11":"first","12":"instock","13":"shipping-taxable","14":"product-type-simple"},"yoast_head":"<!-- This site is optimized with the Yoast SEO plugin v27.4 - https:\/\/yoast.com\/product\/yoast-seo-wordpress\/ -->\n<title>Frutas y verduras congeladas | TAE Europa<\/title>\n<meta name=\"description\" content=\"Empresa con m\u00e1s de 40 a\u00f1os de trayectoria dedicada a la congelaci\u00f3n y comercializaci\u00f3n de frutas y verduras.\" \/>\n<meta name=\"robots\" content=\"index, follow, max-snippet:-1, max-image-preview:large, max-video-preview:-1\" \/>\n<link rel=\"canonical\" href=\"https:\/\/www.taeeuropa.eu\/ca\/producte\/frutas-y-verduras-congeladas\/\" \/>\n<meta property=\"og:locale\" content=\"ca_ES\" \/>\n<meta property=\"og:type\" content=\"article\" \/>\n<meta property=\"og:title\" content=\"Frutas y verduras congeladas | TAE Europa\" \/>\n<meta property=\"og:description\" content=\"Empresa con m\u00e1s de 40 a\u00f1os de trayectoria dedicada a la congelaci\u00f3n y comercializaci\u00f3n de frutas y verduras.\" \/>\n<meta property=\"og:url\" content=\"https:\/\/www.taeeuropa.eu\/ca\/producte\/frutas-y-verduras-congeladas\/\" \/>\n<meta property=\"og:site_name\" content=\"TAE Europa\" \/>\n<meta property=\"article:modified_time\" content=\"2024-09-26T14:03:52+00:00\" \/>\n<meta property=\"og:image\" content=\"https:\/\/www.taeeuropa.eu\/wp-content\/uploads\/istockphoto-465096873-612x612-1.jpg\" \/>\n\t<meta property=\"og:image:width\" content=\"612\" \/>\n\t<meta property=\"og:image:height\" content=\"408\" \/>\n\t<meta property=\"og:image:type\" content=\"image\/jpeg\" \/>\n<meta name=\"twitter:card\" content=\"summary_large_image\" \/>\n<meta name=\"twitter:label1\" content=\"Temps estimat de lectura\" \/>\n\t<meta name=\"twitter:data1\" content=\"1 minut\" \/>\n<script type=\"application\/ld+json\" class=\"yoast-schema-graph\">{\"@context\":\"https:\\\/\\\/schema.org\",\"@graph\":[{\"@type\":\"WebPage\",\"@id\":\"https:\\\/\\\/www.taeeuropa.eu\\\/producto\\\/frutas-y-verduras-congeladas\\\/\",\"url\":\"https:\\\/\\\/www.taeeuropa.eu\\\/producto\\\/frutas-y-verduras-congeladas\\\/\",\"name\":\"Frutas y verduras congeladas | TAE Europa\",\"isPartOf\":{\"@id\":\"https:\\\/\\\/www.taeeuropa.eu\\\/#website\"},\"primaryImageOfPage\":{\"@id\":\"https:\\\/\\\/www.taeeuropa.eu\\\/producto\\\/frutas-y-verduras-congeladas\\\/#primaryimage\"},\"image\":{\"@id\":\"https:\\\/\\\/www.taeeuropa.eu\\\/producto\\\/frutas-y-verduras-congeladas\\\/#primaryimage\"},\"thumbnailUrl\":\"https:\\\/\\\/www.taeeuropa.eu\\\/wp-content\\\/uploads\\\/istockphoto-465096873-612x612-1.jpg\",\"datePublished\":\"2024-02-12T11:58:53+00:00\",\"dateModified\":\"2024-09-26T14:03:52+00:00\",\"description\":\"Empresa con m\u00e1s de 40 a\u00f1os de trayectoria dedicada a la congelaci\u00f3n y comercializaci\u00f3n de frutas y verduras.\",\"breadcrumb\":{\"@id\":\"https:\\\/\\\/www.taeeuropa.eu\\\/producto\\\/frutas-y-verduras-congeladas\\\/#breadcrumb\"},\"inLanguage\":\"ca\",\"potentialAction\":[{\"@type\":\"ReadAction\",\"target\":[\"https:\\\/\\\/www.taeeuropa.eu\\\/producto\\\/frutas-y-verduras-congeladas\\\/\"]}]},{\"@type\":\"ImageObject\",\"inLanguage\":\"ca\",\"@id\":\"https:\\\/\\\/www.taeeuropa.eu\\\/producto\\\/frutas-y-verduras-congeladas\\\/#primaryimage\",\"url\":\"https:\\\/\\\/www.taeeuropa.eu\\\/wp-content\\\/uploads\\\/istockphoto-465096873-612x612-1.jpg\",\"contentUrl\":\"https:\\\/\\\/www.taeeuropa.eu\\\/wp-content\\\/uploads\\\/istockphoto-465096873-612x612-1.jpg\",\"width\":612,\"height\":408,\"caption\":\"Imagen de una empresa en venta con 40 a\u00f1os en la congelaci\u00f3n y comercializaci\u00f3n de frutas y verduras.\"},{\"@type\":\"BreadcrumbList\",\"@id\":\"https:\\\/\\\/www.taeeuropa.eu\\\/producto\\\/frutas-y-verduras-congeladas\\\/#breadcrumb\",\"itemListElement\":[{\"@type\":\"ListItem\",\"position\":1,\"name\":\"Portada\",\"item\":\"https:\\\/\\\/www.taeeuropa.eu\\\/\"},{\"@type\":\"ListItem\",\"position\":2,\"name\":\"Tienda\",\"item\":\"https:\\\/\\\/www.taeeuropa.eu\\\/pt\\\/tienda\\\/\"},{\"@type\":\"ListItem\",\"position\":3,\"name\":\"Frutas y verduras congeladas\"}]},{\"@type\":\"WebSite\",\"@id\":\"https:\\\/\\\/www.taeeuropa.eu\\\/#website\",\"url\":\"https:\\\/\\\/www.taeeuropa.eu\\\/\",\"name\":\"TAE Europa\",\"description\":\"Fusiones y Adquisiciones | Sector agroalimentario\",\"publisher\":{\"@id\":\"https:\\\/\\\/www.taeeuropa.eu\\\/#organization\"},\"potentialAction\":[{\"@type\":\"SearchAction\",\"target\":{\"@type\":\"EntryPoint\",\"urlTemplate\":\"https:\\\/\\\/www.taeeuropa.eu\\\/?s={search_term_string}\"},\"query-input\":{\"@type\":\"PropertyValueSpecification\",\"valueRequired\":true,\"valueName\":\"search_term_string\"}}],\"inLanguage\":\"ca\"},{\"@type\":\"Organization\",\"@id\":\"https:\\\/\\\/www.taeeuropa.eu\\\/#organization\",\"name\":\"TAE Europa\",\"url\":\"https:\\\/\\\/www.taeeuropa.eu\\\/\",\"logo\":{\"@type\":\"ImageObject\",\"inLanguage\":\"ca\",\"@id\":\"https:\\\/\\\/www.taeeuropa.eu\\\/#\\\/schema\\\/logo\\\/image\\\/\",\"url\":\"https:\\\/\\\/www.taeeuropa.eu\\\/wp-content\\\/uploads\\\/Logo-fondo-blanco-1.jpg\",\"contentUrl\":\"https:\\\/\\\/www.taeeuropa.eu\\\/wp-content\\\/uploads\\\/Logo-fondo-blanco-1.jpg\",\"width\":460,\"height\":460,\"caption\":\"TAE Europa\"},\"image\":{\"@id\":\"https:\\\/\\\/www.taeeuropa.eu\\\/#\\\/schema\\\/logo\\\/image\\\/\"},\"sameAs\":[\"https:\\\/\\\/www.linkedin.com\\\/company\\\/taeeuropa\\\/\"]}]}<\/script>\n<!-- \/ Yoast SEO plugin. -->","yoast_head_json":{"title":"Frutas y verduras congeladas | TAE Europa","description":"Empresa con m\u00e1s de 40 a\u00f1os de trayectoria dedicada a la congelaci\u00f3n y comercializaci\u00f3n de frutas y verduras.","robots":{"index":"index","follow":"follow","max-snippet":"max-snippet:-1","max-image-preview":"max-image-preview:large","max-video-preview":"max-video-preview:-1"},"canonical":"https:\/\/www.taeeuropa.eu\/ca\/producte\/frutas-y-verduras-congeladas\/","og_locale":"ca_ES","og_type":"article","og_title":"Frutas y verduras congeladas | TAE Europa","og_description":"Empresa con m\u00e1s de 40 a\u00f1os de trayectoria dedicada a la congelaci\u00f3n y comercializaci\u00f3n de frutas y verduras.","og_url":"https:\/\/www.taeeuropa.eu\/ca\/producte\/frutas-y-verduras-congeladas\/","og_site_name":"TAE Europa","article_modified_time":"2024-09-26T14:03:52+00:00","og_image":[{"width":612,"height":408,"url":"https:\/\/www.taeeuropa.eu\/wp-content\/uploads\/istockphoto-465096873-612x612-1.jpg","type":"image\/jpeg"}],"twitter_card":"summary_large_image","twitter_misc":{"Temps estimat de lectura":"1 minut"},"schema":{"@context":"https:\/\/schema.org","@graph":[{"@type":"WebPage","@id":"https:\/\/www.taeeuropa.eu\/producto\/frutas-y-verduras-congeladas\/","url":"https:\/\/www.taeeuropa.eu\/producto\/frutas-y-verduras-congeladas\/","name":"Frutas y verduras congeladas | TAE Europa","isPartOf":{"@id":"https:\/\/www.taeeuropa.eu\/#website"},"primaryImageOfPage":{"@id":"https:\/\/www.taeeuropa.eu\/producto\/frutas-y-verduras-congeladas\/#primaryimage"},"image":{"@id":"https:\/\/www.taeeuropa.eu\/producto\/frutas-y-verduras-congeladas\/#primaryimage"},"thumbnailUrl":"https:\/\/www.taeeuropa.eu\/wp-content\/uploads\/istockphoto-465096873-612x612-1.jpg","datePublished":"2024-02-12T11:58:53+00:00","dateModified":"2024-09-26T14:03:52+00:00","description":"Empresa con m\u00e1s de 40 a\u00f1os de trayectoria dedicada a la congelaci\u00f3n y comercializaci\u00f3n de frutas y verduras.","breadcrumb":{"@id":"https:\/\/www.taeeuropa.eu\/producto\/frutas-y-verduras-congeladas\/#breadcrumb"},"inLanguage":"ca","potentialAction":[{"@type":"ReadAction","target":["https:\/\/www.taeeuropa.eu\/producto\/frutas-y-verduras-congeladas\/"]}]},{"@type":"ImageObject","inLanguage":"ca","@id":"https:\/\/www.taeeuropa.eu\/producto\/frutas-y-verduras-congeladas\/#primaryimage","url":"https:\/\/www.taeeuropa.eu\/wp-content\/uploads\/istockphoto-465096873-612x612-1.jpg","contentUrl":"https:\/\/www.taeeuropa.eu\/wp-content\/uploads\/istockphoto-465096873-612x612-1.jpg","width":612,"height":408,"caption":"Imagen de una empresa en venta con 40 a\u00f1os en la congelaci\u00f3n y comercializaci\u00f3n de frutas y verduras."},{"@type":"BreadcrumbList","@id":"https:\/\/www.taeeuropa.eu\/producto\/frutas-y-verduras-congeladas\/#breadcrumb","itemListElement":[{"@type":"ListItem","position":1,"name":"Portada","item":"https:\/\/www.taeeuropa.eu\/"},{"@type":"ListItem","position":2,"name":"Tienda","item":"https:\/\/www.taeeuropa.eu\/pt\/tienda\/"},{"@type":"ListItem","position":3,"name":"Frutas y verduras congeladas"}]},{"@type":"WebSite","@id":"https:\/\/www.taeeuropa.eu\/#website","url":"https:\/\/www.taeeuropa.eu\/","name":"TAE Europa","description":"Fusiones y Adquisiciones | Sector agroalimentario","publisher":{"@id":"https:\/\/www.taeeuropa.eu\/#organization"},"potentialAction":[{"@type":"SearchAction","target":{"@type":"EntryPoint","urlTemplate":"https:\/\/www.taeeuropa.eu\/?s={search_term_string}"},"query-input":{"@type":"PropertyValueSpecification","valueRequired":true,"valueName":"search_term_string"}}],"inLanguage":"ca"},{"@type":"Organization","@id":"https:\/\/www.taeeuropa.eu\/#organization","name":"TAE Europa","url":"https:\/\/www.taeeuropa.eu\/","logo":{"@type":"ImageObject","inLanguage":"ca","@id":"https:\/\/www.taeeuropa.eu\/#\/schema\/logo\/image\/","url":"https:\/\/www.taeeuropa.eu\/wp-content\/uploads\/Logo-fondo-blanco-1.jpg","contentUrl":"https:\/\/www.taeeuropa.eu\/wp-content\/uploads\/Logo-fondo-blanco-1.jpg","width":460,"height":460,"caption":"TAE Europa"},"image":{"@id":"https:\/\/www.taeeuropa.eu\/#\/schema\/logo\/image\/"},"sameAs":["https:\/\/www.linkedin.com\/company\/taeeuropa\/"]}]}},"_links":{"self":[{"href":"https:\/\/www.taeeuropa.eu\/ca\/wp-json\/wp\/v2\/product\/4768","targetHints":{"allow":["GET"]}}],"collection":[{"href":"https:\/\/www.taeeuropa.eu\/ca\/wp-json\/wp\/v2\/product"}],"about":[{"href":"https:\/\/www.taeeuropa.eu\/ca\/wp-json\/wp\/v2\/types\/product"}],"wp:featuredmedia":[{"embeddable":true,"href":"https:\/\/www.taeeuropa.eu\/ca\/wp-json\/wp\/v2\/media\/4769"}],"wp:attachment":[{"href":"https:\/\/www.taeeuropa.eu\/ca\/wp-json\/wp\/v2\/media?parent=4768"}],"wp:term":[{"taxonomy":"product_brand","embeddable":true,"href":"https:\/\/www.taeeuropa.eu\/ca\/wp-json\/wp\/v2\/product_brand?post=4768"},{"taxonomy":"product_cat","embeddable":true,"href":"https:\/\/www.taeeuropa.eu\/ca\/wp-json\/wp\/v2\/product_cat?post=4768"},{"taxonomy":"product_tag","embeddable":true,"href":"https:\/\/www.taeeuropa.eu\/ca\/wp-json\/wp\/v2\/product_tag?post=4768"}],"curies":[{"name":"wp","href":"https:\/\/api.w.org\/{rel}","templated":true}]}}