{"id":774,"date":"2023-11-20T10:54:46","date_gmt":"2023-11-20T09:54:46","guid":{"rendered":"https:\/\/new.taeeuropa.eu\/?page_id=774"},"modified":"2024-07-09T17:11:07","modified_gmt":"2024-07-09T15:11:07","slug":"empresas-en-venta","status":"publish","type":"page","link":"https:\/\/www.taeeuropa.eu\/pt\/empresas-en-venta\/empresas-en-venta\/","title":{"rendered":"Empresas"},"content":{"rendered":"<div data-elementor-type=\"wp-page\" data-elementor-id=\"774\" class=\"elementor elementor-774\">\n\t\t\t\t<div class=\"elementor-element elementor-element-1b9d05fb e-con-full e-flex e-con e-parent\" data-id=\"1b9d05fb\" data-element_type=\"container\" data-e-type=\"container\" data-settings=\"{&quot;background_background&quot;:&quot;classic&quot;,&quot;animation&quot;:&quot;none&quot;}\">\n\t\t\t\t<div class=\"elementor-element elementor-element-5b2414f0 elementor-invisible elementor-widget elementor-widget-heading\" data-id=\"5b2414f0\" data-element_type=\"widget\" data-e-type=\"widget\" data-settings=\"{&quot;_animation&quot;:&quot;zoomIn&quot;}\" data-widget_type=\"heading.default\">\n\t\t\t\t<div class=\"elementor-widget-container\">\n\t\t\t\t\t<h1 class=\"elementor-heading-title elementor-size-small\">Empresas \u00e0 venda<\/h1>\t\t\t\t<\/div>\n\t\t\t\t<\/div>\n\t\t\t\t<\/div>\n\t\t<div class=\"elementor-element elementor-element-51c302b5 e-con-full e-flex e-con e-parent\" data-id=\"51c302b5\" data-element_type=\"container\" data-e-type=\"container\" data-settings=\"{&quot;background_background&quot;:&quot;classic&quot;}\">\n\t\t\t\t<div class=\"elementor-element elementor-element-110da4b2 elementor-widget-mobile__width-initial elementor-widget__width-initial elementor-widget elementor-widget-heading\" data-id=\"110da4b2\" data-element_type=\"widget\" data-e-type=\"widget\" data-widget_type=\"heading.default\">\n\t\t\t\t<div class=\"elementor-widget-container\">\n\t\t\t\t\t<h2 class=\"elementor-heading-title elementor-size-small\">As melhores oportunidades de investimento no sector.<\/h2>\t\t\t\t<\/div>\n\t\t\t\t<\/div>\n\t\t\t\t<\/div>\n\t\t<div class=\"elementor-element elementor-element-fa0efa9 e-con-full e-flex e-con e-parent\" data-id=\"fa0efa9\" data-element_type=\"container\" data-e-type=\"container\">\n\t\t\t\t<div class=\"elementor-element elementor-element-e882a94 elementor-widget elementor-widget-text-editor\" data-id=\"e882a94\" data-element_type=\"widget\" data-e-type=\"widget\" data-widget_type=\"text-editor.default\">\n\t\t\t\t<div class=\"elementor-widget-container\">\n\t\t\t\t\t\t\t\t\t<p style=\"text-align: center;\">Descubra projectos para venda num dos sectores mais influentes da economia ib\u00e9rica. Explore o nosso variado portef\u00f3lio de empresas para venda e encontre a oportunidade de que estava \u00e0 espera.<\/p>\t\t\t\t\t\t\t\t<\/div>\n\t\t\t\t<\/div>\n\t\t\t\t<\/div>\n\t\t<div class=\"elementor-element elementor-element-67d939d e-flex e-con-boxed e-con e-parent\" data-id=\"67d939d\" data-element_type=\"container\" data-e-type=\"container\">\n\t\t\t\t\t<div class=\"e-con-inner\">\n\t\t<div class=\"elementor-element elementor-element-fc43885 e-con-full e-flex e-con e-child\" data-id=\"fc43885\" data-element_type=\"container\" data-e-type=\"container\">\n\t\t\t\t<\/div>\n\t\t<div class=\"elementor-element elementor-element-c35a04b e-con-full e-flex e-con e-child\" data-id=\"c35a04b\" data-element_type=\"container\" data-e-type=\"container\">\n\t\t\t\t<div class=\"elementor-element elementor-element-185625f elementor-widget elementor-widget-text-editor\" data-id=\"185625f\" data-element_type=\"widget\" data-e-type=\"widget\" data-widget_type=\"text-editor.default\">\n\t\t\t\t<div class=\"elementor-widget-container\">\n\t\t\t\t\t\t\t\t\t<div class=\"woocommerce columns-4\"><ul class=\"products columns-4\">\n<li class=\"product type-product post-8385 status-publish first instock product_cat-distribucion product_cat-empresas-en-venta product_cat-entre-3me-y-5me product_cat-espana has-post-thumbnail shipping-taxable product-type-simple\">\n\t<div class=\"nv-card-content-wrapper\"><a href=\"https:\/\/www.taeeuropa.eu\/pt\/produto\/distribucion-de-productos-alimenticios\/\" class=\"woocommerce-LoopProduct-link woocommerce-loop-product__link\"><div class=\"sp-product-image\"><div class=\"img-wrap\"><img fetchpriority=\"high\" decoding=\"async\" width=\"300\" height=\"300\" src=\"https:\/\/www.taeeuropa.eu\/wp-content\/uploads\/distri-300x300.jpg\" class=\"attachment-woocommerce_thumbnail size-woocommerce_thumbnail\" alt=\"Imagen de una empresa familiar en venta con varias d\u00e9cadas de experiencia en la distribuci\u00f3n de alimentos y bebidas.\" srcset=\"https:\/\/www.taeeuropa.eu\/wp-content\/uploads\/distri-300x300.jpg 300w, https:\/\/www.taeeuropa.eu\/wp-content\/uploads\/distri-150x150.jpg 150w, https:\/\/www.taeeuropa.eu\/wp-content\/uploads\/distri-13x12.jpg 13w, https:\/\/www.taeeuropa.eu\/wp-content\/uploads\/distri-100x100.jpg 100w\" sizes=\"(max-width: 300px) 100vw, 300px\" \/><\/div><\/div><h2 class=\"woocommerce-loop-product__title\">Distribui\u00e7\u00e3o de produtos alimentares<\/h2>\n<\/a><a href=\"https:\/\/www.taeeuropa.eu\/pt\/produto\/distribucion-de-productos-alimenticios\/\" aria-describedby=\"woocommerce_loop_add_to_cart_link_describedby_8385\" data-quantity=\"1\" class=\"button product_type_simple\" data-product_id=\"8385\" data-product_sku=\"\" aria-label=\"Leia mais sobre \u201cDistribuci\u00f3n de productos alimenticios\u201d\" rel=\"nofollow\" data-success_message=\"\" data-no-translation=\"\" data-trp-gettext=\"\" data-no-translation-aria-label=\"\">Ler mais<\/a>\t<span id=\"woocommerce_loop_add_to_cart_link_describedby_8385\" class=\"screen-reader-text\">\n\t\t\t<\/span>\n<\/div><\/li>\n<li class=\"product type-product post-9339 status-publish instock product_cat-empresas-en-venta product_cat-entre-10me-y-20me product_cat-espana product_cat-jamones-y-embutidos has-post-thumbnail shipping-taxable product-type-simple\">\n\t<div class=\"nv-card-content-wrapper\"><a href=\"https:\/\/www.taeeuropa.eu\/pt\/produto\/empresa-en-venta-jamon-iberico-embutidos-carnes-ibericas\/\" class=\"woocommerce-LoopProduct-link woocommerce-loop-product__link\"><div class=\"sp-product-image\"><div class=\"img-wrap\"><img decoding=\"async\" width=\"300\" height=\"300\" src=\"https:\/\/www.taeeuropa.eu\/wp-content\/uploads\/palitos-de-pan-grissini-con-jamon-serrano-300x300.jpg\" class=\"attachment-woocommerce_thumbnail size-woocommerce_thumbnail\" alt=\"Imagen de una empresa de alimentaci\u00f3n para una transacci\u00f3n corporativa, asesorada por TAE Europa.\" srcset=\"https:\/\/www.taeeuropa.eu\/wp-content\/uploads\/palitos-de-pan-grissini-con-jamon-serrano-300x300.jpg 300w, https:\/\/www.taeeuropa.eu\/wp-content\/uploads\/palitos-de-pan-grissini-con-jamon-serrano-150x150.jpg 150w, https:\/\/www.taeeuropa.eu\/wp-content\/uploads\/palitos-de-pan-grissini-con-jamon-serrano-100x100.jpg 100w\" sizes=\"(max-width: 300px) 100vw, 300px\" \/><\/div><\/div><h2 class=\"woocommerce-loop-product__title\">Presunto e carnes ib\u00e9ricas<\/h2>\n<\/a><a href=\"https:\/\/www.taeeuropa.eu\/pt\/produto\/empresa-en-venta-jamon-iberico-embutidos-carnes-ibericas\/\" aria-describedby=\"woocommerce_loop_add_to_cart_link_describedby_9339\" data-quantity=\"1\" class=\"button product_type_simple\" data-product_id=\"9339\" data-product_sku=\"\" aria-label=\"Leia mais sobre \u201cJam\u00f3n y carnes ib\u00e9ricas\u201d\" rel=\"nofollow\" data-success_message=\"\" data-no-translation=\"\" data-trp-gettext=\"\" data-no-translation-aria-label=\"\">Ler mais<\/a>\t<span id=\"woocommerce_loop_add_to_cart_link_describedby_9339\" class=\"screen-reader-text\">\n\t\t\t<\/span>\n<\/div><\/li>\n<li class=\"product type-product post-8029 status-publish instock product_cat-conservas product_cat-empresas-en-venta product_cat-entre-1me-y-3me product_cat-espana-norte has-post-thumbnail shipping-taxable product-type-simple\">\n\t<div class=\"nv-card-content-wrapper\"><a href=\"https:\/\/www.taeeuropa.eu\/pt\/produto\/semiconservas-de-pescado-anchoas\/\" class=\"woocommerce-LoopProduct-link woocommerce-loop-product__link\"><div class=\"sp-product-image\"><div class=\"img-wrap\"><img decoding=\"async\" width=\"300\" height=\"300\" src=\"https:\/\/www.taeeuropa.eu\/wp-content\/uploads\/anchoa-300x300.jpg\" class=\"attachment-woocommerce_thumbnail size-woocommerce_thumbnail\" alt=\"Imagen de empresa en venta dedicada a la fabricaci\u00f3n de anchoas en salaz\u00f3n listas para el envasado, destacando el proceso artesanal y la calidad 100% natural del producto.\" srcset=\"https:\/\/www.taeeuropa.eu\/wp-content\/uploads\/anchoa-300x300.jpg 300w, https:\/\/www.taeeuropa.eu\/wp-content\/uploads\/anchoa-150x150.jpg 150w, https:\/\/www.taeeuropa.eu\/wp-content\/uploads\/anchoa-100x100.jpg 100w\" sizes=\"(max-width: 300px) 100vw, 300px\" \/><\/div><\/div><h2 class=\"woocommerce-loop-product__title\">Semi-conservas de peixe\/anchovas<\/h2>\n<\/a><a href=\"https:\/\/www.taeeuropa.eu\/pt\/produto\/semiconservas-de-pescado-anchoas\/\" aria-describedby=\"woocommerce_loop_add_to_cart_link_describedby_8029\" data-quantity=\"1\" class=\"button product_type_simple\" data-product_id=\"8029\" data-product_sku=\"\" aria-label=\"Leia mais sobre \u201cSemiconservas de pescado\/ anchoas\u201d\" rel=\"nofollow\" data-success_message=\"\" data-no-translation=\"\" data-trp-gettext=\"\" data-no-translation-aria-label=\"\">Ler mais<\/a>\t<span id=\"woocommerce_loop_add_to_cart_link_describedby_8029\" class=\"screen-reader-text\">\n\t\t\t<\/span>\n<\/div><\/li>\n<li class=\"product type-product post-8031 status-publish last instock product_cat-empresas-en-venta product_cat-entre-3me-y-5me product_cat-espana product_cat-untables has-post-thumbnail shipping-taxable product-type-simple\">\n\t<div class=\"nv-card-content-wrapper\"><a href=\"https:\/\/www.taeeuropa.eu\/pt\/produto\/untables-y-dips\/\" class=\"woocommerce-LoopProduct-link woocommerce-loop-product__link\"><div class=\"sp-product-image\"><div class=\"img-wrap\"><img loading=\"lazy\" decoding=\"async\" width=\"300\" height=\"300\" src=\"https:\/\/www.taeeuropa.eu\/wp-content\/uploads\/pateee-300x300.jpg\" class=\"attachment-woocommerce_thumbnail size-woocommerce_thumbnail\" alt=\"Imagen de una empresa en venta dedicada a la producci\u00f3n con l\u00edneas de envasado de untables y dips, enfocada en el canal HORECA y fabricaci\u00f3n para terceros.\" srcset=\"https:\/\/www.taeeuropa.eu\/wp-content\/uploads\/pateee-300x300.jpg 300w, https:\/\/www.taeeuropa.eu\/wp-content\/uploads\/pateee-150x150.jpg 150w, https:\/\/www.taeeuropa.eu\/wp-content\/uploads\/pateee-11x12.jpg 11w, https:\/\/www.taeeuropa.eu\/wp-content\/uploads\/pateee-100x100.jpg 100w\" sizes=\"(max-width: 300px) 100vw, 300px\" \/><\/div><\/div><h2 class=\"woocommerce-loop-product__title\">Pastas e molhos<\/h2>\n<\/a><a href=\"https:\/\/www.taeeuropa.eu\/pt\/produto\/untables-y-dips\/\" aria-describedby=\"woocommerce_loop_add_to_cart_link_describedby_8031\" data-quantity=\"1\" class=\"button product_type_simple\" data-product_id=\"8031\" data-product_sku=\"\" aria-label=\"Leia mais sobre \u201cUntables y dips\u201d\" rel=\"nofollow\" data-success_message=\"\" data-no-translation=\"\" data-trp-gettext=\"\" data-no-translation-aria-label=\"\">Ler mais<\/a>\t<span id=\"woocommerce_loop_add_to_cart_link_describedby_8031\" class=\"screen-reader-text\">\n\t\t\t<\/span>\n<\/div><\/li>\n<li class=\"product type-product post-4725 status-publish first instock product_cat-20me product_cat-empresas-en-venta product_cat-industria-carnica product_cat-portugal has-post-thumbnail shipping-taxable product-type-simple\">\n\t<div class=\"nv-card-content-wrapper\"><a href=\"https:\/\/www.taeeuropa.eu\/pt\/produto\/productor-carnico\/\" class=\"woocommerce-LoopProduct-link woocommerce-loop-product__link\"><div class=\"sp-product-image\"><div class=\"img-wrap\"><img loading=\"lazy\" decoding=\"async\" width=\"300\" height=\"300\" src=\"https:\/\/www.taeeuropa.eu\/wp-content\/uploads\/primer-plano-bistec-carne-cruda-hierbas-especias-sobre-fondo-negro-ai-generativo-300x300.jpg\" class=\"attachment-woocommerce_thumbnail size-woocommerce_thumbnail\" alt=\"Imagen de una empresa en venta de productos c\u00e1rnicos, principalmente de cerdo, en fresco y congelado, elaborados y distribuidos por una empresa portuguesa.\" srcset=\"https:\/\/www.taeeuropa.eu\/wp-content\/uploads\/primer-plano-bistec-carne-cruda-hierbas-especias-sobre-fondo-negro-ai-generativo-300x300.jpg 300w, https:\/\/www.taeeuropa.eu\/wp-content\/uploads\/primer-plano-bistec-carne-cruda-hierbas-especias-sobre-fondo-negro-ai-generativo-150x150.jpg 150w, https:\/\/www.taeeuropa.eu\/wp-content\/uploads\/primer-plano-bistec-carne-cruda-hierbas-especias-sobre-fondo-negro-ai-generativo-100x100.jpg 100w\" sizes=\"(max-width: 300px) 100vw, 300px\" \/><\/div><\/div><h2 class=\"woocommerce-loop-product__title\">Produtor de carne<\/h2>\n<\/a><a href=\"https:\/\/www.taeeuropa.eu\/pt\/produto\/productor-carnico\/\" aria-describedby=\"woocommerce_loop_add_to_cart_link_describedby_4725\" data-quantity=\"1\" class=\"button product_type_simple\" data-product_id=\"4725\" data-product_sku=\"\" aria-label=\"Leia mais sobre \u201cProductor c\u00e1rnico\u201d\" rel=\"nofollow\" data-success_message=\"\" data-no-translation=\"\" data-trp-gettext=\"\" data-no-translation-aria-label=\"\">Ler mais<\/a>\t<span id=\"woocommerce_loop_add_to_cart_link_describedby_4725\" class=\"screen-reader-text\">\n\t\t\t<\/span>\n<\/div><\/li>\n<li class=\"product type-product post-4756 status-publish instock product_cat-empresas-en-venta product_cat-entre-5me-y-10me product_cat-espana product_cat-packaging has-post-thumbnail shipping-taxable product-type-simple\">\n\t<div class=\"nv-card-content-wrapper\"><a href=\"https:\/\/www.taeeuropa.eu\/pt\/produto\/packaging-alimentario\/\" class=\"woocommerce-LoopProduct-link woocommerce-loop-product__link\"><div class=\"sp-product-image\"><div class=\"img-wrap\"><img loading=\"lazy\" decoding=\"async\" width=\"300\" height=\"300\" src=\"https:\/\/www.taeeuropa.eu\/wp-content\/uploads\/cerrar-manos-sosteniendo-paquete_23-2149148473-300x300.jpg\" class=\"attachment-woocommerce_thumbnail size-woocommerce_thumbnail\" alt=\"Imagen de empresa en venta de envases alimentarios flexibles fabricados con materiales reciclables y biodegradables por una empresa familiar con 20 a\u00f1os de experiencia.\" srcset=\"https:\/\/www.taeeuropa.eu\/wp-content\/uploads\/cerrar-manos-sosteniendo-paquete_23-2149148473-300x300.jpg 300w, https:\/\/www.taeeuropa.eu\/wp-content\/uploads\/cerrar-manos-sosteniendo-paquete_23-2149148473-150x150.jpg 150w, https:\/\/www.taeeuropa.eu\/wp-content\/uploads\/cerrar-manos-sosteniendo-paquete_23-2149148473-100x100.jpg 100w\" sizes=\"(max-width: 300px) 100vw, 300px\" \/><\/div><\/div><h2 class=\"woocommerce-loop-product__title\">Embalagem de alimentos<\/h2>\n<\/a><a href=\"https:\/\/www.taeeuropa.eu\/pt\/produto\/packaging-alimentario\/\" aria-describedby=\"woocommerce_loop_add_to_cart_link_describedby_4756\" data-quantity=\"1\" class=\"button product_type_simple\" data-product_id=\"4756\" data-product_sku=\"\" aria-label=\"Leia mais sobre \u201cPackaging Alimentario\u201d\" rel=\"nofollow\" data-success_message=\"\" data-no-translation=\"\" data-trp-gettext=\"\" data-no-translation-aria-label=\"\">Ler mais<\/a>\t<span id=\"woocommerce_loop_add_to_cart_link_describedby_4756\" class=\"screen-reader-text\">\n\t\t\t<\/span>\n<\/div><\/li>\n<li class=\"product type-product post-7765 status-publish instock product_cat-congelados product_cat-empresas-en-venta product_cat-entre-3me-y-5me product_cat-espana-este product_cat-pescado-refrigerado has-post-thumbnail shipping-taxable product-type-simple\">\n\t<div class=\"nv-card-content-wrapper\"><a href=\"https:\/\/www.taeeuropa.eu\/pt\/produto\/distribuidor-de-pescado-y-marisco\/\" class=\"woocommerce-LoopProduct-link woocommerce-loop-product__link\"><div class=\"sp-product-image\"><div class=\"img-wrap\"><img loading=\"lazy\" decoding=\"async\" width=\"300\" height=\"300\" src=\"https:\/\/www.taeeuropa.eu\/wp-content\/uploads\/PESCADOSS-300x300.jpg\" class=\"attachment-woocommerce_thumbnail size-woocommerce_thumbnail\" alt=\"Imagen de una empresa familiar en venta dedicada a la distribuci\u00f3n de pescado y marisco, tanto fresco como congelado, para el sector alimentario.\" srcset=\"https:\/\/www.taeeuropa.eu\/wp-content\/uploads\/PESCADOSS-300x300.jpg 300w, https:\/\/www.taeeuropa.eu\/wp-content\/uploads\/PESCADOSS-150x150.jpg 150w, https:\/\/www.taeeuropa.eu\/wp-content\/uploads\/PESCADOSS-100x100.jpg 100w\" sizes=\"(max-width: 300px) 100vw, 300px\" \/><\/div><\/div><h2 class=\"woocommerce-loop-product__title\">Distribuidor de peixe e marisco<\/h2>\n<\/a><a href=\"https:\/\/www.taeeuropa.eu\/pt\/produto\/distribuidor-de-pescado-y-marisco\/\" aria-describedby=\"woocommerce_loop_add_to_cart_link_describedby_7765\" data-quantity=\"1\" class=\"button product_type_simple\" data-product_id=\"7765\" data-product_sku=\"\" aria-label=\"Leia mais sobre \u201cDistribuidor de pescado y marisco\u201d\" rel=\"nofollow\" data-success_message=\"\" data-no-translation=\"\" data-trp-gettext=\"\" data-no-translation-aria-label=\"\">Ler mais<\/a>\t<span id=\"woocommerce_loop_add_to_cart_link_describedby_7765\" class=\"screen-reader-text\">\n\t\t\t<\/span>\n<\/div><\/li>\n<li class=\"product type-product post-7767 status-publish last instock product_cat-empresas-en-venta product_cat-entre-1me-y-3me product_cat-espana product_cat-pizza-pan-y-bolleria has-post-thumbnail shipping-taxable product-type-simple\">\n\t<div class=\"nv-card-content-wrapper\"><a href=\"https:\/\/www.taeeuropa.eu\/pt\/produto\/fabricante-de-bolleria-y-pasteleria\/\" class=\"woocommerce-LoopProduct-link woocommerce-loop-product__link\"><div class=\"sp-product-image\"><div class=\"img-wrap\"><img loading=\"lazy\" decoding=\"async\" width=\"300\" height=\"300\" src=\"https:\/\/www.taeeuropa.eu\/wp-content\/uploads\/bolleria-300x300.jpg\" class=\"attachment-woocommerce_thumbnail size-woocommerce_thumbnail\" alt=\"Imagen de una empresa familiar espa\u00f1ola con m\u00e1s de 25 a\u00f1os fabricando boller\u00eda y pasteler\u00eda ultracongelada, actualmente en venta.\" srcset=\"https:\/\/www.taeeuropa.eu\/wp-content\/uploads\/bolleria-300x300.jpg 300w, https:\/\/www.taeeuropa.eu\/wp-content\/uploads\/bolleria-150x150.jpg 150w, https:\/\/www.taeeuropa.eu\/wp-content\/uploads\/bolleria-100x100.jpg 100w\" sizes=\"(max-width: 300px) 100vw, 300px\" \/><\/div><\/div><h2 class=\"woocommerce-loop-product__title\">Fabricante de produtos de pastelaria e de bolos<\/h2>\n<\/a><a href=\"https:\/\/www.taeeuropa.eu\/pt\/produto\/fabricante-de-bolleria-y-pasteleria\/\" aria-describedby=\"woocommerce_loop_add_to_cart_link_describedby_7767\" data-quantity=\"1\" class=\"button product_type_simple\" data-product_id=\"7767\" data-product_sku=\"\" aria-label=\"Leia mais sobre \u201cFabricante de boller\u00eda y pasteler\u00eda\u201d\" rel=\"nofollow\" data-success_message=\"\" data-no-translation=\"\" data-trp-gettext=\"\" data-no-translation-aria-label=\"\">Ler mais<\/a>\t<span id=\"woocommerce_loop_add_to_cart_link_describedby_7767\" class=\"screen-reader-text\">\n\t\t\t<\/span>\n<\/div><\/li>\n<li class=\"product type-product post-7776 status-publish first instock product_cat-bebidas-vegetales-tes-y-zumos product_cat-empresas-en-venta product_cat-entre-1-y-3-millones-de-euros product_cat-espana has-post-thumbnail shipping-taxable product-type-simple\">\n\t<div class=\"nv-card-content-wrapper\"><a href=\"https:\/\/www.taeeuropa.eu\/pt\/produto\/kombucha-ecologica\/\" class=\"woocommerce-LoopProduct-link woocommerce-loop-product__link\"><div class=\"sp-product-image\"><div class=\"img-wrap\"><img loading=\"lazy\" decoding=\"async\" width=\"300\" height=\"300\" src=\"https:\/\/www.taeeuropa.eu\/wp-content\/uploads\/KOMBUCHA-300x300.jpg\" class=\"attachment-woocommerce_thumbnail size-woocommerce_thumbnail\" alt=\"Imagen de una empresa en venta especializada en la elaboraci\u00f3n y comercializaci\u00f3n de kombucha ecol\u00f3gica, mostrando productos y equipo.\" srcset=\"https:\/\/www.taeeuropa.eu\/wp-content\/uploads\/KOMBUCHA-300x300.jpg 300w, https:\/\/www.taeeuropa.eu\/wp-content\/uploads\/KOMBUCHA-150x150.jpg 150w, https:\/\/www.taeeuropa.eu\/wp-content\/uploads\/KOMBUCHA-100x100.jpg 100w\" sizes=\"(max-width: 300px) 100vw, 300px\" \/><\/div><\/div><h2 class=\"woocommerce-loop-product__title\">Kombucha org\u00e2nica<\/h2>\n<\/a><a href=\"https:\/\/www.taeeuropa.eu\/pt\/produto\/kombucha-ecologica\/\" aria-describedby=\"woocommerce_loop_add_to_cart_link_describedby_7776\" data-quantity=\"1\" class=\"button product_type_simple\" data-product_id=\"7776\" data-product_sku=\"\" aria-label=\"Leia mais sobre \u201cKombucha ecol\u00f3gica\u201d\" rel=\"nofollow\" data-success_message=\"\" data-no-translation=\"\" data-trp-gettext=\"\" data-no-translation-aria-label=\"\">Ler mais<\/a>\t<span id=\"woocommerce_loop_add_to_cart_link_describedby_7776\" class=\"screen-reader-text\">\n\t\t\t<\/span>\n<\/div><\/li>\n<li class=\"product type-product post-7770 status-publish instock product_cat-empresas-en-venta product_cat-entre-1me-y-3me product_cat-espana product_cat-frutos-secos-y-snacks has-post-thumbnail shipping-taxable product-type-simple\">\n\t<div class=\"nv-card-content-wrapper\"><a href=\"https:\/\/www.taeeuropa.eu\/pt\/produto\/patatas-fritas-y-snacks\/\" class=\"woocommerce-LoopProduct-link woocommerce-loop-product__link\"><div class=\"sp-product-image\"><div class=\"img-wrap\"><img loading=\"lazy\" decoding=\"async\" width=\"300\" height=\"300\" src=\"https:\/\/www.taeeuropa.eu\/wp-content\/uploads\/patatas-300x300.jpg\" class=\"attachment-woocommerce_thumbnail size-woocommerce_thumbnail\" alt=\"Imagen de una empresa familiar con m\u00e1s de 50 a\u00f1os de experiencia en la fabricaci\u00f3n artesanal de patatas fritas y snacks.\" srcset=\"https:\/\/www.taeeuropa.eu\/wp-content\/uploads\/patatas-300x300.jpg 300w, https:\/\/www.taeeuropa.eu\/wp-content\/uploads\/patatas-150x150.jpg 150w, https:\/\/www.taeeuropa.eu\/wp-content\/uploads\/patatas-100x100.jpg 100w\" sizes=\"(max-width: 300px) 100vw, 300px\" \/><\/div><\/div><h2 class=\"woocommerce-loop-product__title\">Batatas fritas e snacks<\/h2>\n<\/a><a href=\"https:\/\/www.taeeuropa.eu\/pt\/produto\/patatas-fritas-y-snacks\/\" aria-describedby=\"woocommerce_loop_add_to_cart_link_describedby_7770\" data-quantity=\"1\" class=\"button product_type_simple\" data-product_id=\"7770\" data-product_sku=\"\" aria-label=\"Leia mais sobre \u201cPatatas fritas y snacks\u201d\" rel=\"nofollow\" data-success_message=\"\" data-no-translation=\"\" data-trp-gettext=\"\" data-no-translation-aria-label=\"\">Ler mais<\/a>\t<span id=\"woocommerce_loop_add_to_cart_link_describedby_7770\" class=\"screen-reader-text\">\n\t\t\t<\/span>\n<\/div><\/li>\n<li class=\"product type-product post-7761 status-publish instock product_cat-congelados product_cat-empresas-en-venta product_cat-entre-1me-y-3me product_cat-espana product_cat-soluciones-refrigeradas has-post-thumbnail shipping-taxable product-type-simple\">\n\t<div class=\"nv-card-content-wrapper\"><a href=\"https:\/\/www.taeeuropa.eu\/pt\/produto\/platos-preparados-mexicanos\/\" class=\"woocommerce-LoopProduct-link woocommerce-loop-product__link\"><div class=\"sp-product-image\"><div class=\"img-wrap\"><img loading=\"lazy\" decoding=\"async\" width=\"300\" height=\"300\" src=\"https:\/\/www.taeeuropa.eu\/wp-content\/uploads\/mexi-1-300x300.jpg\" class=\"attachment-woocommerce_thumbnail size-woocommerce_thumbnail\" alt=\"Imagen de una empresa en venta especializada en la fabricaci\u00f3n y comercializaci\u00f3n de platos preparados mexicanos, tanto congelados como refrigerados.\" srcset=\"https:\/\/www.taeeuropa.eu\/wp-content\/uploads\/mexi-1-300x300.jpg 300w, https:\/\/www.taeeuropa.eu\/wp-content\/uploads\/mexi-1-150x150.jpg 150w, https:\/\/www.taeeuropa.eu\/wp-content\/uploads\/mexi-1-100x100.jpg 100w\" sizes=\"(max-width: 300px) 100vw, 300px\" \/><\/div><\/div><h2 class=\"woocommerce-loop-product__title\">Refei\u00e7\u00f5es prontas mexicanas<\/h2>\n<\/a><a href=\"https:\/\/www.taeeuropa.eu\/pt\/produto\/platos-preparados-mexicanos\/\" aria-describedby=\"woocommerce_loop_add_to_cart_link_describedby_7761\" data-quantity=\"1\" class=\"button product_type_simple\" data-product_id=\"7761\" data-product_sku=\"\" aria-label=\"Leia mais sobre \u201cPlatos preparados mexicanos\u201d\" rel=\"nofollow\" data-success_message=\"\" data-no-translation=\"\" data-trp-gettext=\"\" data-no-translation-aria-label=\"\">Ler mais<\/a>\t<span id=\"woocommerce_loop_add_to_cart_link_describedby_7761\" class=\"screen-reader-text\">\n\t\t\t<\/span>\n<\/div><\/li>\n<li class=\"product type-product post-7754 status-publish last instock product_cat-empresas-en-venta product_cat-entre-10me-y-20me product_cat-francia product_cat-ovoproductos has-post-thumbnail shipping-taxable product-type-simple\">\n\t<div class=\"nv-card-content-wrapper\"><a href=\"https:\/\/www.taeeuropa.eu\/pt\/produto\/productor-de-ovoproductos\/\" class=\"woocommerce-LoopProduct-link woocommerce-loop-product__link\"><div class=\"sp-product-image\"><div class=\"img-wrap\"><img loading=\"lazy\" decoding=\"async\" width=\"300\" height=\"300\" src=\"https:\/\/www.taeeuropa.eu\/wp-content\/uploads\/huevos-300x300.jpg\" class=\"attachment-woocommerce_thumbnail size-woocommerce_thumbnail\" alt=\"Imagen de una empresa francesa en venta, especializada en la producci\u00f3n y comercializaci\u00f3n de ovoproductos como huevos procesados.\" srcset=\"https:\/\/www.taeeuropa.eu\/wp-content\/uploads\/huevos-300x300.jpg 300w, https:\/\/www.taeeuropa.eu\/wp-content\/uploads\/huevos-150x150.jpg 150w, https:\/\/www.taeeuropa.eu\/wp-content\/uploads\/huevos-100x100.jpg 100w\" sizes=\"(max-width: 300px) 100vw, 300px\" \/><\/div><\/div><h2 class=\"woocommerce-loop-product__title\">Produtor de ovoprodutos<\/h2>\n<\/a><a href=\"https:\/\/www.taeeuropa.eu\/pt\/produto\/productor-de-ovoproductos\/\" aria-describedby=\"woocommerce_loop_add_to_cart_link_describedby_7754\" data-quantity=\"1\" class=\"button product_type_simple\" data-product_id=\"7754\" data-product_sku=\"\" aria-label=\"Leia mais sobre \u201cProductor de ovoproductos\u201d\" rel=\"nofollow\" data-success_message=\"\" data-no-translation=\"\" data-trp-gettext=\"\" data-no-translation-aria-label=\"\">Ler mais<\/a>\t<span id=\"woocommerce_loop_add_to_cart_link_describedby_7754\" class=\"screen-reader-text\">\n\t\t\t<\/span>\n<\/div><\/li>\n<li class=\"product type-product post-7772 status-publish first instock product_cat-empresas-en-venta product_cat-entre-10me-y-20me product_cat-espana product_cat-pescado-refrigerado has-post-thumbnail shipping-taxable product-type-simple\">\n\t<div class=\"nv-card-content-wrapper\"><a href=\"https:\/\/www.taeeuropa.eu\/pt\/produto\/productos-de-mar\/\" class=\"woocommerce-LoopProduct-link woocommerce-loop-product__link\"><div class=\"sp-product-image\"><div class=\"img-wrap\"><img loading=\"lazy\" decoding=\"async\" width=\"300\" height=\"300\" src=\"https:\/\/www.taeeuropa.eu\/wp-content\/uploads\/pesc-300x300.jpg\" class=\"attachment-woocommerce_thumbnail size-woocommerce_thumbnail\" alt=\"Imagen de una empresa familiar en venta, especializada en la importaci\u00f3n, compra, manipulaci\u00f3n y venta de productos del mar, frescos y congelados.\" srcset=\"https:\/\/www.taeeuropa.eu\/wp-content\/uploads\/pesc-300x300.jpg 300w, https:\/\/www.taeeuropa.eu\/wp-content\/uploads\/pesc-150x150.jpg 150w, https:\/\/www.taeeuropa.eu\/wp-content\/uploads\/pesc-100x100.jpg 100w\" sizes=\"(max-width: 300px) 100vw, 300px\" \/><\/div><\/div><h2 class=\"woocommerce-loop-product__title\">Produtos do mar<\/h2>\n<\/a><a href=\"https:\/\/www.taeeuropa.eu\/pt\/produto\/productos-de-mar\/\" aria-describedby=\"woocommerce_loop_add_to_cart_link_describedby_7772\" data-quantity=\"1\" class=\"button product_type_simple\" data-product_id=\"7772\" data-product_sku=\"\" aria-label=\"Leia mais sobre \u201cProductos de mar\u201d\" rel=\"nofollow\" data-success_message=\"\" data-no-translation=\"\" data-trp-gettext=\"\" data-no-translation-aria-label=\"\">Ler mais<\/a>\t<span id=\"woocommerce_loop_add_to_cart_link_describedby_7772\" class=\"screen-reader-text\">\n\t\t\t<\/span>\n<\/div><\/li>\n<li class=\"product type-product post-7778 status-publish instock product_cat-empresas-en-venta product_cat-entre-1me-y-3me product_cat-espana-norte product_cat-gourmet product_cat-pescado-refrigerado has-post-thumbnail shipping-taxable product-type-simple\">\n\t<div class=\"nv-card-content-wrapper\"><a href=\"https:\/\/www.taeeuropa.eu\/pt\/produto\/productos-gourme-derivados-del-pescado-y-marisco\/\" class=\"woocommerce-LoopProduct-link woocommerce-loop-product__link\"><div class=\"sp-product-image\"><div class=\"img-wrap\"><img loading=\"lazy\" decoding=\"async\" width=\"300\" height=\"300\" src=\"https:\/\/www.taeeuropa.eu\/wp-content\/uploads\/txangurro-300x300.jpg\" class=\"attachment-woocommerce_thumbnail size-woocommerce_thumbnail\" alt=\"Imagen de una empresa en venta con m\u00e1s de 25 a\u00f1os de trayectoria, especializada en productos gourmet derivados del pescado y marisco.\" srcset=\"https:\/\/www.taeeuropa.eu\/wp-content\/uploads\/txangurro-300x300.jpg 300w, https:\/\/www.taeeuropa.eu\/wp-content\/uploads\/txangurro-150x150.jpg 150w, https:\/\/www.taeeuropa.eu\/wp-content\/uploads\/txangurro-100x100.jpg 100w\" sizes=\"(max-width: 300px) 100vw, 300px\" \/><\/div><\/div><h2 class=\"woocommerce-loop-product__title\">Produtos de peixe e marisco gourmet<\/h2>\n<\/a><a href=\"https:\/\/www.taeeuropa.eu\/pt\/produto\/productos-gourme-derivados-del-pescado-y-marisco\/\" aria-describedby=\"woocommerce_loop_add_to_cart_link_describedby_7778\" data-quantity=\"1\" class=\"button product_type_simple\" data-product_id=\"7778\" data-product_sku=\"\" aria-label=\"Leia mais sobre \u201cProductos gourmet derivados del pescado y marisco\u201d\" rel=\"nofollow\" data-success_message=\"\" data-no-translation=\"\" data-trp-gettext=\"\" data-no-translation-aria-label=\"\">Ler mais<\/a>\t<span id=\"woocommerce_loop_add_to_cart_link_describedby_7778\" class=\"screen-reader-text\">\n\t\t\t<\/span>\n<\/div><\/li>\n<li class=\"product type-product post-7780 status-publish instock product_cat-alimentacion-ecologica product_cat-complementos-alimenticios product_cat-empresas-en-venta product_cat-entre-1me-y-3me product_cat-espana has-post-thumbnail shipping-taxable product-type-simple\">\n\t<div class=\"nv-card-content-wrapper\"><a href=\"https:\/\/www.taeeuropa.eu\/pt\/produto\/productos-japoneses\/\" class=\"woocommerce-LoopProduct-link woocommerce-loop-product__link\"><div class=\"sp-product-image\"><div class=\"img-wrap\"><img loading=\"lazy\" decoding=\"async\" width=\"300\" height=\"300\" src=\"https:\/\/www.taeeuropa.eu\/wp-content\/uploads\/japone-300x300.jpg\" class=\"attachment-woocommerce_thumbnail size-woocommerce_thumbnail\" alt=\"Imagen de una empresa familiar espa\u00f1ola en venta, especializada en la comercializaci\u00f3n de una amplia gama de productos japoneses.\" srcset=\"https:\/\/www.taeeuropa.eu\/wp-content\/uploads\/japone-300x300.jpg 300w, https:\/\/www.taeeuropa.eu\/wp-content\/uploads\/japone-150x150.jpg 150w, https:\/\/www.taeeuropa.eu\/wp-content\/uploads\/japone-100x100.jpg 100w\" sizes=\"(max-width: 300px) 100vw, 300px\" \/><\/div><\/div><h2 class=\"woocommerce-loop-product__title\">Produtos japoneses<\/h2>\n<\/a><a href=\"https:\/\/www.taeeuropa.eu\/pt\/produto\/productos-japoneses\/\" aria-describedby=\"woocommerce_loop_add_to_cart_link_describedby_7780\" data-quantity=\"1\" class=\"button product_type_simple\" data-product_id=\"7780\" data-product_sku=\"\" aria-label=\"Leia mais sobre \u201cProductos japoneses\u201d\" rel=\"nofollow\" data-success_message=\"\" data-no-translation=\"\" data-trp-gettext=\"\" data-no-translation-aria-label=\"\">Ler mais<\/a>\t<span id=\"woocommerce_loop_add_to_cart_link_describedby_7780\" class=\"screen-reader-text\">\n\t\t\t<\/span>\n<\/div><\/li>\n<li class=\"product type-product post-7673 status-publish last instock product_cat-distribucion product_cat-empresas-en-venta product_cat-entre-1me-y-3me product_cat-espana-norte has-post-thumbnail shipping-taxable product-type-simple\">\n\t<div class=\"nv-card-content-wrapper\"><a href=\"https:\/\/www.taeeuropa.eu\/pt\/produto\/distribuidora\/\" class=\"woocommerce-LoopProduct-link woocommerce-loop-product__link\"><div class=\"sp-product-image\"><div class=\"img-wrap\"><img loading=\"lazy\" decoding=\"async\" width=\"300\" height=\"300\" src=\"https:\/\/www.taeeuropa.eu\/wp-content\/uploads\/Sin-titulo-DISTRIBUIIDORA-300x300.jpg\" class=\"attachment-woocommerce_thumbnail size-woocommerce_thumbnail\" alt=\"Imagen de una distribuidora en venta especializada en productos latinoamericanos, incluyendo aceites, bebidas y congelados.\" srcset=\"https:\/\/www.taeeuropa.eu\/wp-content\/uploads\/Sin-titulo-DISTRIBUIIDORA-300x300.jpg 300w, https:\/\/www.taeeuropa.eu\/wp-content\/uploads\/Sin-titulo-DISTRIBUIIDORA-150x150.jpg 150w, https:\/\/www.taeeuropa.eu\/wp-content\/uploads\/Sin-titulo-DISTRIBUIIDORA-100x100.jpg 100w\" sizes=\"(max-width: 300px) 100vw, 300px\" \/><\/div><\/div><h2 class=\"woocommerce-loop-product__title\">Distribuidor<\/h2>\n<\/a><a href=\"https:\/\/www.taeeuropa.eu\/pt\/produto\/distribuidora\/\" aria-describedby=\"woocommerce_loop_add_to_cart_link_describedby_7673\" data-quantity=\"1\" class=\"button product_type_simple\" data-product_id=\"7673\" data-product_sku=\"\" aria-label=\"Leia mais sobre \u201cDistribuidora\u201d\" rel=\"nofollow\" data-success_message=\"\" data-no-translation=\"\" data-trp-gettext=\"\" data-no-translation-aria-label=\"\">Ler mais<\/a>\t<span id=\"woocommerce_loop_add_to_cart_link_describedby_7673\" class=\"screen-reader-text\">\n\t\t\t<\/span>\n<\/div><\/li>\n<li class=\"product type-product post-7679 status-publish first instock product_cat-1me product_cat-empresas-en-venta product_cat-espana-sur product_cat-industria-carnica has-post-thumbnail shipping-taxable product-type-simple\">\n\t<div class=\"nv-card-content-wrapper\"><a href=\"https:\/\/www.taeeuropa.eu\/pt\/produto\/jamon-iberico\/\" class=\"woocommerce-LoopProduct-link woocommerce-loop-product__link\"><div class=\"sp-product-image\"><div class=\"img-wrap\"><img loading=\"lazy\" decoding=\"async\" width=\"300\" height=\"300\" src=\"https:\/\/www.taeeuropa.eu\/wp-content\/uploads\/jamoon-300x300.jpg\" class=\"attachment-woocommerce_thumbnail size-woocommerce_thumbnail\" alt=\"Imagen de un grupo familiar en venta con m\u00e1s de 20 a\u00f1os en el sector del cerdo ib\u00e9rico, incluyendo explotaciones ganaderas y f\u00e1brica de embutidos.\" srcset=\"https:\/\/www.taeeuropa.eu\/wp-content\/uploads\/jamoon-300x300.jpg 300w, https:\/\/www.taeeuropa.eu\/wp-content\/uploads\/jamoon-150x150.jpg 150w, https:\/\/www.taeeuropa.eu\/wp-content\/uploads\/jamoon-100x100.jpg 100w\" sizes=\"(max-width: 300px) 100vw, 300px\" \/><\/div><\/div><h2 class=\"woocommerce-loop-product__title\">Presunto ib\u00e9rico<\/h2>\n<\/a><a href=\"https:\/\/www.taeeuropa.eu\/pt\/produto\/jamon-iberico\/\" aria-describedby=\"woocommerce_loop_add_to_cart_link_describedby_7679\" data-quantity=\"1\" class=\"button product_type_simple\" data-product_id=\"7679\" data-product_sku=\"\" aria-label=\"Leia mais sobre \u201cJam\u00f3n ib\u00e9rico\u201d\" rel=\"nofollow\" data-success_message=\"\" data-no-translation=\"\" data-trp-gettext=\"\" data-no-translation-aria-label=\"\">Ler mais<\/a>\t<span id=\"woocommerce_loop_add_to_cart_link_describedby_7679\" class=\"screen-reader-text\">\n\t\t\t<\/span>\n<\/div><\/li>\n<li class=\"product type-product post-7677 status-publish instock product_cat-empresas-en-venta product_cat-entre-5me-y-10me product_cat-espana-norte product_cat-logistica has-post-thumbnail shipping-taxable product-type-simple\">\n\t<div class=\"nv-card-content-wrapper\"><a href=\"https:\/\/www.taeeuropa.eu\/pt\/produto\/logistica-alimenticia\/\" class=\"woocommerce-LoopProduct-link woocommerce-loop-product__link\"><div class=\"sp-product-image\"><div class=\"img-wrap\"><img loading=\"lazy\" decoding=\"async\" width=\"300\" height=\"300\" src=\"https:\/\/www.taeeuropa.eu\/wp-content\/uploads\/logistica-300x300.jpg\" class=\"attachment-woocommerce_thumbnail size-woocommerce_thumbnail\" alt=\"Imagen de una empresa en venta especializada en log\u00edstica alimenticia con almacenaje en fr\u00edo positivo, negativo y ambiente.\" srcset=\"https:\/\/www.taeeuropa.eu\/wp-content\/uploads\/logistica-300x300.jpg 300w, https:\/\/www.taeeuropa.eu\/wp-content\/uploads\/logistica-150x150.jpg 150w, https:\/\/www.taeeuropa.eu\/wp-content\/uploads\/logistica-100x100.jpg 100w\" sizes=\"(max-width: 300px) 100vw, 300px\" \/><\/div><\/div><h2 class=\"woocommerce-loop-product__title\">Log\u00edstica alimentar<\/h2>\n<\/a><a href=\"https:\/\/www.taeeuropa.eu\/pt\/produto\/logistica-alimenticia\/\" aria-describedby=\"woocommerce_loop_add_to_cart_link_describedby_7677\" data-quantity=\"1\" class=\"button product_type_simple\" data-product_id=\"7677\" data-product_sku=\"\" aria-label=\"Leia mais sobre \u201cLog\u00edstica alimenticia\u201d\" rel=\"nofollow\" data-success_message=\"\" data-no-translation=\"\" data-trp-gettext=\"\" data-no-translation-aria-label=\"\">Ler mais<\/a>\t<span id=\"woocommerce_loop_add_to_cart_link_describedby_7677\" class=\"screen-reader-text\">\n\t\t\t<\/span>\n<\/div><\/li>\n<li class=\"product type-product post-7675 status-publish instock product_cat-20me product_cat-empresas-en-venta product_cat-espana product_cat-otros has-post-thumbnail shipping-taxable product-type-simple\">\n\t<div class=\"nv-card-content-wrapper\"><a href=\"https:\/\/www.taeeuropa.eu\/pt\/produto\/piensos-para-animales\/\" class=\"woocommerce-LoopProduct-link woocommerce-loop-product__link\"><div class=\"sp-product-image\"><div class=\"img-wrap\"><img loading=\"lazy\" decoding=\"async\" width=\"300\" height=\"300\" src=\"https:\/\/www.taeeuropa.eu\/wp-content\/uploads\/piensos-300x300.jpg\" class=\"attachment-woocommerce_thumbnail size-woocommerce_thumbnail\" alt=\"Imagen de una empresa en venta dedicada a la elaboraci\u00f3n de piensos compuestos para animales, producidos con materias primas de alta calidad.\" srcset=\"https:\/\/www.taeeuropa.eu\/wp-content\/uploads\/piensos-300x300.jpg 300w, https:\/\/www.taeeuropa.eu\/wp-content\/uploads\/piensos-150x150.jpg 150w, https:\/\/www.taeeuropa.eu\/wp-content\/uploads\/piensos-100x100.jpg 100w\" sizes=\"(max-width: 300px) 100vw, 300px\" \/><\/div><\/div><h2 class=\"woocommerce-loop-product__title\">Alimentos para animais<\/h2>\n<\/a><a href=\"https:\/\/www.taeeuropa.eu\/pt\/produto\/piensos-para-animales\/\" aria-describedby=\"woocommerce_loop_add_to_cart_link_describedby_7675\" data-quantity=\"1\" class=\"button product_type_simple\" data-product_id=\"7675\" data-product_sku=\"\" aria-label=\"Leia mais sobre \u201cPiensos para animales\u201d\" rel=\"nofollow\" data-success_message=\"\" data-no-translation=\"\" data-trp-gettext=\"\" data-no-translation-aria-label=\"\">Ler mais<\/a>\t<span id=\"woocommerce_loop_add_to_cart_link_describedby_7675\" class=\"screen-reader-text\">\n\t\t\t<\/span>\n<\/div><\/li>\n<li class=\"product type-product post-4758 status-publish last instock product_cat-1me product_cat-chocolates product_cat-empresas-en-venta product_cat-espana-sur has-post-thumbnail shipping-taxable product-type-simple\">\n\t<div class=\"nv-card-content-wrapper\"><a href=\"https:\/\/www.taeeuropa.eu\/pt\/produto\/cremas-de-chocolate-eco\/\" class=\"woocommerce-LoopProduct-link woocommerce-loop-product__link\"><div class=\"sp-product-image\"><div class=\"img-wrap\"><img loading=\"lazy\" decoding=\"async\" width=\"300\" height=\"300\" src=\"https:\/\/www.taeeuropa.eu\/wp-content\/uploads\/delicioso-dulche-leche-concepto-tazon_23-2148751742-300x300.jpg\" class=\"attachment-woocommerce_thumbnail size-woocommerce_thumbnail\" alt=\"Ilustraci\u00f3n de una planta de producci\u00f3n moderna en venta para cremas de chocolate, alimentos y cosm\u00e9tica ecol\u00f3gica, destacando procesos sostenibles.\" srcset=\"https:\/\/www.taeeuropa.eu\/wp-content\/uploads\/delicioso-dulche-leche-concepto-tazon_23-2148751742-300x300.jpg 300w, https:\/\/www.taeeuropa.eu\/wp-content\/uploads\/delicioso-dulche-leche-concepto-tazon_23-2148751742-150x150.jpg 150w, https:\/\/www.taeeuropa.eu\/wp-content\/uploads\/delicioso-dulche-leche-concepto-tazon_23-2148751742-100x100.jpg 100w\" sizes=\"(max-width: 300px) 100vw, 300px\" \/><\/div><\/div><h2 class=\"woocommerce-loop-product__title\">Cremes de chocolate ECO<\/h2>\n<\/a><a href=\"https:\/\/www.taeeuropa.eu\/pt\/produto\/cremas-de-chocolate-eco\/\" aria-describedby=\"woocommerce_loop_add_to_cart_link_describedby_4758\" data-quantity=\"1\" class=\"button product_type_simple\" data-product_id=\"4758\" data-product_sku=\"\" aria-label=\"Leia mais sobre \u201cCremas de chocolate ECO\u201d\" rel=\"nofollow\" data-success_message=\"\" data-no-translation=\"\" data-trp-gettext=\"\" data-no-translation-aria-label=\"\">Ler mais<\/a>\t<span id=\"woocommerce_loop_add_to_cart_link_describedby_4758\" class=\"screen-reader-text\">\n\t\t\t<\/span>\n<\/div><\/li>\n<li class=\"product type-product post-4853 status-publish first instock product_cat-cremas-salsas-y-sopas product_cat-empresas-en-venta product_cat-entre-5me-y-10me product_cat-espana product_cat-soluciones-refrigeradas has-post-thumbnail shipping-taxable product-type-simple\">\n\t<div class=\"nv-card-content-wrapper\"><a href=\"https:\/\/www.taeeuropa.eu\/pt\/produto\/cremas-y-verduras-refrigeradas\/\" class=\"woocommerce-LoopProduct-link woocommerce-loop-product__link\"><div class=\"sp-product-image\"><div class=\"img-wrap\"><img loading=\"lazy\" decoding=\"async\" width=\"300\" height=\"300\" src=\"https:\/\/www.taeeuropa.eu\/wp-content\/uploads\/pexels-kubra-dogu-11581257-300x300.jpg\" class=\"attachment-woocommerce_thumbnail size-woocommerce_thumbnail\" alt=\"Imagen de una empresa en venta con 15 a\u00f1os de experiencia en la elaboraci\u00f3n de cremas, salsas y verduras refrigeradas.\" srcset=\"https:\/\/www.taeeuropa.eu\/wp-content\/uploads\/pexels-kubra-dogu-11581257-300x300.jpg 300w, https:\/\/www.taeeuropa.eu\/wp-content\/uploads\/pexels-kubra-dogu-11581257-150x150.jpg 150w, https:\/\/www.taeeuropa.eu\/wp-content\/uploads\/pexels-kubra-dogu-11581257-100x100.jpg 100w\" sizes=\"(max-width: 300px) 100vw, 300px\" \/><\/div><\/div><h2 class=\"woocommerce-loop-product__title\">Cremes e legumes refrigerados<\/h2>\n<\/a><a href=\"https:\/\/www.taeeuropa.eu\/pt\/produto\/cremas-y-verduras-refrigeradas\/\" aria-describedby=\"woocommerce_loop_add_to_cart_link_describedby_4853\" data-quantity=\"1\" class=\"button product_type_simple\" data-product_id=\"4853\" data-product_sku=\"\" aria-label=\"Leia mais sobre \u201cCremas y verduras refrigeradas\u201d\" rel=\"nofollow\" data-success_message=\"\" data-no-translation=\"\" data-trp-gettext=\"\" data-no-translation-aria-label=\"\">Ler mais<\/a>\t<span id=\"woocommerce_loop_add_to_cart_link_describedby_4853\" class=\"screen-reader-text\">\n\t\t\t<\/span>\n<\/div><\/li>\n<li class=\"product type-product post-4841 status-publish instock product_cat-distribucion product_cat-empresas-en-venta product_cat-entre-3me-y-5me product_cat-espana product_cat-gourmet has-post-thumbnail shipping-taxable product-type-simple\">\n\t<div class=\"nv-card-content-wrapper\"><a href=\"https:\/\/www.taeeuropa.eu\/pt\/produto\/distribucion-de-gama-alta\/\" class=\"woocommerce-LoopProduct-link woocommerce-loop-product__link\"><div class=\"sp-product-image\"><div class=\"img-wrap\"><img loading=\"lazy\" decoding=\"async\" width=\"300\" height=\"300\" src=\"https:\/\/www.taeeuropa.eu\/wp-content\/uploads\/farhad-ibrahimzade-fRwex1QfIDw-unsplash-1-300x300.jpg\" class=\"attachment-woocommerce_thumbnail size-woocommerce_thumbnail\" alt=\"Imagen de una empresa en venta de distribuci\u00f3n de gama alta que ofrece quesos, productos l\u00e1cteos, del mar, embutidos y carnes a restaurantes y tiendas gourmet.\" srcset=\"https:\/\/www.taeeuropa.eu\/wp-content\/uploads\/farhad-ibrahimzade-fRwex1QfIDw-unsplash-1-300x300.jpg 300w, https:\/\/www.taeeuropa.eu\/wp-content\/uploads\/farhad-ibrahimzade-fRwex1QfIDw-unsplash-1-150x150.jpg 150w, https:\/\/www.taeeuropa.eu\/wp-content\/uploads\/farhad-ibrahimzade-fRwex1QfIDw-unsplash-1-100x100.jpg 100w\" sizes=\"(max-width: 300px) 100vw, 300px\" \/><\/div><\/div><h2 class=\"woocommerce-loop-product__title\">Distribui\u00e7\u00e3o topo de gama<\/h2>\n<\/a><a href=\"https:\/\/www.taeeuropa.eu\/pt\/produto\/distribucion-de-gama-alta\/\" aria-describedby=\"woocommerce_loop_add_to_cart_link_describedby_4841\" data-quantity=\"1\" class=\"button product_type_simple\" data-product_id=\"4841\" data-product_sku=\"\" aria-label=\"Leia mais sobre \u201cDistribuci\u00f3n de gama alta\u201d\" rel=\"nofollow\" data-success_message=\"\" data-no-translation=\"\" data-trp-gettext=\"\" data-no-translation-aria-label=\"\">Ler mais<\/a>\t<span id=\"woocommerce_loop_add_to_cart_link_describedby_4841\" class=\"screen-reader-text\">\n\t\t\t<\/span>\n<\/div><\/li>\n<li class=\"product type-product post-4743 status-publish instock product_cat-1me product_cat-embutidos-y-precocinados product_cat-empresas-en-venta product_cat-espana has-post-thumbnail shipping-taxable product-type-simple\">\n\t<div class=\"nv-card-content-wrapper\"><a href=\"https:\/\/www.taeeuropa.eu\/pt\/produto\/embutidos-y-precocinados\/\" class=\"woocommerce-LoopProduct-link woocommerce-loop-product__link\"><div class=\"sp-product-image\"><div class=\"img-wrap\"><img loading=\"lazy\" decoding=\"async\" width=\"300\" height=\"300\" src=\"https:\/\/www.taeeuropa.eu\/wp-content\/uploads\/croquetas-comida-deliciosa-placa-300x300.jpg\" class=\"attachment-woocommerce_thumbnail size-woocommerce_thumbnail\" alt=\"Imagen de empresa en venta de embutidos y productos precocinados como croquetas, canelones y pizzas artesanas, elaborados por una empresa con trayectoria.\" srcset=\"https:\/\/www.taeeuropa.eu\/wp-content\/uploads\/croquetas-comida-deliciosa-placa-300x300.jpg 300w, https:\/\/www.taeeuropa.eu\/wp-content\/uploads\/croquetas-comida-deliciosa-placa-150x150.jpg 150w, https:\/\/www.taeeuropa.eu\/wp-content\/uploads\/croquetas-comida-deliciosa-placa-100x100.jpg 100w\" sizes=\"(max-width: 300px) 100vw, 300px\" \/><\/div><\/div><h2 class=\"woocommerce-loop-product__title\">Enchidos e carnes pr\u00e9-cozinhadas<\/h2>\n<\/a><a href=\"https:\/\/www.taeeuropa.eu\/pt\/produto\/embutidos-y-precocinados\/\" aria-describedby=\"woocommerce_loop_add_to_cart_link_describedby_4743\" data-quantity=\"1\" class=\"button product_type_simple\" data-product_id=\"4743\" data-product_sku=\"\" aria-label=\"Leia mais sobre \u201cEmbutidos y precocinados\u201d\" rel=\"nofollow\" data-success_message=\"\" data-no-translation=\"\" data-trp-gettext=\"\" data-no-translation-aria-label=\"\">Ler mais<\/a>\t<span id=\"woocommerce_loop_add_to_cart_link_describedby_4743\" class=\"screen-reader-text\">\n\t\t\t<\/span>\n<\/div><\/li>\n<li class=\"product type-product post-4728 status-publish last instock product_cat-empresas-en-venta product_cat-entre-1-y-3-millones-de-euros product_cat-espana product_cat-pizza-pan-y-bolleria has-post-thumbnail shipping-taxable product-type-simple\">\n\t<div class=\"nv-card-content-wrapper\"><a href=\"https:\/\/www.taeeuropa.eu\/pt\/produto\/fabricante-de-bolleria\/\" class=\"woocommerce-LoopProduct-link woocommerce-loop-product__link\"><div class=\"sp-product-image\"><div class=\"img-wrap\"><img loading=\"lazy\" decoding=\"async\" width=\"300\" height=\"300\" src=\"https:\/\/www.taeeuropa.eu\/wp-content\/uploads\/arreglo-plano-deliciosos-muffins-300x300.jpg\" class=\"attachment-woocommerce_thumbnail size-woocommerce_thumbnail\" alt=\"Imagen de una empresa en venta de productos de boller\u00eda, elaborados por una empresa con larga trayectoria y marca propia, mostrando su variedad y frescura.\" srcset=\"https:\/\/www.taeeuropa.eu\/wp-content\/uploads\/arreglo-plano-deliciosos-muffins-300x300.jpg 300w, https:\/\/www.taeeuropa.eu\/wp-content\/uploads\/arreglo-plano-deliciosos-muffins-150x150.jpg 150w, https:\/\/www.taeeuropa.eu\/wp-content\/uploads\/arreglo-plano-deliciosos-muffins-100x100.jpg 100w\" sizes=\"(max-width: 300px) 100vw, 300px\" \/><\/div><\/div><h2 class=\"woocommerce-loop-product__title\">Fabricante de pastelaria<\/h2>\n<\/a><a href=\"https:\/\/www.taeeuropa.eu\/pt\/produto\/fabricante-de-bolleria\/\" aria-describedby=\"woocommerce_loop_add_to_cart_link_describedby_4728\" data-quantity=\"1\" class=\"button product_type_simple\" data-product_id=\"4728\" data-product_sku=\"\" aria-label=\"Leia mais sobre \u201cFabricante de boller\u00eda\u201d\" rel=\"nofollow\" data-success_message=\"\" data-no-translation=\"\" data-trp-gettext=\"\" data-no-translation-aria-label=\"\">Ler mais<\/a>\t<span id=\"woocommerce_loop_add_to_cart_link_describedby_4728\" class=\"screen-reader-text\">\n\t\t\t<\/span>\n<\/div><\/li>\n<li class=\"product type-product post-4750 status-publish first instock product_cat-empresas-en-venta product_cat-entre-5-y-10-millones-de-euros product_cat-espana product_cat-especias-y-condimentos has-post-thumbnail shipping-taxable product-type-simple\">\n\t<div class=\"nv-card-content-wrapper\"><a href=\"https:\/\/www.taeeuropa.eu\/pt\/produto\/fabricante-de-pimenton\/\" class=\"woocommerce-LoopProduct-link woocommerce-loop-product__link\"><div class=\"sp-product-image\"><div class=\"img-wrap\"><img loading=\"lazy\" decoding=\"async\" width=\"300\" height=\"300\" src=\"https:\/\/www.taeeuropa.eu\/wp-content\/uploads\/dale-sabor-tu-curry-condimentos-aromaticos-generados-ia-1-300x300.jpg\" class=\"attachment-woocommerce_thumbnail size-woocommerce_thumbnail\" alt=\"Imagen de empresa en venta de piment\u00f3n en diferentes presentaciones, elaborado y comercializado por una empresa familiar con m\u00e1s de 20 a\u00f1os de experiencia.\" srcset=\"https:\/\/www.taeeuropa.eu\/wp-content\/uploads\/dale-sabor-tu-curry-condimentos-aromaticos-generados-ia-1-300x300.jpg 300w, https:\/\/www.taeeuropa.eu\/wp-content\/uploads\/dale-sabor-tu-curry-condimentos-aromaticos-generados-ia-1-150x150.jpg 150w, https:\/\/www.taeeuropa.eu\/wp-content\/uploads\/dale-sabor-tu-curry-condimentos-aromaticos-generados-ia-1-100x100.jpg 100w\" sizes=\"(max-width: 300px) 100vw, 300px\" \/><\/div><\/div><h2 class=\"woocommerce-loop-product__title\">Paprika Fabricante<\/h2>\n<\/a><a href=\"https:\/\/www.taeeuropa.eu\/pt\/produto\/fabricante-de-pimenton\/\" aria-describedby=\"woocommerce_loop_add_to_cart_link_describedby_4750\" data-quantity=\"1\" class=\"button product_type_simple\" data-product_id=\"4750\" data-product_sku=\"\" aria-label=\"Leia mais sobre \u201cFabricante de Piment\u00f3n\u201d\" rel=\"nofollow\" data-success_message=\"\" data-no-translation=\"\" data-trp-gettext=\"\" data-no-translation-aria-label=\"\">Ler mais<\/a>\t<span id=\"woocommerce_loop_add_to_cart_link_describedby_4750\" class=\"screen-reader-text\">\n\t\t\t<\/span>\n<\/div><\/li>\n<li class=\"product type-product post-4754 status-publish instock product_cat-empresas-en-venta product_cat-entre-10me-y-20me product_cat-espana-sur product_cat-hortofruticola has-post-thumbnail shipping-taxable product-type-simple\">\n\t<div class=\"nv-card-content-wrapper\"><a href=\"https:\/\/www.taeeuropa.eu\/pt\/produto\/fruta-de-hueso-y-citricos\/\" class=\"woocommerce-LoopProduct-link woocommerce-loop-product__link\"><div class=\"sp-product-image\"><div class=\"img-wrap\"><img loading=\"lazy\" decoding=\"async\" width=\"300\" height=\"300\" src=\"https:\/\/www.taeeuropa.eu\/wp-content\/uploads\/luann-hunt-O3TlS547j7k-unsplash-300x300.jpg\" class=\"attachment-woocommerce_thumbnail size-woocommerce_thumbnail\" alt=\"Imagen de empresa en venta de productos agr\u00edcolas frescos como fruta de hueso, c\u00edtricos y uva, cultivados y comercializados por una empresa especializada.\" srcset=\"https:\/\/www.taeeuropa.eu\/wp-content\/uploads\/luann-hunt-O3TlS547j7k-unsplash-300x300.jpg 300w, https:\/\/www.taeeuropa.eu\/wp-content\/uploads\/luann-hunt-O3TlS547j7k-unsplash-150x150.jpg 150w, https:\/\/www.taeeuropa.eu\/wp-content\/uploads\/luann-hunt-O3TlS547j7k-unsplash-100x100.jpg 100w\" sizes=\"(max-width: 300px) 100vw, 300px\" \/><\/div><\/div><h2 class=\"woocommerce-loop-product__title\">Frutos de caro\u00e7o e citrinos<\/h2>\n<\/a><a href=\"https:\/\/www.taeeuropa.eu\/pt\/produto\/fruta-de-hueso-y-citricos\/\" aria-describedby=\"woocommerce_loop_add_to_cart_link_describedby_4754\" data-quantity=\"1\" class=\"button product_type_simple\" data-product_id=\"4754\" data-product_sku=\"\" aria-label=\"Leia mais sobre \u201cFruta de hueso y c\u00edtricos\u201d\" rel=\"nofollow\" data-success_message=\"\" data-no-translation=\"\" data-trp-gettext=\"\" data-no-translation-aria-label=\"\">Ler mais<\/a>\t<span id=\"woocommerce_loop_add_to_cart_link_describedby_4754\" class=\"screen-reader-text\">\n\t\t\t<\/span>\n<\/div><\/li>\n<li class=\"product type-product post-4768 status-publish instock product_cat-congelados product_cat-empresas-en-venta product_cat-entre-5me-y-10me product_cat-espana-sur has-post-thumbnail shipping-taxable product-type-simple\">\n\t<div class=\"nv-card-content-wrapper\"><a href=\"https:\/\/www.taeeuropa.eu\/pt\/produto\/frutas-y-verduras-congeladas\/\" class=\"woocommerce-LoopProduct-link woocommerce-loop-product__link\"><div class=\"sp-product-image\"><div class=\"img-wrap\"><img loading=\"lazy\" decoding=\"async\" width=\"300\" height=\"300\" src=\"https:\/\/www.taeeuropa.eu\/wp-content\/uploads\/istockphoto-465096873-612x612-1-300x300.jpg\" class=\"attachment-woocommerce_thumbnail size-woocommerce_thumbnail\" alt=\"Imagen de una empresa en venta con 40 a\u00f1os en la congelaci\u00f3n y comercializaci\u00f3n de frutas y verduras.\" srcset=\"https:\/\/www.taeeuropa.eu\/wp-content\/uploads\/istockphoto-465096873-612x612-1-300x300.jpg 300w, https:\/\/www.taeeuropa.eu\/wp-content\/uploads\/istockphoto-465096873-612x612-1-150x150.jpg 150w, https:\/\/www.taeeuropa.eu\/wp-content\/uploads\/istockphoto-465096873-612x612-1-100x100.jpg 100w\" sizes=\"(max-width: 300px) 100vw, 300px\" \/><\/div><\/div><h2 class=\"woocommerce-loop-product__title\">Frutas e legumes congelados<\/h2>\n<\/a><a href=\"https:\/\/www.taeeuropa.eu\/pt\/produto\/frutas-y-verduras-congeladas\/\" aria-describedby=\"woocommerce_loop_add_to_cart_link_describedby_4768\" data-quantity=\"1\" class=\"button product_type_simple\" data-product_id=\"4768\" data-product_sku=\"\" aria-label=\"Leia mais sobre \u201cFrutas y verduras congeladas\u201d\" rel=\"nofollow\" data-success_message=\"\" data-no-translation=\"\" data-trp-gettext=\"\" data-no-translation-aria-label=\"\">Ler mais<\/a>\t<span id=\"woocommerce_loop_add_to_cart_link_describedby_4768\" class=\"screen-reader-text\">\n\t\t\t<\/span>\n<\/div><\/li>\n<li class=\"product type-product post-4872 status-publish last instock product_cat-empresas-en-venta product_cat-entre-1me-y-3me product_cat-espana product_cat-frutos-secos-y-snacks has-post-thumbnail shipping-taxable product-type-simple\">\n\t<div class=\"nv-card-content-wrapper\"><a href=\"https:\/\/www.taeeuropa.eu\/pt\/produto\/frutos-secos\/\" class=\"woocommerce-LoopProduct-link woocommerce-loop-product__link\"><div class=\"sp-product-image\"><div class=\"img-wrap\"><img loading=\"lazy\" decoding=\"async\" width=\"300\" height=\"300\" src=\"https:\/\/www.taeeuropa.eu\/wp-content\/uploads\/vista-alergenos-que-encuentran-comunmente-nueces-300x300.jpg\" class=\"attachment-woocommerce_thumbnail size-woocommerce_thumbnail\" alt=\"Imagen de una empresa en venta con 40 a\u00f1os de experiencia en la elaboraci\u00f3n y distribuci\u00f3n de frutos secos, aceitunas, encurtidos y frutas desecadas.\" srcset=\"https:\/\/www.taeeuropa.eu\/wp-content\/uploads\/vista-alergenos-que-encuentran-comunmente-nueces-300x300.jpg 300w, https:\/\/www.taeeuropa.eu\/wp-content\/uploads\/vista-alergenos-que-encuentran-comunmente-nueces-150x150.jpg 150w, https:\/\/www.taeeuropa.eu\/wp-content\/uploads\/vista-alergenos-que-encuentran-comunmente-nueces-100x100.jpg 100w\" sizes=\"(max-width: 300px) 100vw, 300px\" \/><\/div><\/div><h2 class=\"woocommerce-loop-product__title\">Frutos Secos<\/h2>\n<\/a><a href=\"https:\/\/www.taeeuropa.eu\/pt\/produto\/frutos-secos\/\" aria-describedby=\"woocommerce_loop_add_to_cart_link_describedby_4872\" data-quantity=\"1\" class=\"button product_type_simple\" data-product_id=\"4872\" data-product_sku=\"\" aria-label=\"Leia mais sobre \u201cFrutos Secos\u201d\" rel=\"nofollow\" data-success_message=\"\" data-no-translation=\"\" data-trp-gettext=\"\" data-no-translation-aria-label=\"\">Ler mais<\/a>\t<span id=\"woocommerce_loop_add_to_cart_link_describedby_4872\" class=\"screen-reader-text\">\n\t\t\t<\/span>\n<\/div><\/li>\n<li class=\"product type-product post-4861 status-publish first instock product_cat-empresas-en-venta product_cat-entre-1me-y-3me product_cat-galletas product_cat-pizza-pan-y-bolleria has-post-thumbnail shipping-taxable product-type-simple\">\n\t<div class=\"nv-card-content-wrapper\"><a href=\"https:\/\/www.taeeuropa.eu\/pt\/produto\/galletas\/\" class=\"woocommerce-LoopProduct-link woocommerce-loop-product__link\"><div class=\"sp-product-image\"><div class=\"img-wrap\"><img loading=\"lazy\" decoding=\"async\" width=\"300\" height=\"300\" src=\"https:\/\/www.taeeuropa.eu\/wp-content\/uploads\/julissa-capdevilla-tDoHiqXl9b8-unsplash-300x300.jpg\" class=\"attachment-woocommerce_thumbnail size-woocommerce_thumbnail\" alt=\"Imagen de una empresa en venta con 40 a\u00f1os en la elaboraci\u00f3n de dulces, galletas y boller\u00eda artesanal, incluyendo opciones integrales, sin az\u00facar y ecol\u00f3gicas.\" srcset=\"https:\/\/www.taeeuropa.eu\/wp-content\/uploads\/julissa-capdevilla-tDoHiqXl9b8-unsplash-300x300.jpg 300w, https:\/\/www.taeeuropa.eu\/wp-content\/uploads\/julissa-capdevilla-tDoHiqXl9b8-unsplash-150x150.jpg 150w, https:\/\/www.taeeuropa.eu\/wp-content\/uploads\/julissa-capdevilla-tDoHiqXl9b8-unsplash-100x100.jpg 100w\" sizes=\"(max-width: 300px) 100vw, 300px\" \/><\/div><\/div><h2 class=\"woocommerce-loop-product__title\">Biscoitos<\/h2>\n<\/a><a href=\"https:\/\/www.taeeuropa.eu\/pt\/produto\/galletas\/\" aria-describedby=\"woocommerce_loop_add_to_cart_link_describedby_4861\" data-quantity=\"1\" class=\"button product_type_simple\" data-product_id=\"4861\" data-product_sku=\"\" aria-label=\"Leia mais sobre \u201cGalletas\u201d\" rel=\"nofollow\" data-success_message=\"\" data-no-translation=\"\" data-trp-gettext=\"\" data-no-translation-aria-label=\"\">Ler mais<\/a>\t<span id=\"woocommerce_loop_add_to_cart_link_describedby_4861\" class=\"screen-reader-text\">\n\t\t\t<\/span>\n<\/div><\/li>\n<li class=\"product type-product post-4748 status-publish instock product_cat-empresas-en-venta product_cat-entre-5-y-10-millones-de-euros product_cat-espana product_cat-ingredientes has-post-thumbnail shipping-taxable product-type-simple\">\n\t<div class=\"nv-card-content-wrapper\"><a href=\"https:\/\/www.taeeuropa.eu\/pt\/produto\/ingredientes-y-aditivos\/\" class=\"woocommerce-LoopProduct-link woocommerce-loop-product__link\"><div class=\"sp-product-image\"><div class=\"img-wrap\"><img loading=\"lazy\" decoding=\"async\" width=\"300\" height=\"300\" src=\"https:\/\/www.taeeuropa.eu\/wp-content\/uploads\/cerca-cuchara-madera-mezcla-arcilla-polvo-1-300x300.jpg\" class=\"attachment-woocommerce_thumbnail size-woocommerce_thumbnail\" alt=\"Imagen de empresa en venta de ingredientes y aditivos fabricados y comercializados por una empresa familiar especializada en soluciones B2B para diversas industrias.\" srcset=\"https:\/\/www.taeeuropa.eu\/wp-content\/uploads\/cerca-cuchara-madera-mezcla-arcilla-polvo-1-300x300.jpg 300w, https:\/\/www.taeeuropa.eu\/wp-content\/uploads\/cerca-cuchara-madera-mezcla-arcilla-polvo-1-150x150.jpg 150w, https:\/\/www.taeeuropa.eu\/wp-content\/uploads\/cerca-cuchara-madera-mezcla-arcilla-polvo-1-100x100.jpg 100w\" sizes=\"(max-width: 300px) 100vw, 300px\" \/><\/div><\/div><h2 class=\"woocommerce-loop-product__title\">Ingredientes e aditivos<\/h2>\n<\/a><a href=\"https:\/\/www.taeeuropa.eu\/pt\/produto\/ingredientes-y-aditivos\/\" aria-describedby=\"woocommerce_loop_add_to_cart_link_describedby_4748\" data-quantity=\"1\" class=\"button product_type_simple\" data-product_id=\"4748\" data-product_sku=\"\" aria-label=\"Leia mais sobre \u201cIngredientes y aditivos\u201d\" rel=\"nofollow\" data-success_message=\"\" data-no-translation=\"\" data-trp-gettext=\"\" data-no-translation-aria-label=\"\">Ler mais<\/a>\t<span id=\"woocommerce_loop_add_to_cart_link_describedby_4748\" class=\"screen-reader-text\">\n\t\t\t<\/span>\n<\/div><\/li>\n<li class=\"product type-product post-3996 status-publish instock product_cat-aguas-y-manantiales product_cat-empresas-en-venta product_cat-espana has-post-thumbnail virtual product-type-simple\">\n\t<div class=\"nv-card-content-wrapper\"><a href=\"https:\/\/www.taeeuropa.eu\/pt\/produto\/manantial-de-agua\/\" class=\"woocommerce-LoopProduct-link woocommerce-loop-product__link\"><div class=\"sp-product-image\"><div class=\"img-wrap\"><img loading=\"lazy\" decoding=\"async\" width=\"300\" height=\"300\" src=\"https:\/\/www.taeeuropa.eu\/wp-content\/uploads\/manos-mujer-chapoteo-agua-300x300.jpg\" class=\"attachment-woocommerce_thumbnail size-woocommerce_thumbnail\" alt=\"Archivo con informaci\u00f3n sobre un manantial de agua mineral natural en venta, apta para la preparaci\u00f3n de alimentos infantiles.\" srcset=\"https:\/\/www.taeeuropa.eu\/wp-content\/uploads\/manos-mujer-chapoteo-agua-300x300.jpg 300w, https:\/\/www.taeeuropa.eu\/wp-content\/uploads\/manos-mujer-chapoteo-agua-100x100.jpg 100w, https:\/\/www.taeeuropa.eu\/wp-content\/uploads\/manos-mujer-chapoteo-agua-150x150.jpg 150w\" sizes=\"(max-width: 300px) 100vw, 300px\" \/><\/div><\/div><h2 class=\"woocommerce-loop-product__title\">Fonte de \u00e1gua<\/h2>\n<\/a><a href=\"https:\/\/www.taeeuropa.eu\/pt\/produto\/manantial-de-agua\/\" aria-describedby=\"woocommerce_loop_add_to_cart_link_describedby_3996\" data-quantity=\"1\" class=\"button product_type_simple\" data-product_id=\"3996\" data-product_sku=\"\" aria-label=\"Leia mais sobre \u201cManantial de agua\u201d\" rel=\"nofollow\" data-success_message=\"\" data-no-translation=\"\" data-trp-gettext=\"\" data-no-translation-aria-label=\"\">Ler mais<\/a>\t<span id=\"woocommerce_loop_add_to_cart_link_describedby_3996\" class=\"screen-reader-text\">\n\t\t\t<\/span>\n<\/div><\/li>\n<li class=\"product type-product post-3991 status-publish last instock product_cat-1me product_cat-dulces-de-navidad product_cat-empresas-en-venta product_cat-menos-de-un-millon-de-euros has-post-thumbnail shipping-taxable product-type-simple\">\n\t<div class=\"nv-card-content-wrapper\"><a href=\"https:\/\/www.taeeuropa.eu\/pt\/produto\/mantecados\/\" class=\"woocommerce-LoopProduct-link woocommerce-loop-product__link\"><div class=\"sp-product-image\"><div class=\"img-wrap\"><img loading=\"lazy\" decoding=\"async\" width=\"300\" height=\"300\" src=\"https:\/\/www.taeeuropa.eu\/wp-content\/uploads\/vista-superior-dulces-judios-mesa-300x300.jpg\" class=\"attachment-woocommerce_thumbnail size-woocommerce_thumbnail\" alt=\"Archivo con informaci\u00f3n sobre una empresa familiar en venta dedicada a la elaboraci\u00f3n y comercializaci\u00f3n de polvorones y mantecados.\" srcset=\"https:\/\/www.taeeuropa.eu\/wp-content\/uploads\/vista-superior-dulces-judios-mesa-300x300.jpg 300w, https:\/\/www.taeeuropa.eu\/wp-content\/uploads\/vista-superior-dulces-judios-mesa-100x100.jpg 100w, https:\/\/www.taeeuropa.eu\/wp-content\/uploads\/vista-superior-dulces-judios-mesa-150x150.jpg 150w\" sizes=\"(max-width: 300px) 100vw, 300px\" \/><\/div><\/div><h2 class=\"woocommerce-loop-product__title\">Mantecados<\/h2>\n<\/a><a href=\"https:\/\/www.taeeuropa.eu\/pt\/produto\/mantecados\/\" aria-describedby=\"woocommerce_loop_add_to_cart_link_describedby_3991\" data-quantity=\"1\" class=\"button product_type_simple\" data-product_id=\"3991\" data-product_sku=\"\" aria-label=\"Leia mais sobre \u201cMantecados\u201d\" rel=\"nofollow\" data-success_message=\"\" data-no-translation=\"\" data-trp-gettext=\"\" data-no-translation-aria-label=\"\">Ler mais<\/a>\t<span id=\"woocommerce_loop_add_to_cart_link_describedby_3991\" class=\"screen-reader-text\">\n\t\t\t<\/span>\n<\/div><\/li>\n<li class=\"product type-product post-4745 status-publish first instock product_cat-1me product_cat-empresas-en-venta product_cat-ingredientes product_cat-pizza-pan-y-bolleria product_cat-portugal has-post-thumbnail shipping-taxable product-type-simple\">\n\t<div class=\"nv-card-content-wrapper\"><a href=\"https:\/\/www.taeeuropa.eu\/pt\/produto\/pan-rallado\/\" class=\"woocommerce-LoopProduct-link woocommerce-loop-product__link\"><div class=\"sp-product-image\"><div class=\"img-wrap\"><img loading=\"lazy\" decoding=\"async\" width=\"300\" height=\"300\" src=\"https:\/\/www.taeeuropa.eu\/wp-content\/uploads\/96abcb08-33a1-4e2b-829a-504df99c6a07_16-9-discover-aspect-ratio_default_0-1-300x300.jpg\" class=\"attachment-woocommerce_thumbnail size-woocommerce_thumbnail\" alt=\"Imagen de empresa en venta de pan rallado en diferentes presentaciones, producido y comercializado por una empresa portuguesa especializada en este producto.\" srcset=\"https:\/\/www.taeeuropa.eu\/wp-content\/uploads\/96abcb08-33a1-4e2b-829a-504df99c6a07_16-9-discover-aspect-ratio_default_0-1-300x300.jpg 300w, https:\/\/www.taeeuropa.eu\/wp-content\/uploads\/96abcb08-33a1-4e2b-829a-504df99c6a07_16-9-discover-aspect-ratio_default_0-1-150x150.jpg 150w, https:\/\/www.taeeuropa.eu\/wp-content\/uploads\/96abcb08-33a1-4e2b-829a-504df99c6a07_16-9-discover-aspect-ratio_default_0-1-100x100.jpg 100w\" sizes=\"(max-width: 300px) 100vw, 300px\" \/><\/div><\/div><h2 class=\"woocommerce-loop-product__title\">P\u00e3o ralado<\/h2>\n<\/a><a href=\"https:\/\/www.taeeuropa.eu\/pt\/produto\/pan-rallado\/\" aria-describedby=\"woocommerce_loop_add_to_cart_link_describedby_4745\" data-quantity=\"1\" class=\"button product_type_simple\" data-product_id=\"4745\" data-product_sku=\"\" aria-label=\"Leia mais sobre \u201cPan rallado\u201d\" rel=\"nofollow\" data-success_message=\"\" data-no-translation=\"\" data-trp-gettext=\"\" data-no-translation-aria-label=\"\">Ler mais<\/a>\t<span id=\"woocommerce_loop_add_to_cart_link_describedby_4745\" class=\"screen-reader-text\">\n\t\t\t<\/span>\n<\/div><\/li>\n<li class=\"product type-product post-4859 status-publish instock product_cat-20me product_cat-empresas-en-venta product_cat-espana product_cat-pizza-pan-y-bolleria has-post-thumbnail shipping-taxable product-type-simple\">\n\t<div class=\"nv-card-content-wrapper\"><a href=\"https:\/\/www.taeeuropa.eu\/pt\/produto\/pan-y-bolleria-industrial\/\" class=\"woocommerce-LoopProduct-link woocommerce-loop-product__link\"><div class=\"sp-product-image\"><div class=\"img-wrap\"><img loading=\"lazy\" decoding=\"async\" width=\"300\" height=\"300\" src=\"https:\/\/www.taeeuropa.eu\/wp-content\/uploads\/pexels-ready-made-3850997-300x300.jpg\" class=\"attachment-woocommerce_thumbnail size-woocommerce_thumbnail\" alt=\"Imagen de una empresa en venta dedicada a la fabricaci\u00f3n y distribuci\u00f3n de pan y boller\u00eda industrial.\" srcset=\"https:\/\/www.taeeuropa.eu\/wp-content\/uploads\/pexels-ready-made-3850997-300x300.jpg 300w, https:\/\/www.taeeuropa.eu\/wp-content\/uploads\/pexels-ready-made-3850997-150x150.jpg 150w, https:\/\/www.taeeuropa.eu\/wp-content\/uploads\/pexels-ready-made-3850997-100x100.jpg 100w\" sizes=\"(max-width: 300px) 100vw, 300px\" \/><\/div><\/div><h2 class=\"woocommerce-loop-product__title\">P\u00e3o e pastelaria industrial<\/h2>\n<\/a><a href=\"https:\/\/www.taeeuropa.eu\/pt\/produto\/pan-y-bolleria-industrial\/\" aria-describedby=\"woocommerce_loop_add_to_cart_link_describedby_4859\" data-quantity=\"1\" class=\"button product_type_simple\" data-product_id=\"4859\" data-product_sku=\"\" aria-label=\"Leia mais sobre \u201cPan y boller\u00eda industrial\u201d\" rel=\"nofollow\" data-success_message=\"\" data-no-translation=\"\" data-trp-gettext=\"\" data-no-translation-aria-label=\"\">Ler mais<\/a>\t<span id=\"woocommerce_loop_add_to_cart_link_describedby_4859\" class=\"screen-reader-text\">\n\t\t\t<\/span>\n<\/div><\/li>\n<li class=\"product type-product post-4737 status-publish instock product_cat-alimentacion-ecologica product_cat-empresas-en-venta product_cat-entre-1-y-3-millones-de-euros product_cat-espana has-post-thumbnail shipping-taxable product-type-simple\">\n\t<div class=\"nv-card-content-wrapper\"><a href=\"https:\/\/www.taeeuropa.eu\/pt\/produto\/productos-de-alimentacion-ecologica\/\" class=\"woocommerce-LoopProduct-link woocommerce-loop-product__link\"><div class=\"sp-product-image\"><div class=\"img-wrap\"><img loading=\"lazy\" decoding=\"async\" width=\"300\" height=\"300\" src=\"https:\/\/www.taeeuropa.eu\/wp-content\/uploads\/tazones-varias-semillas-cucharas-300x300.jpg\" class=\"attachment-woocommerce_thumbnail size-woocommerce_thumbnail\" alt=\"Imagen de empresa en venta productos de alimentaci\u00f3n ecol\u00f3gica, incluyendo harinas, galletas, panader\u00eda, vegetales deshidratados y semillas envasadas.\" srcset=\"https:\/\/www.taeeuropa.eu\/wp-content\/uploads\/tazones-varias-semillas-cucharas-300x300.jpg 300w, https:\/\/www.taeeuropa.eu\/wp-content\/uploads\/tazones-varias-semillas-cucharas-150x150.jpg 150w, https:\/\/www.taeeuropa.eu\/wp-content\/uploads\/tazones-varias-semillas-cucharas-100x100.jpg 100w\" sizes=\"(max-width: 300px) 100vw, 300px\" \/><\/div><\/div><h2 class=\"woocommerce-loop-product__title\">Produtos alimentares biol\u00f3gicos<\/h2>\n<\/a><a href=\"https:\/\/www.taeeuropa.eu\/pt\/produto\/productos-de-alimentacion-ecologica\/\" aria-describedby=\"woocommerce_loop_add_to_cart_link_describedby_4737\" data-quantity=\"1\" class=\"button product_type_simple\" data-product_id=\"4737\" data-product_sku=\"\" aria-label=\"Leia mais sobre \u201cProductos de alimentaci\u00f3n ecol\u00f3gica\u201d\" rel=\"nofollow\" data-success_message=\"\" data-no-translation=\"\" data-trp-gettext=\"\" data-no-translation-aria-label=\"\">Ler mais<\/a>\t<span id=\"woocommerce_loop_add_to_cart_link_describedby_4737\" class=\"screen-reader-text\">\n\t\t\t<\/span>\n<\/div><\/li>\n<li class=\"product type-product post-4774 status-publish last instock product_cat-empresas-en-venta product_cat-entre-5me-y-10me product_cat-espana product_cat-soluciones-refrigeradas has-post-thumbnail shipping-taxable product-type-simple\">\n\t<div class=\"nv-card-content-wrapper\"><a href=\"https:\/\/www.taeeuropa.eu\/pt\/produto\/productos-vegetales-refrigerados\/\" class=\"woocommerce-LoopProduct-link woocommerce-loop-product__link\"><div class=\"sp-product-image\"><div class=\"img-wrap\"><img loading=\"lazy\" decoding=\"async\" width=\"300\" height=\"300\" src=\"https:\/\/www.taeeuropa.eu\/wp-content\/uploads\/vista-frontal-composicion-verduras-frescas-verduras-ensalada-blanca-comida-vida-sana-color-foto-verduras-maduras_140725-144091-300x300.jpg\" class=\"attachment-woocommerce_thumbnail size-woocommerce_thumbnail\" alt=\"Imagen de una empresa en venta dedicada a la producci\u00f3n y comercializaci\u00f3n de productos vegetales refrigerados.\" srcset=\"https:\/\/www.taeeuropa.eu\/wp-content\/uploads\/vista-frontal-composicion-verduras-frescas-verduras-ensalada-blanca-comida-vida-sana-color-foto-verduras-maduras_140725-144091-300x300.jpg 300w, https:\/\/www.taeeuropa.eu\/wp-content\/uploads\/vista-frontal-composicion-verduras-frescas-verduras-ensalada-blanca-comida-vida-sana-color-foto-verduras-maduras_140725-144091-150x150.jpg 150w, https:\/\/www.taeeuropa.eu\/wp-content\/uploads\/vista-frontal-composicion-verduras-frescas-verduras-ensalada-blanca-comida-vida-sana-color-foto-verduras-maduras_140725-144091-100x100.jpg 100w\" sizes=\"(max-width: 300px) 100vw, 300px\" \/><\/div><\/div><h2 class=\"woocommerce-loop-product__title\">Produtos hort\u00edcolas refrigerados<\/h2>\n<\/a><a href=\"https:\/\/www.taeeuropa.eu\/pt\/produto\/productos-vegetales-refrigerados\/\" aria-describedby=\"woocommerce_loop_add_to_cart_link_describedby_4774\" data-quantity=\"1\" class=\"button product_type_simple\" data-product_id=\"4774\" data-product_sku=\"\" aria-label=\"Leia mais sobre \u201cProductos vegetales refrigerados\u201d\" rel=\"nofollow\" data-success_message=\"\" data-no-translation=\"\" data-trp-gettext=\"\" data-no-translation-aria-label=\"\">Ler mais<\/a>\t<span id=\"woocommerce_loop_add_to_cart_link_describedby_4774\" class=\"screen-reader-text\">\n\t\t\t<\/span>\n<\/div><\/li>\n<li class=\"product type-product post-4876 status-publish first instock product_cat-alimentacion-ecologica product_cat-empresas-en-venta product_cat-entre-1me-y-3me product_cat-espana product_cat-lacteos has-post-thumbnail shipping-taxable product-type-simple\">\n\t<div class=\"nv-card-content-wrapper\"><a href=\"https:\/\/www.taeeuropa.eu\/pt\/produto\/queso-de-cabra-ecologico\/\" class=\"woocommerce-LoopProduct-link woocommerce-loop-product__link\"><div class=\"sp-product-image\"><div class=\"img-wrap\"><img loading=\"lazy\" decoding=\"async\" width=\"300\" height=\"300\" src=\"https:\/\/www.taeeuropa.eu\/wp-content\/uploads\/trozos-camembert-frances-servidos-sobre-superficie-pizarra-300x300.jpg\" class=\"attachment-woocommerce_thumbnail size-woocommerce_thumbnail\" alt=\"Imagen de una empresa en venta dedicada a la elaboraci\u00f3n y venta de queso de cabra ecol\u00f3gico con m\u00e1s de 15 a\u00f1os de experiencia.\" srcset=\"https:\/\/www.taeeuropa.eu\/wp-content\/uploads\/trozos-camembert-frances-servidos-sobre-superficie-pizarra-300x300.jpg 300w, https:\/\/www.taeeuropa.eu\/wp-content\/uploads\/trozos-camembert-frances-servidos-sobre-superficie-pizarra-150x150.jpg 150w, https:\/\/www.taeeuropa.eu\/wp-content\/uploads\/trozos-camembert-frances-servidos-sobre-superficie-pizarra-100x100.jpg 100w\" sizes=\"(max-width: 300px) 100vw, 300px\" \/><\/div><\/div><h2 class=\"woocommerce-loop-product__title\">Queijo de cabra biol\u00f3gico<\/h2>\n<\/a><a href=\"https:\/\/www.taeeuropa.eu\/pt\/produto\/queso-de-cabra-ecologico\/\" aria-describedby=\"woocommerce_loop_add_to_cart_link_describedby_4876\" data-quantity=\"1\" class=\"button product_type_simple\" data-product_id=\"4876\" data-product_sku=\"\" aria-label=\"Leia mais sobre \u201cQueso de Cabra Ecol\u00f3gico\u201d\" rel=\"nofollow\" data-success_message=\"\" data-no-translation=\"\" data-trp-gettext=\"\" data-no-translation-aria-label=\"\">Ler mais<\/a>\t<span id=\"woocommerce_loop_add_to_cart_link_describedby_4876\" class=\"screen-reader-text\">\n\t\t\t<\/span>\n<\/div><\/li>\n<li class=\"product type-product post-4865 status-publish instock product_cat-empresas-en-venta product_cat-entre-1me-y-3me product_cat-espana product_cat-ingredientes product_cat-pizza-pan-y-bolleria has-post-thumbnail shipping-taxable product-type-simple\">\n\t<div class=\"nv-card-content-wrapper\"><a href=\"https:\/\/www.taeeuropa.eu\/pt\/produto\/soluciones-panaderia-y-pasteleria\/\" class=\"woocommerce-LoopProduct-link woocommerce-loop-product__link\"><div class=\"sp-product-image\"><div class=\"img-wrap\"><img loading=\"lazy\" decoding=\"async\" width=\"300\" height=\"300\" src=\"https:\/\/www.taeeuropa.eu\/wp-content\/uploads\/delicioso-pan-casero-300x300.jpg\" class=\"attachment-woocommerce_thumbnail size-woocommerce_thumbnail\" alt=\"Imagen de una empresa en venta con 30 a\u00f1os en la fabricaci\u00f3n de materias primas para panader\u00eda, pasteler\u00eda y restauraci\u00f3n.\" srcset=\"https:\/\/www.taeeuropa.eu\/wp-content\/uploads\/delicioso-pan-casero-300x300.jpg 300w, https:\/\/www.taeeuropa.eu\/wp-content\/uploads\/delicioso-pan-casero-150x150.jpg 150w, https:\/\/www.taeeuropa.eu\/wp-content\/uploads\/delicioso-pan-casero-100x100.jpg 100w\" sizes=\"(max-width: 300px) 100vw, 300px\" \/><\/div><\/div><h2 class=\"woocommerce-loop-product__title\">Solu\u00e7\u00f5es para padaria e confeitaria<\/h2>\n<\/a><a href=\"https:\/\/www.taeeuropa.eu\/pt\/produto\/soluciones-panaderia-y-pasteleria\/\" aria-describedby=\"woocommerce_loop_add_to_cart_link_describedby_4865\" data-quantity=\"1\" class=\"button product_type_simple\" data-product_id=\"4865\" data-product_sku=\"\" aria-label=\"Leia mais sobre \u201cSoluciones Panader\u00eda y Pasteler\u00eda\u201d\" rel=\"nofollow\" data-success_message=\"\" data-no-translation=\"\" data-trp-gettext=\"\" data-no-translation-aria-label=\"\">Ler mais<\/a>\t<span id=\"woocommerce_loop_add_to_cart_link_describedby_4865\" class=\"screen-reader-text\">\n\t\t\t<\/span>\n<\/div><\/li>\n<li class=\"product type-product post-4867 status-publish instock product_cat-empresas-en-venta product_cat-entre-1me-y-3me product_cat-espana product_cat-gourmet has-post-thumbnail shipping-taxable product-type-simple\">\n\t<div class=\"nv-card-content-wrapper\"><a href=\"https:\/\/www.taeeuropa.eu\/pt\/produto\/tortillas\/\" class=\"woocommerce-LoopProduct-link woocommerce-loop-product__link\"><div class=\"sp-product-image\"><div class=\"img-wrap\"><img loading=\"lazy\" decoding=\"async\" width=\"300\" height=\"300\" src=\"https:\/\/www.taeeuropa.eu\/wp-content\/uploads\/bodegon-tortilla-espanola-patata-300x300.jpg\" class=\"attachment-woocommerce_thumbnail size-woocommerce_thumbnail\" alt=\"Imagen de una empresa en venta con 30 a\u00f1os de experiencia en la producci\u00f3n y venta de tortillas y derivados, con presencia en mercados espa\u00f1ol, europeo y americano.\" srcset=\"https:\/\/www.taeeuropa.eu\/wp-content\/uploads\/bodegon-tortilla-espanola-patata-300x300.jpg 300w, https:\/\/www.taeeuropa.eu\/wp-content\/uploads\/bodegon-tortilla-espanola-patata-150x150.jpg 150w, https:\/\/www.taeeuropa.eu\/wp-content\/uploads\/bodegon-tortilla-espanola-patata-100x100.jpg 100w\" sizes=\"(max-width: 300px) 100vw, 300px\" \/><\/div><\/div><h2 class=\"woocommerce-loop-product__title\">Tortilhas<\/h2>\n<\/a><a href=\"https:\/\/www.taeeuropa.eu\/pt\/produto\/tortillas\/\" aria-describedby=\"woocommerce_loop_add_to_cart_link_describedby_4867\" data-quantity=\"1\" class=\"button product_type_simple\" data-product_id=\"4867\" data-product_sku=\"\" aria-label=\"Leia mais sobre \u201cTortillas\u201d\" rel=\"nofollow\" data-success_message=\"\" data-no-translation=\"\" data-trp-gettext=\"\" data-no-translation-aria-label=\"\">Ler mais<\/a>\t<span id=\"woocommerce_loop_add_to_cart_link_describedby_4867\" class=\"screen-reader-text\">\n\t\t\t<\/span>\n<\/div><\/li>\n<li class=\"product type-product post-4855 status-publish last instock product_cat-biotecnologia product_cat-empresas-en-venta product_cat-entre-1me-y-3me product_cat-espana-norte product_cat-otros has-post-thumbnail shipping-taxable product-type-simple\">\n\t<div class=\"nv-card-content-wrapper\"><a href=\"https:\/\/www.taeeuropa.eu\/pt\/produto\/tratamiento-de-purines\/\" class=\"woocommerce-LoopProduct-link woocommerce-loop-product__link\"><div class=\"sp-product-image\"><div class=\"img-wrap\"><img loading=\"lazy\" decoding=\"async\" width=\"300\" height=\"300\" src=\"https:\/\/www.taeeuropa.eu\/wp-content\/uploads\/pascal-debrunner-b-zyMn_e_R4-unsplash-300x300.jpg\" class=\"attachment-woocommerce_thumbnail size-woocommerce_thumbnail\" alt=\"Imagen de una empresa en venta reci\u00e9n creada que desarrolla y gestiona sistemas de tratamiento de purines para granjas de cerdos y vacuno.\" srcset=\"https:\/\/www.taeeuropa.eu\/wp-content\/uploads\/pascal-debrunner-b-zyMn_e_R4-unsplash-300x300.jpg 300w, https:\/\/www.taeeuropa.eu\/wp-content\/uploads\/pascal-debrunner-b-zyMn_e_R4-unsplash-150x150.jpg 150w, https:\/\/www.taeeuropa.eu\/wp-content\/uploads\/pascal-debrunner-b-zyMn_e_R4-unsplash-100x100.jpg 100w\" sizes=\"(max-width: 300px) 100vw, 300px\" \/><\/div><\/div><h2 class=\"woocommerce-loop-product__title\">Tratamento de lamas<\/h2>\n<\/a><a href=\"https:\/\/www.taeeuropa.eu\/pt\/produto\/tratamiento-de-purines\/\" aria-describedby=\"woocommerce_loop_add_to_cart_link_describedby_4855\" data-quantity=\"1\" class=\"button product_type_simple\" data-product_id=\"4855\" data-product_sku=\"\" aria-label=\"Leia mais sobre \u201cTratamiento de purines\u201d\" rel=\"nofollow\" data-success_message=\"\" data-no-translation=\"\" data-trp-gettext=\"\" data-no-translation-aria-label=\"\">Ler mais<\/a>\t<span id=\"woocommerce_loop_add_to_cart_link_describedby_4855\" class=\"screen-reader-text\">\n\t\t\t<\/span>\n<\/div><\/li>\n<li class=\"product type-product post-4770 status-publish first instock product_cat-conservas product_cat-cremas-salsas-y-sopas product_cat-empresas-en-venta product_cat-espana-sur has-post-thumbnail shipping-taxable product-type-simple\">\n\t<div class=\"nv-card-content-wrapper\"><a href=\"https:\/\/www.taeeuropa.eu\/pt\/produto\/conservas-semiconservas-y-salsas\/\" class=\"woocommerce-LoopProduct-link woocommerce-loop-product__link\"><div class=\"sp-product-image\"><div class=\"img-wrap\"><img loading=\"lazy\" decoding=\"async\" width=\"300\" height=\"300\" src=\"https:\/\/www.taeeuropa.eu\/wp-content\/uploads\/frascos-surtido-conservas_23-2149239013-300x300.jpg\" class=\"attachment-woocommerce_thumbnail size-woocommerce_thumbnail\" alt=\"Imagen de una empresa que ofrece en alquiler su planta de producci\u00f3n para la elaboraci\u00f3n de conservas, semiconservas y salsas.\" srcset=\"https:\/\/www.taeeuropa.eu\/wp-content\/uploads\/frascos-surtido-conservas_23-2149239013-300x300.jpg 300w, https:\/\/www.taeeuropa.eu\/wp-content\/uploads\/frascos-surtido-conservas_23-2149239013-150x150.jpg 150w, https:\/\/www.taeeuropa.eu\/wp-content\/uploads\/frascos-surtido-conservas_23-2149239013-100x100.jpg 100w\" sizes=\"(max-width: 300px) 100vw, 300px\" \/><\/div><\/div><h2 class=\"woocommerce-loop-product__title\">Conservas, semi-conservas e molhos<\/h2>\n<\/a><a href=\"https:\/\/www.taeeuropa.eu\/pt\/produto\/conservas-semiconservas-y-salsas\/\" aria-describedby=\"woocommerce_loop_add_to_cart_link_describedby_4770\" data-quantity=\"1\" class=\"button product_type_simple\" data-product_id=\"4770\" data-product_sku=\"\" aria-label=\"Leia mais sobre \u201cConservas, semiconservas y salsas\u201d\" rel=\"nofollow\" data-success_message=\"\" data-no-translation=\"\" data-trp-gettext=\"\" data-no-translation-aria-label=\"\">Ler mais<\/a>\t<span id=\"woocommerce_loop_add_to_cart_link_describedby_4770\" class=\"screen-reader-text\">\n\t\t\t<\/span>\n<\/div><\/li>\n<li class=\"product type-product post-4741 status-publish instock product_cat-empresas-en-venta product_cat-espana product_cat-hortofruticola has-post-thumbnail shipping-taxable product-type-simple\">\n\t<div class=\"nv-card-content-wrapper\"><a href=\"https:\/\/www.taeeuropa.eu\/pt\/produto\/futas-ecologicas\/\" class=\"woocommerce-LoopProduct-link woocommerce-loop-product__link\"><div class=\"sp-product-image\"><div class=\"img-wrap\"><img loading=\"lazy\" decoding=\"async\" width=\"300\" height=\"300\" src=\"https:\/\/www.taeeuropa.eu\/wp-content\/uploads\/manzanas-verdes-frescas-como-fondo-300x300.jpg\" class=\"attachment-woocommerce_thumbnail size-woocommerce_thumbnail\" alt=\"Imagen de empresa en venta de frutas ecol\u00f3gicas como cerezas, albaricoques, nectarinas, peras, manzanas y caquis, producidas y comercializadas por una empresa.\" srcset=\"https:\/\/www.taeeuropa.eu\/wp-content\/uploads\/manzanas-verdes-frescas-como-fondo-300x300.jpg 300w, https:\/\/www.taeeuropa.eu\/wp-content\/uploads\/manzanas-verdes-frescas-como-fondo-150x150.jpg 150w, https:\/\/www.taeeuropa.eu\/wp-content\/uploads\/manzanas-verdes-frescas-como-fondo-100x100.jpg 100w\" sizes=\"(max-width: 300px) 100vw, 300px\" \/><\/div><\/div><h2 class=\"woocommerce-loop-product__title\">Fruta biol\u00f3gica<\/h2>\n<\/a><a href=\"https:\/\/www.taeeuropa.eu\/pt\/produto\/futas-ecologicas\/\" aria-describedby=\"woocommerce_loop_add_to_cart_link_describedby_4741\" data-quantity=\"1\" class=\"button product_type_simple\" data-product_id=\"4741\" data-product_sku=\"\" aria-label=\"Leia mais sobre \u201cFrutas ecol\u00f3gicas\u201d\" rel=\"nofollow\" data-success_message=\"\" data-no-translation=\"\" data-trp-gettext=\"\" data-no-translation-aria-label=\"\">Ler mais<\/a>\t<span id=\"woocommerce_loop_add_to_cart_link_describedby_4741\" class=\"screen-reader-text\">\n\t\t\t<\/span>\n<\/div><\/li>\n<\/ul>\n<\/div>\t\t\t\t\t\t\t\t<\/div>\n\t\t\t\t<\/div>\n\t\t\t\t<\/div>\n\t\t\t\t\t<\/div>\n\t\t\t\t<\/div>\n\t\t\t\t<\/div>","protected":false},"excerpt":{"rendered":"<p>Empresas \u00e0 venda As melhores oportunidades de investimento no sector. Descubra os projectos \u00e0 venda num dos sectores mais influentes da economia ib\u00e9rica. Explore a nossa variada carteira de empresas \u00e0 venda e encontre a oportunidade de que estava \u00e0 espera. Sector Fertilizantes e sementes \u00d3leos Agrotecnologia \u00c1gua e nascentes Produtos alimentares ecol\u00f3gicos Bebidas vegetais,...&nbsp;<a href=\"https:\/\/www.taeeuropa.eu\/pt\/empresas-en-venta\/empresas-en-venta\/\" rel=\"bookmark\">Ler mais \"<span class=\"screen-reader-text\">Empresas<\/span><\/a><\/p>","protected":false},"author":3,"featured_media":548,"parent":539,"menu_order":0,"comment_status":"closed","ping_status":"closed","template":"","meta":{"om_disable_all_campaigns":false,"_monsterinsights_skip_tracking":false,"_monsterinsights_sitenote_active":false,"_monsterinsights_sitenote_note":"","_monsterinsights_sitenote_category":0,"neve_meta_sidebar":"full-width","neve_meta_container":"","neve_meta_enable_content_width":"on","neve_meta_content_width":100,"neve_meta_title_alignment":"","neve_meta_author_avatar":"","neve_post_elements_order":"","neve_meta_disable_header":"","neve_meta_disable_footer":"","neve_meta_disable_title":"on","footnotes":""},"class_list":["post-774","page","type-page","status-publish","has-post-thumbnail","hentry"],"yoast_head":"<!-- This site is optimized with the Yoast SEO plugin v27.4 - https:\/\/yoast.com\/product\/yoast-seo-wordpress\/ -->\n<title>TAE Europa | Empresas<\/title>\n<meta name=\"description\" content=\"Explora nuestro variado portafolio de empresas en venta y encuentra la oportunidad que has estado esperando.\" \/>\n<meta name=\"robots\" content=\"index, follow, max-snippet:-1, max-image-preview:large, max-video-preview:-1\" \/>\n<link rel=\"canonical\" href=\"https:\/\/www.taeeuropa.eu\/pt\/empresas-en-venta\/empresas-en-venta\/\" \/>\n<meta property=\"og:locale\" content=\"pt_PT\" \/>\n<meta property=\"og:type\" content=\"article\" \/>\n<meta property=\"og:title\" content=\"TAE Europa | Empresas\" \/>\n<meta property=\"og:description\" content=\"Explora nuestro variado portafolio de empresas en venta y encuentra la oportunidad que has estado esperando.\" \/>\n<meta property=\"og:url\" content=\"https:\/\/www.taeeuropa.eu\/pt\/empresas-en-venta\/empresas-en-venta\/\" \/>\n<meta property=\"og:site_name\" content=\"TAE Europa\" \/>\n<meta property=\"article:modified_time\" content=\"2024-07-09T15:11:07+00:00\" \/>\n<meta property=\"og:image\" content=\"https:\/\/www.taeeuropa.eu\/wp-content\/uploads\/Logo-fondo-blanco.jpg\" \/>\n\t<meta property=\"og:image:width\" content=\"460\" \/>\n\t<meta property=\"og:image:height\" content=\"460\" \/>\n\t<meta property=\"og:image:type\" content=\"image\/jpeg\" \/>\n<meta name=\"twitter:card\" content=\"summary_large_image\" \/>\n<meta name=\"twitter:label1\" content=\"Tempo estimado de leitura\" \/>\n\t<meta name=\"twitter:data1\" content=\"1 minuto\" \/>\n<script type=\"application\/ld+json\" class=\"yoast-schema-graph\">{\"@context\":\"https:\\\/\\\/schema.org\",\"@graph\":[{\"@type\":\"WebPage\",\"@id\":\"https:\\\/\\\/www.taeeuropa.eu\\\/empresas-en-venta\\\/empresas-en-venta\\\/\",\"url\":\"https:\\\/\\\/www.taeeuropa.eu\\\/empresas-en-venta\\\/empresas-en-venta\\\/\",\"name\":\"TAE Europa | Empresas\",\"isPartOf\":{\"@id\":\"https:\\\/\\\/www.taeeuropa.eu\\\/#website\"},\"primaryImageOfPage\":{\"@id\":\"https:\\\/\\\/www.taeeuropa.eu\\\/empresas-en-venta\\\/empresas-en-venta\\\/#primaryimage\"},\"image\":{\"@id\":\"https:\\\/\\\/www.taeeuropa.eu\\\/empresas-en-venta\\\/empresas-en-venta\\\/#primaryimage\"},\"thumbnailUrl\":\"https:\\\/\\\/www.taeeuropa.eu\\\/wp-content\\\/uploads\\\/Logo-fondo-blanco.jpg\",\"datePublished\":\"2023-11-20T09:54:46+00:00\",\"dateModified\":\"2024-07-09T15:11:07+00:00\",\"description\":\"Explora nuestro variado portafolio de empresas en venta y encuentra la oportunidad que has estado esperando.\",\"breadcrumb\":{\"@id\":\"https:\\\/\\\/www.taeeuropa.eu\\\/empresas-en-venta\\\/empresas-en-venta\\\/#breadcrumb\"},\"inLanguage\":\"pt-PT\",\"potentialAction\":[{\"@type\":\"ReadAction\",\"target\":[\"https:\\\/\\\/www.taeeuropa.eu\\\/empresas-en-venta\\\/empresas-en-venta\\\/\"]}]},{\"@type\":\"ImageObject\",\"inLanguage\":\"pt-PT\",\"@id\":\"https:\\\/\\\/www.taeeuropa.eu\\\/empresas-en-venta\\\/empresas-en-venta\\\/#primaryimage\",\"url\":\"https:\\\/\\\/www.taeeuropa.eu\\\/wp-content\\\/uploads\\\/Logo-fondo-blanco.jpg\",\"contentUrl\":\"https:\\\/\\\/www.taeeuropa.eu\\\/wp-content\\\/uploads\\\/Logo-fondo-blanco.jpg\",\"width\":460,\"height\":460,\"caption\":\"Logo de TAE Europa, empresa de M&A especializada en el sector agroalimentario\"},{\"@type\":\"BreadcrumbList\",\"@id\":\"https:\\\/\\\/www.taeeuropa.eu\\\/empresas-en-venta\\\/empresas-en-venta\\\/#breadcrumb\",\"itemListElement\":[{\"@type\":\"ListItem\",\"position\":1,\"name\":\"Portada\",\"item\":\"https:\\\/\\\/www.taeeuropa.eu\\\/\"},{\"@type\":\"ListItem\",\"position\":2,\"name\":\"Empresas en venta\",\"item\":\"https:\\\/\\\/www.taeeuropa.eu\\\/empresas-en-venta\\\/\"},{\"@type\":\"ListItem\",\"position\":3,\"name\":\"Empresas\"}]},{\"@type\":\"WebSite\",\"@id\":\"https:\\\/\\\/www.taeeuropa.eu\\\/#website\",\"url\":\"https:\\\/\\\/www.taeeuropa.eu\\\/\",\"name\":\"TAE Europa\",\"description\":\"Fusiones y Adquisiciones | Sector agroalimentario\",\"publisher\":{\"@id\":\"https:\\\/\\\/www.taeeuropa.eu\\\/#organization\"},\"potentialAction\":[{\"@type\":\"SearchAction\",\"target\":{\"@type\":\"EntryPoint\",\"urlTemplate\":\"https:\\\/\\\/www.taeeuropa.eu\\\/?s={search_term_string}\"},\"query-input\":{\"@type\":\"PropertyValueSpecification\",\"valueRequired\":true,\"valueName\":\"search_term_string\"}}],\"inLanguage\":\"pt-PT\"},{\"@type\":\"Organization\",\"@id\":\"https:\\\/\\\/www.taeeuropa.eu\\\/#organization\",\"name\":\"TAE Europa\",\"url\":\"https:\\\/\\\/www.taeeuropa.eu\\\/\",\"logo\":{\"@type\":\"ImageObject\",\"inLanguage\":\"pt-PT\",\"@id\":\"https:\\\/\\\/www.taeeuropa.eu\\\/#\\\/schema\\\/logo\\\/image\\\/\",\"url\":\"https:\\\/\\\/www.taeeuropa.eu\\\/wp-content\\\/uploads\\\/Logo-fondo-blanco-1.jpg\",\"contentUrl\":\"https:\\\/\\\/www.taeeuropa.eu\\\/wp-content\\\/uploads\\\/Logo-fondo-blanco-1.jpg\",\"width\":460,\"height\":460,\"caption\":\"TAE Europa\"},\"image\":{\"@id\":\"https:\\\/\\\/www.taeeuropa.eu\\\/#\\\/schema\\\/logo\\\/image\\\/\"},\"sameAs\":[\"https:\\\/\\\/www.linkedin.com\\\/company\\\/taeeuropa\\\/\"]}]}<\/script>\n<!-- \/ Yoast SEO plugin. -->","yoast_head_json":{"title":"TAE Europa | Empresas","description":"Explora nuestro variado portafolio de empresas en venta y encuentra la oportunidad que has estado esperando.","robots":{"index":"index","follow":"follow","max-snippet":"max-snippet:-1","max-image-preview":"max-image-preview:large","max-video-preview":"max-video-preview:-1"},"canonical":"https:\/\/www.taeeuropa.eu\/pt\/empresas-en-venta\/empresas-en-venta\/","og_locale":"pt_PT","og_type":"article","og_title":"TAE Europa | Empresas","og_description":"Explora nuestro variado portafolio de empresas en venta y encuentra la oportunidad que has estado esperando.","og_url":"https:\/\/www.taeeuropa.eu\/pt\/empresas-en-venta\/empresas-en-venta\/","og_site_name":"TAE Europa","article_modified_time":"2024-07-09T15:11:07+00:00","og_image":[{"width":460,"height":460,"url":"https:\/\/www.taeeuropa.eu\/wp-content\/uploads\/Logo-fondo-blanco.jpg","type":"image\/jpeg"}],"twitter_card":"summary_large_image","twitter_misc":{"Tempo estimado de leitura":"1 minuto"},"schema":{"@context":"https:\/\/schema.org","@graph":[{"@type":"WebPage","@id":"https:\/\/www.taeeuropa.eu\/empresas-en-venta\/empresas-en-venta\/","url":"https:\/\/www.taeeuropa.eu\/empresas-en-venta\/empresas-en-venta\/","name":"TAE Europa | Empresas","isPartOf":{"@id":"https:\/\/www.taeeuropa.eu\/#website"},"primaryImageOfPage":{"@id":"https:\/\/www.taeeuropa.eu\/empresas-en-venta\/empresas-en-venta\/#primaryimage"},"image":{"@id":"https:\/\/www.taeeuropa.eu\/empresas-en-venta\/empresas-en-venta\/#primaryimage"},"thumbnailUrl":"https:\/\/www.taeeuropa.eu\/wp-content\/uploads\/Logo-fondo-blanco.jpg","datePublished":"2023-11-20T09:54:46+00:00","dateModified":"2024-07-09T15:11:07+00:00","description":"Explora nuestro variado portafolio de empresas en venta y encuentra la oportunidad que has estado esperando.","breadcrumb":{"@id":"https:\/\/www.taeeuropa.eu\/empresas-en-venta\/empresas-en-venta\/#breadcrumb"},"inLanguage":"pt-PT","potentialAction":[{"@type":"ReadAction","target":["https:\/\/www.taeeuropa.eu\/empresas-en-venta\/empresas-en-venta\/"]}]},{"@type":"ImageObject","inLanguage":"pt-PT","@id":"https:\/\/www.taeeuropa.eu\/empresas-en-venta\/empresas-en-venta\/#primaryimage","url":"https:\/\/www.taeeuropa.eu\/wp-content\/uploads\/Logo-fondo-blanco.jpg","contentUrl":"https:\/\/www.taeeuropa.eu\/wp-content\/uploads\/Logo-fondo-blanco.jpg","width":460,"height":460,"caption":"Logo de TAE Europa, empresa de M&A especializada en el sector agroalimentario"},{"@type":"BreadcrumbList","@id":"https:\/\/www.taeeuropa.eu\/empresas-en-venta\/empresas-en-venta\/#breadcrumb","itemListElement":[{"@type":"ListItem","position":1,"name":"Portada","item":"https:\/\/www.taeeuropa.eu\/"},{"@type":"ListItem","position":2,"name":"Empresas en venta","item":"https:\/\/www.taeeuropa.eu\/empresas-en-venta\/"},{"@type":"ListItem","position":3,"name":"Empresas"}]},{"@type":"WebSite","@id":"https:\/\/www.taeeuropa.eu\/#website","url":"https:\/\/www.taeeuropa.eu\/","name":"TAE Europa","description":"Fusiones y Adquisiciones | Sector agroalimentario","publisher":{"@id":"https:\/\/www.taeeuropa.eu\/#organization"},"potentialAction":[{"@type":"SearchAction","target":{"@type":"EntryPoint","urlTemplate":"https:\/\/www.taeeuropa.eu\/?s={search_term_string}"},"query-input":{"@type":"PropertyValueSpecification","valueRequired":true,"valueName":"search_term_string"}}],"inLanguage":"pt-PT"},{"@type":"Organization","@id":"https:\/\/www.taeeuropa.eu\/#organization","name":"TAE Europa","url":"https:\/\/www.taeeuropa.eu\/","logo":{"@type":"ImageObject","inLanguage":"pt-PT","@id":"https:\/\/www.taeeuropa.eu\/#\/schema\/logo\/image\/","url":"https:\/\/www.taeeuropa.eu\/wp-content\/uploads\/Logo-fondo-blanco-1.jpg","contentUrl":"https:\/\/www.taeeuropa.eu\/wp-content\/uploads\/Logo-fondo-blanco-1.jpg","width":460,"height":460,"caption":"TAE Europa"},"image":{"@id":"https:\/\/www.taeeuropa.eu\/#\/schema\/logo\/image\/"},"sameAs":["https:\/\/www.linkedin.com\/company\/taeeuropa\/"]}]}},"_links":{"self":[{"href":"https:\/\/www.taeeuropa.eu\/pt\/wp-json\/wp\/v2\/pages\/774","targetHints":{"allow":["GET"]}}],"collection":[{"href":"https:\/\/www.taeeuropa.eu\/pt\/wp-json\/wp\/v2\/pages"}],"about":[{"href":"https:\/\/www.taeeuropa.eu\/pt\/wp-json\/wp\/v2\/types\/page"}],"author":[{"embeddable":true,"href":"https:\/\/www.taeeuropa.eu\/pt\/wp-json\/wp\/v2\/users\/3"}],"replies":[{"embeddable":true,"href":"https:\/\/www.taeeuropa.eu\/pt\/wp-json\/wp\/v2\/comments?post=774"}],"version-history":[{"count":435,"href":"https:\/\/www.taeeuropa.eu\/pt\/wp-json\/wp\/v2\/pages\/774\/revisions"}],"predecessor-version":[{"id":7486,"href":"https:\/\/www.taeeuropa.eu\/pt\/wp-json\/wp\/v2\/pages\/774\/revisions\/7486"}],"up":[{"embeddable":true,"href":"https:\/\/www.taeeuropa.eu\/pt\/wp-json\/wp\/v2\/pages\/539"}],"wp:featuredmedia":[{"embeddable":true,"href":"https:\/\/www.taeeuropa.eu\/pt\/wp-json\/wp\/v2\/media\/548"}],"wp:attachment":[{"href":"https:\/\/www.taeeuropa.eu\/pt\/wp-json\/wp\/v2\/media?parent=774"}],"curies":[{"name":"wp","href":"https:\/\/api.w.org\/{rel}","templated":true}]}}