{"id":780,"date":"2023-11-20T10:56:05","date_gmt":"2023-11-20T09:56:05","guid":{"rendered":"https:\/\/new.taeeuropa.eu\/?page_id=780"},"modified":"2024-09-16T13:30:03","modified_gmt":"2024-09-16T11:30:03","slug":"buscamos-empresas","status":"publish","type":"page","link":"https:\/\/www.taeeuropa.eu\/pt\/buscamos-empresas\/","title":{"rendered":"Procuramos empresas!"},"content":{"rendered":"<div data-elementor-type=\"wp-page\" data-elementor-id=\"780\" class=\"elementor elementor-780\">\n\t\t\t\t<div class=\"elementor-element elementor-element-275f33ff e-con-full e-flex e-con e-parent\" data-id=\"275f33ff\" data-element_type=\"container\" data-e-type=\"container\" data-settings=\"{&quot;background_background&quot;:&quot;classic&quot;,&quot;animation&quot;:&quot;none&quot;}\">\n\t\t\t\t<div class=\"elementor-element elementor-element-4469c8bb elementor-invisible elementor-widget elementor-widget-heading\" data-id=\"4469c8bb\" data-element_type=\"widget\" data-e-type=\"widget\" data-settings=\"{&quot;_animation&quot;:&quot;zoomIn&quot;}\" data-widget_type=\"heading.default\">\n\t\t\t\t<div class=\"elementor-widget-container\">\n\t\t\t\t\t<h1 class=\"elementor-heading-title elementor-size-small\">Procuramos empresas!<\/h1>\t\t\t\t<\/div>\n\t\t\t\t<\/div>\n\t\t\t\t<\/div>\n\t\t<div class=\"elementor-element elementor-element-17f44a8e e-con-full e-flex e-con e-parent\" data-id=\"17f44a8e\" data-element_type=\"container\" data-e-type=\"container\" data-settings=\"{&quot;background_background&quot;:&quot;classic&quot;}\">\n\t\t\t\t<div class=\"elementor-element elementor-element-1e1d3291 elementor-widget-mobile__width-initial elementor-widget__width-initial elementor-widget-tablet__width-initial elementor-widget elementor-widget-heading\" data-id=\"1e1d3291\" data-element_type=\"widget\" data-e-type=\"widget\" data-widget_type=\"heading.default\">\n\t\t\t\t<div class=\"elementor-widget-container\">\n\t\t\t\t\t<h2 class=\"elementor-heading-title elementor-size-small\">Partilhamos o que os nossos clientes procuram no sector.<\/h2>\t\t\t\t<\/div>\n\t\t\t\t<\/div>\n\t\t\t\t<\/div>\n\t\t<div class=\"elementor-element elementor-element-625cbac2 e-con-full e-flex e-con e-parent\" data-id=\"625cbac2\" data-element_type=\"container\" data-e-type=\"container\">\n\t\t\t\t<div class=\"elementor-element elementor-element-6ff81a9 elementor-widget elementor-widget-text-editor\" data-id=\"6ff81a9\" data-element_type=\"widget\" data-e-type=\"widget\" data-widget_type=\"text-editor.default\">\n\t\t\t\t<div class=\"elementor-widget-container\">\n\t\t\t\t\t\t\t\t\t<p style=\"text-align: center;\"><div class=\"woocommerce columns-4\"><ul class=\"products columns-4\">\n<li class=\"product type-product post-5571 status-publish first instock product_cat-buscamos-empresas has-post-thumbnail shipping-taxable product-type-simple\">\n\t<div class=\"nv-card-content-wrapper\"><a href=\"https:\/\/www.taeeuropa.eu\/pt\/produto\/aromas-extractos-y-aceites-esenciales\/\" class=\"woocommerce-LoopProduct-link woocommerce-loop-product__link\"><div class=\"sp-product-image\"><div class=\"img-wrap\"><img fetchpriority=\"high\" decoding=\"async\" width=\"300\" height=\"300\" src=\"https:\/\/www.taeeuropa.eu\/wp-content\/uploads\/vista-superior-concepto-condimentos-polvo-300x300.jpg\" class=\"attachment-woocommerce_thumbnail size-woocommerce_thumbnail\" alt=\"Imagen de instalaciones dedicadas a la fabricaci\u00f3n y distribuci\u00f3n de aromas, extractos y aceites esenciales para la industria alimentaria.\" srcset=\"https:\/\/www.taeeuropa.eu\/wp-content\/uploads\/vista-superior-concepto-condimentos-polvo-300x300.jpg 300w, https:\/\/www.taeeuropa.eu\/wp-content\/uploads\/vista-superior-concepto-condimentos-polvo-150x150.jpg 150w, https:\/\/www.taeeuropa.eu\/wp-content\/uploads\/vista-superior-concepto-condimentos-polvo-100x100.jpg 100w\" sizes=\"(max-width: 300px) 100vw, 300px\" \/><\/div><\/div><h2 class=\"woocommerce-loop-product__title\">Aromas, extractos e \u00f3leos essenciais<\/h2>\n<\/a><a href=\"https:\/\/www.taeeuropa.eu\/pt\/produto\/aromas-extractos-y-aceites-esenciales\/\" aria-describedby=\"woocommerce_loop_add_to_cart_link_describedby_5571\" data-quantity=\"1\" class=\"button product_type_simple\" data-product_id=\"5571\" data-product_sku=\"\" aria-label=\"Leia mais sobre \u201cAromas, extractos y aceites esenciales\u201d\" rel=\"nofollow\" data-success_message=\"\" data-no-translation=\"\" data-trp-gettext=\"\" data-no-translation-aria-label=\"\">Ler mais<\/a>\t<span id=\"woocommerce_loop_add_to_cart_link_describedby_5571\" class=\"screen-reader-text\">\n\t\t\t<\/span>\n<\/div><\/li>\n<li class=\"product type-product post-5607 status-publish instock product_cat-buscamos-empresas has-post-thumbnail shipping-taxable product-type-simple\">\n\t<div class=\"nv-card-content-wrapper\"><a href=\"https:\/\/www.taeeuropa.eu\/pt\/produto\/ingredientes\/\" class=\"woocommerce-LoopProduct-link woocommerce-loop-product__link\"><div class=\"sp-product-image\"><div class=\"img-wrap\"><img decoding=\"async\" width=\"300\" height=\"300\" src=\"https:\/\/www.taeeuropa.eu\/wp-content\/uploads\/diana-polekhina-38iUwPww0Xc-unsplash-300x300.jpg\" class=\"attachment-woocommerce_thumbnail size-woocommerce_thumbnail\" alt=\"Imagen de instalaciones en venta para la elaboraci\u00f3n y distribuci\u00f3n de ingredientes alimentarios como especias, aditivos y probi\u00f3ticos.\" srcset=\"https:\/\/www.taeeuropa.eu\/wp-content\/uploads\/diana-polekhina-38iUwPww0Xc-unsplash-300x300.jpg 300w, https:\/\/www.taeeuropa.eu\/wp-content\/uploads\/diana-polekhina-38iUwPww0Xc-unsplash-150x150.jpg 150w, https:\/\/www.taeeuropa.eu\/wp-content\/uploads\/diana-polekhina-38iUwPww0Xc-unsplash-100x100.jpg 100w\" sizes=\"(max-width: 300px) 100vw, 300px\" \/><\/div><\/div><h2 class=\"woocommerce-loop-product__title\">Ingredientes<\/h2>\n<\/a><a href=\"https:\/\/www.taeeuropa.eu\/pt\/produto\/ingredientes\/\" aria-describedby=\"woocommerce_loop_add_to_cart_link_describedby_5607\" data-quantity=\"1\" class=\"button product_type_simple\" data-product_id=\"5607\" data-product_sku=\"\" aria-label=\"Leia mais sobre \u201cIngredientes\u201d\" rel=\"nofollow\" data-success_message=\"\" data-no-translation=\"\" data-trp-gettext=\"\" data-no-translation-aria-label=\"\">Ler mais<\/a>\t<span id=\"woocommerce_loop_add_to_cart_link_describedby_5607\" class=\"screen-reader-text\">\n\t\t\t<\/span>\n<\/div><\/li>\n<li class=\"product type-product post-5566 status-publish instock product_cat-buscamos-empresas has-post-thumbnail shipping-taxable product-type-simple\">\n\t<div class=\"nv-card-content-wrapper\"><a href=\"https:\/\/www.taeeuropa.eu\/pt\/produto\/huevos-y-derivados-del-huevo\/\" class=\"woocommerce-LoopProduct-link woocommerce-loop-product__link\"><div class=\"sp-product-image\"><div class=\"img-wrap\"><img decoding=\"async\" width=\"300\" height=\"300\" src=\"https:\/\/www.taeeuropa.eu\/wp-content\/uploads\/huevos-sacos-canamo-madera-paja-300x300.jpg\" class=\"attachment-woocommerce_thumbnail size-woocommerce_thumbnail\" alt=\"Imagen de instalaciones dedicadas a la producci\u00f3n y comercializaci\u00f3n de huevos y productos derivados, incluyendo granjas en Espa\u00f1a, Portugal y Francia.\" srcset=\"https:\/\/www.taeeuropa.eu\/wp-content\/uploads\/huevos-sacos-canamo-madera-paja-300x300.jpg 300w, https:\/\/www.taeeuropa.eu\/wp-content\/uploads\/huevos-sacos-canamo-madera-paja-150x150.jpg 150w, https:\/\/www.taeeuropa.eu\/wp-content\/uploads\/huevos-sacos-canamo-madera-paja-100x100.jpg 100w\" sizes=\"(max-width: 300px) 100vw, 300px\" \/><\/div><\/div><h2 class=\"woocommerce-loop-product__title\">Ovos e ovoprodutos<\/h2>\n<\/a><a href=\"https:\/\/www.taeeuropa.eu\/pt\/produto\/huevos-y-derivados-del-huevo\/\" aria-describedby=\"woocommerce_loop_add_to_cart_link_describedby_5566\" data-quantity=\"1\" class=\"button product_type_simple\" data-product_id=\"5566\" data-product_sku=\"\" aria-label=\"Leia mais sobre \u201cHuevos y derivados del huevo\u201d\" rel=\"nofollow\" data-success_message=\"\" data-no-translation=\"\" data-trp-gettext=\"\" data-no-translation-aria-label=\"\">Ler mais<\/a>\t<span id=\"woocommerce_loop_add_to_cart_link_describedby_5566\" class=\"screen-reader-text\">\n\t\t\t<\/span>\n<\/div><\/li>\n<li class=\"product type-product post-5577 status-publish last instock product_cat-buscamos-empresas has-post-thumbnail shipping-taxable product-type-simple\">\n\t<div class=\"nv-card-content-wrapper\"><a href=\"https:\/\/www.taeeuropa.eu\/pt\/produto\/precocinados\/\" class=\"woocommerce-LoopProduct-link woocommerce-loop-product__link\"><div class=\"sp-product-image\"><div class=\"img-wrap\"><img loading=\"lazy\" decoding=\"async\" width=\"300\" height=\"300\" src=\"https:\/\/www.taeeuropa.eu\/wp-content\/uploads\/pechuga-pollo-parrilla-verduras-300x300.jpg\" class=\"attachment-woocommerce_thumbnail size-woocommerce_thumbnail\" alt=\"Imagen de instalaciones dedicadas a la elaboraci\u00f3n de platos precocinados, refrigerados y congelados, para retail y canal HORECA.\" srcset=\"https:\/\/www.taeeuropa.eu\/wp-content\/uploads\/pechuga-pollo-parrilla-verduras-300x300.jpg 300w, https:\/\/www.taeeuropa.eu\/wp-content\/uploads\/pechuga-pollo-parrilla-verduras-150x150.jpg 150w, https:\/\/www.taeeuropa.eu\/wp-content\/uploads\/pechuga-pollo-parrilla-verduras-100x100.jpg 100w\" sizes=\"(max-width: 300px) 100vw, 300px\" \/><\/div><\/div><h2 class=\"woocommerce-loop-product__title\">Alimentos pr\u00e9-cozinhados<\/h2>\n<\/a><a href=\"https:\/\/www.taeeuropa.eu\/pt\/produto\/precocinados\/\" aria-describedby=\"woocommerce_loop_add_to_cart_link_describedby_5577\" data-quantity=\"1\" class=\"button product_type_simple\" data-product_id=\"5577\" data-product_sku=\"\" aria-label=\"Leia mais sobre \u201cPrecocinados\u201d\" rel=\"nofollow\" data-success_message=\"\" data-no-translation=\"\" data-trp-gettext=\"\" data-no-translation-aria-label=\"\">Ler mais<\/a>\t<span id=\"woocommerce_loop_add_to_cart_link_describedby_5577\" class=\"screen-reader-text\">\n\t\t\t<\/span>\n<\/div><\/li>\n<li class=\"product type-product post-5583 status-publish first instock product_cat-buscamos-empresas has-post-thumbnail shipping-taxable product-type-simple\">\n\t<div class=\"nv-card-content-wrapper\"><a href=\"https:\/\/www.taeeuropa.eu\/pt\/produto\/untables-y-soluciones-carnicas-refrigeradas\/\" class=\"woocommerce-LoopProduct-link woocommerce-loop-product__link\"><div class=\"sp-product-image\"><div class=\"img-wrap\"><img loading=\"lazy\" decoding=\"async\" width=\"300\" height=\"300\" src=\"https:\/\/www.taeeuropa.eu\/wp-content\/uploads\/pan-tostado-pate-higado-cerdo-sobre-mesa-madera-300x300.jpg\" class=\"attachment-woocommerce_thumbnail size-woocommerce_thumbnail\" alt=\"Imagen de instalaciones dedicadas a la fabricaci\u00f3n de untables y soluciones c\u00e1rnicas refrigeradas, mostrando equipos de producci\u00f3n y envasado.\" srcset=\"https:\/\/www.taeeuropa.eu\/wp-content\/uploads\/pan-tostado-pate-higado-cerdo-sobre-mesa-madera-300x300.jpg 300w, https:\/\/www.taeeuropa.eu\/wp-content\/uploads\/pan-tostado-pate-higado-cerdo-sobre-mesa-madera-150x150.jpg 150w, https:\/\/www.taeeuropa.eu\/wp-content\/uploads\/pan-tostado-pate-higado-cerdo-sobre-mesa-madera-100x100.jpg 100w\" sizes=\"(max-width: 300px) 100vw, 300px\" \/><\/div><\/div><h2 class=\"woocommerce-loop-product__title\">Produtos para barrar e solu\u00e7\u00f5es de carne refrigeradas<\/h2>\n<\/a><a href=\"https:\/\/www.taeeuropa.eu\/pt\/produto\/untables-y-soluciones-carnicas-refrigeradas\/\" aria-describedby=\"woocommerce_loop_add_to_cart_link_describedby_5583\" data-quantity=\"1\" class=\"button product_type_simple\" data-product_id=\"5583\" data-product_sku=\"\" aria-label=\"Leia mais sobre \u201cUntables y soluciones c\u00e1rnicas refrigeradas\u201d\" rel=\"nofollow\" data-success_message=\"\" data-no-translation=\"\" data-trp-gettext=\"\" data-no-translation-aria-label=\"\">Ler mais<\/a>\t<span id=\"woocommerce_loop_add_to_cart_link_describedby_5583\" class=\"screen-reader-text\">\n\t\t\t<\/span>\n<\/div><\/li>\n<li class=\"product type-product post-5615 status-publish instock product_cat-buscamos-empresas has-post-thumbnail shipping-taxable product-type-simple\">\n\t<div class=\"nv-card-content-wrapper\"><a href=\"https:\/\/www.taeeuropa.eu\/pt\/produto\/snacks-y-patatas-fritas\/\" class=\"woocommerce-LoopProduct-link woocommerce-loop-product__link\"><div class=\"sp-product-image\"><div class=\"img-wrap\"><img loading=\"lazy\" decoding=\"async\" width=\"300\" height=\"300\" src=\"https:\/\/www.taeeuropa.eu\/wp-content\/uploads\/jeff-siepman-7cRBG4nQtKs-unsplash-300x300.jpg\" class=\"attachment-woocommerce_thumbnail size-woocommerce_thumbnail\" alt=\"Imagen de instalaciones en venta para la elaboraci\u00f3n de snacks y patatas fritas, mostrando maquinaria y procesos de producci\u00f3n.\" srcset=\"https:\/\/www.taeeuropa.eu\/wp-content\/uploads\/jeff-siepman-7cRBG4nQtKs-unsplash-300x300.jpg 300w, https:\/\/www.taeeuropa.eu\/wp-content\/uploads\/jeff-siepman-7cRBG4nQtKs-unsplash-150x150.jpg 150w, https:\/\/www.taeeuropa.eu\/wp-content\/uploads\/jeff-siepman-7cRBG4nQtKs-unsplash-100x100.jpg 100w\" sizes=\"(max-width: 300px) 100vw, 300px\" \/><\/div><\/div><h2 class=\"woocommerce-loop-product__title\">Snacks e batatas fritas<\/h2>\n<\/a><a href=\"https:\/\/www.taeeuropa.eu\/pt\/produto\/snacks-y-patatas-fritas\/\" aria-describedby=\"woocommerce_loop_add_to_cart_link_describedby_5615\" data-quantity=\"1\" class=\"button product_type_simple\" data-product_id=\"5615\" data-product_sku=\"\" aria-label=\"Leia mais sobre \u201cSnacks y Patatas fritas\u201d\" rel=\"nofollow\" data-success_message=\"\" data-no-translation=\"\" data-trp-gettext=\"\" data-no-translation-aria-label=\"\">Ler mais<\/a>\t<span id=\"woocommerce_loop_add_to_cart_link_describedby_5615\" class=\"screen-reader-text\">\n\t\t\t<\/span>\n<\/div><\/li>\n<li class=\"product type-product post-5625 status-publish instock product_cat-buscamos-empresas has-post-thumbnail shipping-taxable product-type-simple\">\n\t<div class=\"nv-card-content-wrapper\"><a href=\"https:\/\/www.taeeuropa.eu\/pt\/produto\/bolleria-industrial\/\" class=\"woocommerce-LoopProduct-link woocommerce-loop-product__link\"><div class=\"sp-product-image\"><div class=\"img-wrap\"><img loading=\"lazy\" decoding=\"async\" width=\"300\" height=\"300\" src=\"https:\/\/www.taeeuropa.eu\/wp-content\/uploads\/conor-brown-sqkXyyj4WdE-unsplash-300x300.jpg\" class=\"attachment-woocommerce_thumbnail size-woocommerce_thumbnail\" alt=\"Imagen de una empresa en venta con instalaciones modernas dedicada a la fabricaci\u00f3n de boller\u00eda y pasteler\u00eda industrial.\" srcset=\"https:\/\/www.taeeuropa.eu\/wp-content\/uploads\/conor-brown-sqkXyyj4WdE-unsplash-300x300.jpg 300w, https:\/\/www.taeeuropa.eu\/wp-content\/uploads\/conor-brown-sqkXyyj4WdE-unsplash-150x150.jpg 150w, https:\/\/www.taeeuropa.eu\/wp-content\/uploads\/conor-brown-sqkXyyj4WdE-unsplash-100x100.jpg 100w\" sizes=\"(max-width: 300px) 100vw, 300px\" \/><\/div><\/div><h2 class=\"woocommerce-loop-product__title\">Pastelaria e bolos industriais<\/h2>\n<\/a><a href=\"https:\/\/www.taeeuropa.eu\/pt\/produto\/bolleria-industrial\/\" aria-describedby=\"woocommerce_loop_add_to_cart_link_describedby_5625\" data-quantity=\"1\" class=\"button product_type_simple\" data-product_id=\"5625\" data-product_sku=\"\" aria-label=\"Leia mais sobre \u201cBoller\u00eda y pasteler\u00eda industrial\u201d\" rel=\"nofollow\" data-success_message=\"\" data-no-translation=\"\" data-trp-gettext=\"\" data-no-translation-aria-label=\"\">Ler mais<\/a>\t<span id=\"woocommerce_loop_add_to_cart_link_describedby_5625\" class=\"screen-reader-text\">\n\t\t\t<\/span>\n<\/div><\/li>\n<li class=\"product type-product post-5631 status-publish last instock product_cat-buscamos-empresas has-post-thumbnail shipping-taxable product-type-simple\">\n\t<div class=\"nv-card-content-wrapper\"><a href=\"https:\/\/www.taeeuropa.eu\/pt\/produto\/galletas-2\/\" class=\"woocommerce-LoopProduct-link woocommerce-loop-product__link\"><div class=\"sp-product-image\"><div class=\"img-wrap\"><img loading=\"lazy\" decoding=\"async\" width=\"300\" height=\"300\" src=\"https:\/\/www.taeeuropa.eu\/wp-content\/uploads\/aditya-joshi-bbAsuHZvWyY-unsplash-300x300.jpg\" class=\"attachment-woocommerce_thumbnail size-woocommerce_thumbnail\" alt=\"Empresa de fabricaci\u00f3n de galletas y derivados en venta, destacando productos ecol\u00f3gicos y saludables en un entorno moderno y limpio.\" srcset=\"https:\/\/www.taeeuropa.eu\/wp-content\/uploads\/aditya-joshi-bbAsuHZvWyY-unsplash-300x300.jpg 300w, https:\/\/www.taeeuropa.eu\/wp-content\/uploads\/aditya-joshi-bbAsuHZvWyY-unsplash-150x150.jpg 150w, https:\/\/www.taeeuropa.eu\/wp-content\/uploads\/aditya-joshi-bbAsuHZvWyY-unsplash-100x100.jpg 100w\" sizes=\"(max-width: 300px) 100vw, 300px\" \/><\/div><\/div><h2 class=\"woocommerce-loop-product__title\">Biscoitos<\/h2>\n<\/a><a href=\"https:\/\/www.taeeuropa.eu\/pt\/produto\/galletas-2\/\" aria-describedby=\"woocommerce_loop_add_to_cart_link_describedby_5631\" data-quantity=\"1\" class=\"button product_type_simple\" data-product_id=\"5631\" data-product_sku=\"\" aria-label=\"Leia mais sobre \u201cGalletas\u201d\" rel=\"nofollow\" data-success_message=\"\" data-no-translation=\"\" data-trp-gettext=\"\" data-no-translation-aria-label=\"\">Ler mais<\/a>\t<span id=\"woocommerce_loop_add_to_cart_link_describedby_5631\" class=\"screen-reader-text\">\n\t\t\t<\/span>\n<\/div><\/li>\n<li class=\"product type-product post-5593 status-publish first instock product_cat-buscamos-empresas has-post-thumbnail shipping-taxable product-type-simple\">\n\t<div class=\"nv-card-content-wrapper\"><a href=\"https:\/\/www.taeeuropa.eu\/pt\/produto\/conservas-de-pescado-y-marisco\/\" class=\"woocommerce-LoopProduct-link woocommerce-loop-product__link\"><div class=\"sp-product-image\"><div class=\"img-wrap\"><img loading=\"lazy\" decoding=\"async\" width=\"300\" height=\"300\" src=\"https:\/\/www.taeeuropa.eu\/wp-content\/uploads\/anchoas-300x300.jpg\" class=\"attachment-woocommerce_thumbnail size-woocommerce_thumbnail\" alt=\"Imagen de empresa en venta especializada en la elaboraci\u00f3n de conservas de pescado, especialmente anchoas, con instalaciones certificadas.\" srcset=\"https:\/\/www.taeeuropa.eu\/wp-content\/uploads\/anchoas-300x300.jpg 300w, https:\/\/www.taeeuropa.eu\/wp-content\/uploads\/anchoas-150x150.jpg 150w, https:\/\/www.taeeuropa.eu\/wp-content\/uploads\/anchoas-100x100.jpg 100w\" sizes=\"(max-width: 300px) 100vw, 300px\" \/><\/div><\/div><h2 class=\"woocommerce-loop-product__title\">Conservas de peixe<\/h2>\n<\/a><a href=\"https:\/\/www.taeeuropa.eu\/pt\/produto\/conservas-de-pescado-y-marisco\/\" aria-describedby=\"woocommerce_loop_add_to_cart_link_describedby_5593\" data-quantity=\"1\" class=\"button product_type_simple\" data-product_id=\"5593\" data-product_sku=\"\" aria-label=\"Leia mais sobre \u201cConservas de pescado\u201d\" rel=\"nofollow\" data-success_message=\"\" data-no-translation=\"\" data-trp-gettext=\"\" data-no-translation-aria-label=\"\">Ler mais<\/a>\t<span id=\"woocommerce_loop_add_to_cart_link_describedby_5593\" class=\"screen-reader-text\">\n\t\t\t<\/span>\n<\/div><\/li>\n<li class=\"product type-product post-7671 status-publish instock product_cat-buscamos-empresas has-post-thumbnail shipping-taxable product-type-simple\">\n\t<div class=\"nv-card-content-wrapper\"><a href=\"https:\/\/www.taeeuropa.eu\/pt\/produto\/pan-precocido-y-pan-de-molde\/\" class=\"woocommerce-LoopProduct-link woocommerce-loop-product__link\"><div class=\"sp-product-image\"><div class=\"img-wrap\"><img loading=\"lazy\" decoding=\"async\" width=\"300\" height=\"300\" src=\"https:\/\/www.taeeuropa.eu\/wp-content\/uploads\/rebanadas-pan-tostado-centeno-canasta-madera-300x300.jpg\" class=\"attachment-woocommerce_thumbnail size-woocommerce_thumbnail\" alt=\"Imagen de empresa en venta, fabricantes de pan precocido congelado, pan de molde y pan de hamburguesa, con instalaciones modernas y equipos de producci\u00f3n.\" srcset=\"https:\/\/www.taeeuropa.eu\/wp-content\/uploads\/rebanadas-pan-tostado-centeno-canasta-madera-300x300.jpg 300w, https:\/\/www.taeeuropa.eu\/wp-content\/uploads\/rebanadas-pan-tostado-centeno-canasta-madera-150x150.jpg 150w, https:\/\/www.taeeuropa.eu\/wp-content\/uploads\/rebanadas-pan-tostado-centeno-canasta-madera-100x100.jpg 100w\" sizes=\"(max-width: 300px) 100vw, 300px\" \/><\/div><\/div><h2 class=\"woocommerce-loop-product__title\">P\u00e3o pr\u00e9-cozido e p\u00e3o fatiado<\/h2>\n<\/a><a href=\"https:\/\/www.taeeuropa.eu\/pt\/produto\/pan-precocido-y-pan-de-molde\/\" aria-describedby=\"woocommerce_loop_add_to_cart_link_describedby_7671\" data-quantity=\"1\" class=\"button product_type_simple\" data-product_id=\"7671\" data-product_sku=\"\" aria-label=\"Leia mais sobre \u201cPan precocido y pan de molde\u201d\" rel=\"nofollow\" data-success_message=\"\" data-no-translation=\"\" data-trp-gettext=\"\" data-no-translation-aria-label=\"\">Ler mais<\/a>\t<span id=\"woocommerce_loop_add_to_cart_link_describedby_7671\" class=\"screen-reader-text\">\n\t\t\t<\/span>\n<\/div><\/li>\n<li class=\"product type-product post-5637 status-publish instock product_cat-buscamos-empresas has-post-thumbnail shipping-taxable product-type-simple\">\n\t<div class=\"nv-card-content-wrapper\"><a href=\"https:\/\/www.taeeuropa.eu\/pt\/produto\/granjas-avicolas\/\" class=\"woocommerce-LoopProduct-link woocommerce-loop-product__link\"><div class=\"sp-product-image\"><div class=\"img-wrap\"><img loading=\"lazy\" decoding=\"async\" width=\"300\" height=\"300\" src=\"https:\/\/www.taeeuropa.eu\/wp-content\/uploads\/brown-hens-farm-300x300.jpg\" class=\"attachment-woocommerce_thumbnail size-woocommerce_thumbnail\" alt=\"Imagen de granjas av\u00edcolas en venta especializadas en el engorde de pollos convencionales y ecol\u00f3gicos, con instalaciones para ambos tipos.\" srcset=\"https:\/\/www.taeeuropa.eu\/wp-content\/uploads\/brown-hens-farm-300x300.jpg 300w, https:\/\/www.taeeuropa.eu\/wp-content\/uploads\/brown-hens-farm-150x150.jpg 150w, https:\/\/www.taeeuropa.eu\/wp-content\/uploads\/brown-hens-farm-100x100.jpg 100w\" sizes=\"(max-width: 300px) 100vw, 300px\" \/><\/div><\/div><h2 class=\"woocommerce-loop-product__title\">Explora\u00e7\u00f5es av\u00edcolas<\/h2>\n<\/a><a href=\"https:\/\/www.taeeuropa.eu\/pt\/produto\/granjas-avicolas\/\" aria-describedby=\"woocommerce_loop_add_to_cart_link_describedby_5637\" data-quantity=\"1\" class=\"button product_type_simple\" data-product_id=\"5637\" data-product_sku=\"\" aria-label=\"Leia mais sobre \u201cGranjas Av\u00edcolas\u201d\" rel=\"nofollow\" data-success_message=\"\" data-no-translation=\"\" data-trp-gettext=\"\" data-no-translation-aria-label=\"\">Ler mais<\/a>\t<span id=\"woocommerce_loop_add_to_cart_link_describedby_5637\" class=\"screen-reader-text\">\n\t\t\t<\/span>\n<\/div><\/li>\n<li class=\"product type-product post-5599 status-publish last instock product_cat-buscamos-empresas has-post-thumbnail shipping-taxable product-type-simple\">\n\t<div class=\"nv-card-content-wrapper\"><a href=\"https:\/\/www.taeeuropa.eu\/pt\/produto\/agrotech\/\" class=\"woocommerce-LoopProduct-link woocommerce-loop-product__link\"><div class=\"sp-product-image\"><div class=\"img-wrap\"><img loading=\"lazy\" decoding=\"async\" width=\"300\" height=\"300\" src=\"https:\/\/www.taeeuropa.eu\/wp-content\/uploads\/drone-quad-copter-camara-digital-alta-resolucion-campo-maiz-verde-agro-300x300.jpg\" class=\"attachment-woocommerce_thumbnail size-woocommerce_thumbnail\" alt=\"Imagen de empresa en venta Agrotech aplicando ciencia y tecnolog\u00eda para mejorar la productividad y eficiencia en el campo.\" srcset=\"https:\/\/www.taeeuropa.eu\/wp-content\/uploads\/drone-quad-copter-camara-digital-alta-resolucion-campo-maiz-verde-agro-300x300.jpg 300w, https:\/\/www.taeeuropa.eu\/wp-content\/uploads\/drone-quad-copter-camara-digital-alta-resolucion-campo-maiz-verde-agro-150x150.jpg 150w, https:\/\/www.taeeuropa.eu\/wp-content\/uploads\/drone-quad-copter-camara-digital-alta-resolucion-campo-maiz-verde-agro-100x100.jpg 100w\" sizes=\"(max-width: 300px) 100vw, 300px\" \/><\/div><\/div><h2 class=\"woocommerce-loop-product__title\">Agrotech<\/h2>\n<\/a><a href=\"https:\/\/www.taeeuropa.eu\/pt\/produto\/agrotech\/\" aria-describedby=\"woocommerce_loop_add_to_cart_link_describedby_5599\" data-quantity=\"1\" class=\"button product_type_simple\" data-product_id=\"5599\" data-product_sku=\"\" aria-label=\"Leia mais sobre \u201cAgrotech\u201d\" rel=\"nofollow\" data-success_message=\"\" data-no-translation=\"\" data-trp-gettext=\"\" data-no-translation-aria-label=\"\">Ler mais<\/a>\t<span id=\"woocommerce_loop_add_to_cart_link_describedby_5599\" class=\"screen-reader-text\">\n\t\t\t<\/span>\n<\/div><\/li>\n<li class=\"product type-product post-7669 status-publish first instock product_cat-buscamos-empresas has-post-thumbnail shipping-taxable product-type-simple\">\n\t<div class=\"nv-card-content-wrapper\"><a href=\"https:\/\/www.taeeuropa.eu\/pt\/produto\/vegetales-preparados-en-conservas-y-congelados\/\" class=\"woocommerce-LoopProduct-link woocommerce-loop-product__link\"><div class=\"sp-product-image\"><div class=\"img-wrap\"><img loading=\"lazy\" decoding=\"async\" width=\"300\" height=\"300\" src=\"https:\/\/www.taeeuropa.eu\/wp-content\/uploads\/deliciosas-verduras-conserva-frascos-300x300.jpg\" class=\"attachment-woocommerce_thumbnail size-woocommerce_thumbnail\" alt=\"Imagen de una empresa en venta, fabricantes con instalaciones modernas y capacidad de crecimiento, destacando su presencia en la gran distribuci\u00f3n.\" srcset=\"https:\/\/www.taeeuropa.eu\/wp-content\/uploads\/deliciosas-verduras-conserva-frascos-300x300.jpg 300w, https:\/\/www.taeeuropa.eu\/wp-content\/uploads\/deliciosas-verduras-conserva-frascos-150x150.jpg 150w, https:\/\/www.taeeuropa.eu\/wp-content\/uploads\/deliciosas-verduras-conserva-frascos-100x100.jpg 100w\" sizes=\"(max-width: 300px) 100vw, 300px\" \/><\/div><\/div><h2 class=\"woocommerce-loop-product__title\">Vegetais preparados enlatados e congelados<\/h2>\n<\/a><a href=\"https:\/\/www.taeeuropa.eu\/pt\/produto\/vegetales-preparados-en-conservas-y-congelados\/\" aria-describedby=\"woocommerce_loop_add_to_cart_link_describedby_7669\" data-quantity=\"1\" class=\"button product_type_simple\" data-product_id=\"7669\" data-product_sku=\"\" aria-label=\"Leia mais sobre \u201cVegetales preparados en conservas y congelados\u201d\" rel=\"nofollow\" data-success_message=\"\" data-no-translation=\"\" data-trp-gettext=\"\" data-no-translation-aria-label=\"\">Ler mais<\/a>\t<span id=\"woocommerce_loop_add_to_cart_link_describedby_7669\" class=\"screen-reader-text\">\n\t\t\t<\/span>\n<\/div><\/li>\n<li class=\"product type-product post-5581 status-publish instock product_cat-buscamos-empresas has-post-thumbnail shipping-taxable product-type-simple\">\n\t<div class=\"nv-card-content-wrapper\"><a href=\"https:\/\/www.taeeuropa.eu\/pt\/produto\/alimentacion-ecologica\/\" class=\"woocommerce-LoopProduct-link woocommerce-loop-product__link\"><div class=\"sp-product-image\"><div class=\"img-wrap\"><img loading=\"lazy\" decoding=\"async\" width=\"300\" height=\"300\" src=\"https:\/\/www.taeeuropa.eu\/wp-content\/uploads\/hazelnuts-dried-fruits-snack-bars-300x300.jpg\" class=\"attachment-woocommerce_thumbnail size-woocommerce_thumbnail\" alt=\"Imagen de instalaciones especializadas en la producci\u00f3n y distribuci\u00f3n de alimentos ecol\u00f3gicos, mostrando procesos y productos org\u00e1nicos.\" srcset=\"https:\/\/www.taeeuropa.eu\/wp-content\/uploads\/hazelnuts-dried-fruits-snack-bars-300x300.jpg 300w, https:\/\/www.taeeuropa.eu\/wp-content\/uploads\/hazelnuts-dried-fruits-snack-bars-150x150.jpg 150w, https:\/\/www.taeeuropa.eu\/wp-content\/uploads\/hazelnuts-dried-fruits-snack-bars-100x100.jpg 100w\" sizes=\"(max-width: 300px) 100vw, 300px\" \/><\/div><\/div><h2 class=\"woocommerce-loop-product__title\">Alimentos biol\u00f3gicos<\/h2>\n<\/a><a href=\"https:\/\/www.taeeuropa.eu\/pt\/produto\/alimentacion-ecologica\/\" aria-describedby=\"woocommerce_loop_add_to_cart_link_describedby_5581\" data-quantity=\"1\" class=\"button product_type_simple\" data-product_id=\"5581\" data-product_sku=\"\" aria-label=\"Leia mais sobre \u201cAlimentaci\u00f3n Ecol\u00f3gica\u201d\" rel=\"nofollow\" data-success_message=\"\" data-no-translation=\"\" data-trp-gettext=\"\" data-no-translation-aria-label=\"\">Ler mais<\/a>\t<span id=\"woocommerce_loop_add_to_cart_link_describedby_5581\" class=\"screen-reader-text\">\n\t\t\t<\/span>\n<\/div><\/li>\n<li class=\"product type-product post-5561 status-publish instock product_cat-buscamos-empresas has-post-thumbnail shipping-taxable product-type-simple\">\n\t<div class=\"nv-card-content-wrapper\"><a href=\"https:\/\/www.taeeuropa.eu\/pt\/produto\/abonos-y-fertilizantes-abonos-y-fertilizantes\/\" class=\"woocommerce-LoopProduct-link woocommerce-loop-product__link\"><div class=\"sp-product-image\"><div class=\"img-wrap\"><img loading=\"lazy\" decoding=\"async\" width=\"300\" height=\"300\" src=\"https:\/\/www.taeeuropa.eu\/wp-content\/uploads\/cerrar-imagen-mano-sujetando-plantacion-arbol-joven-planta-300x300.jpg\" class=\"attachment-woocommerce_thumbnail size-woocommerce_thumbnail\" alt=\"Imagen de instalaciones para el desarrollo, fabricaci\u00f3n y comercializaci\u00f3n de fertilizantes convencionales y ecol\u00f3gicos para agricultura.\" srcset=\"https:\/\/www.taeeuropa.eu\/wp-content\/uploads\/cerrar-imagen-mano-sujetando-plantacion-arbol-joven-planta-300x300.jpg 300w, https:\/\/www.taeeuropa.eu\/wp-content\/uploads\/cerrar-imagen-mano-sujetando-plantacion-arbol-joven-planta-150x150.jpg 150w, https:\/\/www.taeeuropa.eu\/wp-content\/uploads\/cerrar-imagen-mano-sujetando-plantacion-arbol-joven-planta-100x100.jpg 100w\" sizes=\"(max-width: 300px) 100vw, 300px\" \/><\/div><\/div><h2 class=\"woocommerce-loop-product__title\">Fertilizantes e adubos<\/h2>\n<\/a><a href=\"https:\/\/www.taeeuropa.eu\/pt\/produto\/abonos-y-fertilizantes-abonos-y-fertilizantes\/\" aria-describedby=\"woocommerce_loop_add_to_cart_link_describedby_5561\" data-quantity=\"1\" class=\"button product_type_simple\" data-product_id=\"5561\" data-product_sku=\"\" aria-label=\"Leia mais sobre \u201cAbonos y fertilizantes\u201d\" rel=\"nofollow\" data-success_message=\"\" data-no-translation=\"\" data-trp-gettext=\"\" data-no-translation-aria-label=\"\">Ler mais<\/a>\t<span id=\"woocommerce_loop_add_to_cart_link_describedby_5561\" class=\"screen-reader-text\">\n\t\t\t<\/span>\n<\/div><\/li>\n<li class=\"product type-product post-5621 status-publish last instock product_cat-buscamos-empresas has-post-thumbnail shipping-taxable product-type-simple\">\n\t<div class=\"nv-card-content-wrapper\"><a href=\"https:\/\/www.taeeuropa.eu\/pt\/produto\/cereales-para-el-desayuno\/\" class=\"woocommerce-LoopProduct-link woocommerce-loop-product__link\"><div class=\"sp-product-image\"><div class=\"img-wrap\"><img loading=\"lazy\" decoding=\"async\" width=\"300\" height=\"300\" src=\"https:\/\/www.taeeuropa.eu\/wp-content\/uploads\/natsuko-d-aprile-sa49T_fgGVE-unsplash-300x300.jpg\" class=\"attachment-woocommerce_thumbnail size-woocommerce_thumbnail\" alt=\"Imagen de instalaciones en venta dedicadas a la producci\u00f3n y envasado de cereales para el desayuno y barritas energ\u00e9ticas.\" srcset=\"https:\/\/www.taeeuropa.eu\/wp-content\/uploads\/natsuko-d-aprile-sa49T_fgGVE-unsplash-300x300.jpg 300w, https:\/\/www.taeeuropa.eu\/wp-content\/uploads\/natsuko-d-aprile-sa49T_fgGVE-unsplash-150x150.jpg 150w, https:\/\/www.taeeuropa.eu\/wp-content\/uploads\/natsuko-d-aprile-sa49T_fgGVE-unsplash-100x100.jpg 100w\" sizes=\"(max-width: 300px) 100vw, 300px\" \/><\/div><\/div><h2 class=\"woocommerce-loop-product__title\">Cereais de pequeno-almo\u00e7o<\/h2>\n<\/a><a href=\"https:\/\/www.taeeuropa.eu\/pt\/produto\/cereales-para-el-desayuno\/\" aria-describedby=\"woocommerce_loop_add_to_cart_link_describedby_5621\" data-quantity=\"1\" class=\"button product_type_simple\" data-product_id=\"5621\" data-product_sku=\"\" aria-label=\"Leia mais sobre \u201cCereales para el desayuno\u201d\" rel=\"nofollow\" data-success_message=\"\" data-no-translation=\"\" data-trp-gettext=\"\" data-no-translation-aria-label=\"\">Ler mais<\/a>\t<span id=\"woocommerce_loop_add_to_cart_link_describedby_5621\" class=\"screen-reader-text\">\n\t\t\t<\/span>\n<\/div><\/li>\n<li class=\"product type-product post-5585 status-publish first instock product_cat-buscamos-empresas has-post-thumbnail shipping-taxable product-type-simple\">\n\t<div class=\"nv-card-content-wrapper\"><a href=\"https:\/\/www.taeeuropa.eu\/pt\/produto\/chocolate-industrial\/\" class=\"woocommerce-LoopProduct-link woocommerce-loop-product__link\"><div class=\"sp-product-image\"><div class=\"img-wrap\"><img loading=\"lazy\" decoding=\"async\" width=\"300\" height=\"300\" src=\"https:\/\/www.taeeuropa.eu\/wp-content\/uploads\/primer-plano-fondo-textura-glaseado-marron-300x300.jpg\" class=\"attachment-woocommerce_thumbnail size-woocommerce_thumbnail\" alt=\"Imagen de instalaciones dedicadas a la fabricaci\u00f3n de aplicaciones para panader\u00eda, boller\u00eda, pasteler\u00eda y chocolates.\" srcset=\"https:\/\/www.taeeuropa.eu\/wp-content\/uploads\/primer-plano-fondo-textura-glaseado-marron-300x300.jpg 300w, https:\/\/www.taeeuropa.eu\/wp-content\/uploads\/primer-plano-fondo-textura-glaseado-marron-150x150.jpg 150w, https:\/\/www.taeeuropa.eu\/wp-content\/uploads\/primer-plano-fondo-textura-glaseado-marron-100x100.jpg 100w\" sizes=\"(max-width: 300px) 100vw, 300px\" \/><\/div><\/div><h2 class=\"woocommerce-loop-product__title\">Chocolate industrial<\/h2>\n<\/a><a href=\"https:\/\/www.taeeuropa.eu\/pt\/produto\/chocolate-industrial\/\" aria-describedby=\"woocommerce_loop_add_to_cart_link_describedby_5585\" data-quantity=\"1\" class=\"button product_type_simple\" data-product_id=\"5585\" data-product_sku=\"\" aria-label=\"Leia mais sobre \u201cChocolate industrial\u201d\" rel=\"nofollow\" data-success_message=\"\" data-no-translation=\"\" data-trp-gettext=\"\" data-no-translation-aria-label=\"\">Ler mais<\/a>\t<span id=\"woocommerce_loop_add_to_cart_link_describedby_5585\" class=\"screen-reader-text\">\n\t\t\t<\/span>\n<\/div><\/li>\n<li class=\"product type-product post-5617 status-publish instock product_cat-buscamos-empresas has-post-thumbnail shipping-taxable product-type-simple\">\n\t<div class=\"nv-card-content-wrapper\"><a href=\"https:\/\/www.taeeuropa.eu\/pt\/produto\/complementos-y-dietetica\/\" class=\"woocommerce-LoopProduct-link woocommerce-loop-product__link\"><div class=\"sp-product-image\"><div class=\"img-wrap\"><img loading=\"lazy\" decoding=\"async\" width=\"300\" height=\"300\" src=\"https:\/\/www.taeeuropa.eu\/wp-content\/uploads\/vista-superior-pildoras-farmacia-tratamiento-natural-300x300.jpg\" class=\"attachment-woocommerce_thumbnail size-woocommerce_thumbnail\" alt=\"Imagen de instalaciones en venta dedicadas a la producci\u00f3n y distribuci\u00f3n de complementos alimenticios y productos diet\u00e9ticos.\" srcset=\"https:\/\/www.taeeuropa.eu\/wp-content\/uploads\/vista-superior-pildoras-farmacia-tratamiento-natural-300x300.jpg 300w, https:\/\/www.taeeuropa.eu\/wp-content\/uploads\/vista-superior-pildoras-farmacia-tratamiento-natural-150x150.jpg 150w, https:\/\/www.taeeuropa.eu\/wp-content\/uploads\/vista-superior-pildoras-farmacia-tratamiento-natural-100x100.jpg 100w\" sizes=\"(max-width: 300px) 100vw, 300px\" \/><\/div><\/div><h2 class=\"woocommerce-loop-product__title\">Suplementos e diet\u00e9tica<\/h2>\n<\/a><a href=\"https:\/\/www.taeeuropa.eu\/pt\/produto\/complementos-y-dietetica\/\" aria-describedby=\"woocommerce_loop_add_to_cart_link_describedby_5617\" data-quantity=\"1\" class=\"button product_type_simple\" data-product_id=\"5617\" data-product_sku=\"\" aria-label=\"Leia mais sobre \u201cComplementos y diet\u00e9tica\u201d\" rel=\"nofollow\" data-success_message=\"\" data-no-translation=\"\" data-trp-gettext=\"\" data-no-translation-aria-label=\"\">Ler mais<\/a>\t<span id=\"woocommerce_loop_add_to_cart_link_describedby_5617\" class=\"screen-reader-text\">\n\t\t\t<\/span>\n<\/div><\/li>\n<li class=\"product type-product post-5611 status-publish instock product_cat-buscamos-empresas has-post-thumbnail shipping-taxable product-type-simple\">\n\t<div class=\"nv-card-content-wrapper\"><a href=\"https:\/\/www.taeeuropa.eu\/pt\/produto\/distribucion-food-service\/\" class=\"woocommerce-LoopProduct-link woocommerce-loop-product__link\"><div class=\"sp-product-image\"><div class=\"img-wrap\"><img loading=\"lazy\" decoding=\"async\" width=\"300\" height=\"300\" src=\"https:\/\/www.taeeuropa.eu\/wp-content\/uploads\/cocinar-poner-lechuga-plato-300x300.jpg\" class=\"attachment-woocommerce_thumbnail size-woocommerce_thumbnail\" alt=\"Imagen de empresa en venta especializadas en la distribuci\u00f3n para el canal Food Service, mostrando log\u00edstica de productos congelados en tres temperaturas.\" srcset=\"https:\/\/www.taeeuropa.eu\/wp-content\/uploads\/cocinar-poner-lechuga-plato-300x300.jpg 300w, https:\/\/www.taeeuropa.eu\/wp-content\/uploads\/cocinar-poner-lechuga-plato-150x150.jpg 150w, https:\/\/www.taeeuropa.eu\/wp-content\/uploads\/cocinar-poner-lechuga-plato-100x100.jpg 100w\" sizes=\"(max-width: 300px) 100vw, 300px\" \/><\/div><\/div><h2 class=\"woocommerce-loop-product__title\">Distribui\u00e7\u00e3o de servi\u00e7os alimentares<\/h2>\n<\/a><a href=\"https:\/\/www.taeeuropa.eu\/pt\/produto\/distribucion-food-service\/\" aria-describedby=\"woocommerce_loop_add_to_cart_link_describedby_5611\" data-quantity=\"1\" class=\"button product_type_simple\" data-product_id=\"5611\" data-product_sku=\"\" aria-label=\"Leia mais sobre \u201cDistribuci\u00f3n Food Service\u201d\" rel=\"nofollow\" data-success_message=\"\" data-no-translation=\"\" data-trp-gettext=\"\" data-no-translation-aria-label=\"\">Ler mais<\/a>\t<span id=\"woocommerce_loop_add_to_cart_link_describedby_5611\" class=\"screen-reader-text\">\n\t\t\t<\/span>\n<\/div><\/li>\n<li class=\"product type-product post-5591 status-publish last instock product_cat-buscamos-empresas has-post-thumbnail shipping-taxable product-type-simple\">\n\t<div class=\"nv-card-content-wrapper\"><a href=\"https:\/\/www.taeeuropa.eu\/pt\/produto\/empresas-de-alimentacion-en-dificultades-economicas\/\" class=\"woocommerce-LoopProduct-link woocommerce-loop-product__link\"><div class=\"sp-product-image\"><div class=\"img-wrap\"><img loading=\"lazy\" decoding=\"async\" width=\"300\" height=\"300\" src=\"https:\/\/www.taeeuropa.eu\/wp-content\/uploads\/silos-agricolas-exterior-edificio-1-300x300.jpg\" class=\"attachment-woocommerce_thumbnail size-woocommerce_thumbnail\" alt=\"Imagen de empresas del sector agroalimentario en dificultades econ\u00f3micas, incluyendo industrias y negocios agr\u00edcolas y ganaderos.\" srcset=\"https:\/\/www.taeeuropa.eu\/wp-content\/uploads\/silos-agricolas-exterior-edificio-1-300x300.jpg 300w, https:\/\/www.taeeuropa.eu\/wp-content\/uploads\/silos-agricolas-exterior-edificio-1-150x150.jpg 150w, https:\/\/www.taeeuropa.eu\/wp-content\/uploads\/silos-agricolas-exterior-edificio-1-100x100.jpg 100w\" sizes=\"(max-width: 300px) 100vw, 300px\" \/><\/div><\/div><h2 class=\"woocommerce-loop-product__title\">Empresas do sector alimentar em dificuldades econ\u00f3micas<\/h2>\n<\/a><a href=\"https:\/\/www.taeeuropa.eu\/pt\/produto\/empresas-de-alimentacion-en-dificultades-economicas\/\" aria-describedby=\"woocommerce_loop_add_to_cart_link_describedby_5591\" data-quantity=\"1\" class=\"button product_type_simple\" data-product_id=\"5591\" data-product_sku=\"\" aria-label=\"Leia mais sobre \u201cEmpresas de alimentaci\u00f3n en dificultades econ\u00f3micas\u201d\" rel=\"nofollow\" data-success_message=\"\" data-no-translation=\"\" data-trp-gettext=\"\" data-no-translation-aria-label=\"\">Ler mais<\/a>\t<span id=\"woocommerce_loop_add_to_cart_link_describedby_5591\" class=\"screen-reader-text\">\n\t\t\t<\/span>\n<\/div><\/li>\n<li class=\"product type-product post-5589 status-publish first instock product_cat-buscamos-empresas has-post-thumbnail shipping-taxable product-type-simple\">\n\t<div class=\"nv-card-content-wrapper\"><a href=\"https:\/\/www.taeeuropa.eu\/pt\/produto\/fabricantes-de-hielo\/\" class=\"woocommerce-LoopProduct-link woocommerce-loop-product__link\"><div class=\"sp-product-image\"><div class=\"img-wrap\"><img loading=\"lazy\" decoding=\"async\" width=\"300\" height=\"300\" src=\"https:\/\/www.taeeuropa.eu\/wp-content\/uploads\/cubitos-hielo-sobre-mesa-300x300.jpg\" class=\"attachment-woocommerce_thumbnail size-woocommerce_thumbnail\" alt=\"Imagen de instalaciones dedicadas a la fabricaci\u00f3n de hielos, mostrando maquinaria y equipos de producci\u00f3n.\" srcset=\"https:\/\/www.taeeuropa.eu\/wp-content\/uploads\/cubitos-hielo-sobre-mesa-300x300.jpg 300w, https:\/\/www.taeeuropa.eu\/wp-content\/uploads\/cubitos-hielo-sobre-mesa-150x150.jpg 150w, https:\/\/www.taeeuropa.eu\/wp-content\/uploads\/cubitos-hielo-sobre-mesa-100x100.jpg 100w\" sizes=\"(max-width: 300px) 100vw, 300px\" \/><\/div><\/div><h2 class=\"woocommerce-loop-product__title\">Fabricantes de gelo<\/h2>\n<\/a><a href=\"https:\/\/www.taeeuropa.eu\/pt\/produto\/fabricantes-de-hielo\/\" aria-describedby=\"woocommerce_loop_add_to_cart_link_describedby_5589\" data-quantity=\"1\" class=\"button product_type_simple\" data-product_id=\"5589\" data-product_sku=\"\" aria-label=\"Leia mais sobre \u201cFabricantes de hielo\u201d\" rel=\"nofollow\" data-success_message=\"\" data-no-translation=\"\" data-trp-gettext=\"\" data-no-translation-aria-label=\"\">Ler mais<\/a>\t<span id=\"woocommerce_loop_add_to_cart_link_describedby_5589\" class=\"screen-reader-text\">\n\t\t\t<\/span>\n<\/div><\/li>\n<li class=\"product type-product post-5601 status-publish instock product_cat-buscamos-empresas has-post-thumbnail shipping-taxable product-type-simple\">\n\t<div class=\"nv-card-content-wrapper\"><a href=\"https:\/\/www.taeeuropa.eu\/pt\/produto\/frutos-secos-2\/\" class=\"woocommerce-LoopProduct-link woocommerce-loop-product__link\"><div class=\"sp-product-image\"><div class=\"img-wrap\"><img loading=\"lazy\" decoding=\"async\" width=\"300\" height=\"300\" src=\"https:\/\/www.taeeuropa.eu\/wp-content\/uploads\/chuttersnap-PYBmNk304G4-unsplash-300x300.jpg\" class=\"attachment-woocommerce_thumbnail size-woocommerce_thumbnail\" alt=\"Imagen de instalaciones en venta productoras de frutos secos, mostrando el proceso desde la compra de materia prima hasta el envasado, convencional y ecol\u00f3gico.\" srcset=\"https:\/\/www.taeeuropa.eu\/wp-content\/uploads\/chuttersnap-PYBmNk304G4-unsplash-300x300.jpg 300w, https:\/\/www.taeeuropa.eu\/wp-content\/uploads\/chuttersnap-PYBmNk304G4-unsplash-150x150.jpg 150w, https:\/\/www.taeeuropa.eu\/wp-content\/uploads\/chuttersnap-PYBmNk304G4-unsplash-100x100.jpg 100w\" sizes=\"(max-width: 300px) 100vw, 300px\" \/><\/div><\/div><h2 class=\"woocommerce-loop-product__title\">Frutos secos<\/h2>\n<\/a><a href=\"https:\/\/www.taeeuropa.eu\/pt\/produto\/frutos-secos-2\/\" aria-describedby=\"woocommerce_loop_add_to_cart_link_describedby_5601\" data-quantity=\"1\" class=\"button product_type_simple\" data-product_id=\"5601\" data-product_sku=\"\" aria-label=\"Leia mais sobre \u201cFrutos secos\u201d\" rel=\"nofollow\" data-success_message=\"\" data-no-translation=\"\" data-trp-gettext=\"\" data-no-translation-aria-label=\"\">Ler mais<\/a>\t<span id=\"woocommerce_loop_add_to_cart_link_describedby_5601\" class=\"screen-reader-text\">\n\t\t\t<\/span>\n<\/div><\/li>\n<li class=\"product type-product post-5595 status-publish instock product_cat-buscamos-empresas has-post-thumbnail shipping-taxable product-type-simple\">\n\t<div class=\"nv-card-content-wrapper\"><a href=\"https:\/\/www.taeeuropa.eu\/pt\/produto\/helados-artesanos\/\" class=\"woocommerce-LoopProduct-link woocommerce-loop-product__link\"><div class=\"sp-product-image\"><div class=\"img-wrap\"><img loading=\"lazy\" decoding=\"async\" width=\"300\" height=\"300\" src=\"https:\/\/www.taeeuropa.eu\/wp-content\/uploads\/jason-leung-BxkMhxgdOh8-unsplash-300x300.jpg\" class=\"attachment-woocommerce_thumbnail size-woocommerce_thumbnail\" alt=\"Imagen de empresa en venta dedicada a la elaboraci\u00f3n y distribuci\u00f3n de helados artesanos, con ventas al canal Horeca y puntos de venta propios.\" srcset=\"https:\/\/www.taeeuropa.eu\/wp-content\/uploads\/jason-leung-BxkMhxgdOh8-unsplash-300x300.jpg 300w, https:\/\/www.taeeuropa.eu\/wp-content\/uploads\/jason-leung-BxkMhxgdOh8-unsplash-150x150.jpg 150w, https:\/\/www.taeeuropa.eu\/wp-content\/uploads\/jason-leung-BxkMhxgdOh8-unsplash-100x100.jpg 100w\" sizes=\"(max-width: 300px) 100vw, 300px\" \/><\/div><\/div><h2 class=\"woocommerce-loop-product__title\">Gelado artesanal<\/h2>\n<\/a><a href=\"https:\/\/www.taeeuropa.eu\/pt\/produto\/helados-artesanos\/\" aria-describedby=\"woocommerce_loop_add_to_cart_link_describedby_5595\" data-quantity=\"1\" class=\"button product_type_simple\" data-product_id=\"5595\" data-product_sku=\"\" aria-label=\"Leia mais sobre \u201cHelados artesanos\u201d\" rel=\"nofollow\" data-success_message=\"\" data-no-translation=\"\" data-trp-gettext=\"\" data-no-translation-aria-label=\"\">Ler mais<\/a>\t<span id=\"woocommerce_loop_add_to_cart_link_describedby_5595\" class=\"screen-reader-text\">\n\t\t\t<\/span>\n<\/div><\/li>\n<li class=\"product type-product post-5603 status-publish last instock product_cat-buscamos-empresas has-post-thumbnail shipping-taxable product-type-simple\">\n\t<div class=\"nv-card-content-wrapper\"><a href=\"https:\/\/www.taeeuropa.eu\/pt\/produto\/hortofruticola\/\" class=\"woocommerce-LoopProduct-link woocommerce-loop-product__link\"><div class=\"sp-product-image\"><div class=\"img-wrap\"><img loading=\"lazy\" decoding=\"async\" width=\"300\" height=\"300\" src=\"https:\/\/www.taeeuropa.eu\/wp-content\/uploads\/markus-spiske-nJtmd4ANdR4-unsplash-300x300.jpg\" class=\"attachment-woocommerce_thumbnail size-woocommerce_thumbnail\" alt=\"Imagen de instalaciones en venta dedicadas a la producci\u00f3n y comercializaci\u00f3n de productos hortofrut\u00edcolas, tanto convencionales como ecol\u00f3gicos.\" srcset=\"https:\/\/www.taeeuropa.eu\/wp-content\/uploads\/markus-spiske-nJtmd4ANdR4-unsplash-300x300.jpg 300w, https:\/\/www.taeeuropa.eu\/wp-content\/uploads\/markus-spiske-nJtmd4ANdR4-unsplash-150x150.jpg 150w, https:\/\/www.taeeuropa.eu\/wp-content\/uploads\/markus-spiske-nJtmd4ANdR4-unsplash-100x100.jpg 100w\" sizes=\"(max-width: 300px) 100vw, 300px\" \/><\/div><\/div><h2 class=\"woocommerce-loop-product__title\">Hortofrut\u00edcola<\/h2>\n<\/a><a href=\"https:\/\/www.taeeuropa.eu\/pt\/produto\/hortofruticola\/\" aria-describedby=\"woocommerce_loop_add_to_cart_link_describedby_5603\" data-quantity=\"1\" class=\"button product_type_simple\" data-product_id=\"5603\" data-product_sku=\"\" aria-label=\"Leia mais sobre \u201cHortofrut\u00edcola\u201d\" rel=\"nofollow\" data-success_message=\"\" data-no-translation=\"\" data-trp-gettext=\"\" data-no-translation-aria-label=\"\">Ler mais<\/a>\t<span id=\"woocommerce_loop_add_to_cart_link_describedby_5603\" class=\"screen-reader-text\">\n\t\t\t<\/span>\n<\/div><\/li>\n<li class=\"product type-product post-5575 status-publish first instock product_cat-buscamos-empresas has-post-thumbnail shipping-taxable product-type-simple\">\n\t<div class=\"nv-card-content-wrapper\"><a href=\"https:\/\/www.taeeuropa.eu\/pt\/produto\/jamones-y-embutidos-curados\/\" class=\"woocommerce-LoopProduct-link woocommerce-loop-product__link\"><div class=\"sp-product-image\"><div class=\"img-wrap\"><img loading=\"lazy\" decoding=\"async\" width=\"300\" height=\"300\" src=\"https:\/\/www.taeeuropa.eu\/wp-content\/uploads\/cortador-profesional-que-talla-rebanadas-jamon-serrano-entero-hueso-300x300.jpg\" class=\"attachment-woocommerce_thumbnail size-woocommerce_thumbnail\" alt=\"Imagen de instalaciones para la elaboraci\u00f3n de jamones y embutidos curados, con maquinaria y \u00e1reas de producci\u00f3n adaptables para estos productos.\" srcset=\"https:\/\/www.taeeuropa.eu\/wp-content\/uploads\/cortador-profesional-que-talla-rebanadas-jamon-serrano-entero-hueso-300x300.jpg 300w, https:\/\/www.taeeuropa.eu\/wp-content\/uploads\/cortador-profesional-que-talla-rebanadas-jamon-serrano-entero-hueso-150x150.jpg 150w, https:\/\/www.taeeuropa.eu\/wp-content\/uploads\/cortador-profesional-que-talla-rebanadas-jamon-serrano-entero-hueso-100x100.jpg 100w\" sizes=\"(max-width: 300px) 100vw, 300px\" \/><\/div><\/div><h2 class=\"woocommerce-loop-product__title\">Presuntos e salsichas curadas<\/h2>\n<\/a><a href=\"https:\/\/www.taeeuropa.eu\/pt\/produto\/jamones-y-embutidos-curados\/\" aria-describedby=\"woocommerce_loop_add_to_cart_link_describedby_5575\" data-quantity=\"1\" class=\"button product_type_simple\" data-product_id=\"5575\" data-product_sku=\"\" aria-label=\"Leia mais sobre \u201cJamones y Embutidos curados\u201d\" rel=\"nofollow\" data-success_message=\"\" data-no-translation=\"\" data-trp-gettext=\"\" data-no-translation-aria-label=\"\">Ler mais<\/a>\t<span id=\"woocommerce_loop_add_to_cart_link_describedby_5575\" class=\"screen-reader-text\">\n\t\t\t<\/span>\n<\/div><\/li>\n<li class=\"product type-product post-5619 status-publish instock product_cat-buscamos-empresas has-post-thumbnail shipping-taxable product-type-simple\">\n\t<div class=\"nv-card-content-wrapper\"><a href=\"https:\/\/www.taeeuropa.eu\/pt\/produto\/manantiales-de-agua\/\" class=\"woocommerce-LoopProduct-link woocommerce-loop-product__link\"><div class=\"sp-product-image\"><div class=\"img-wrap\"><img loading=\"lazy\" decoding=\"async\" width=\"300\" height=\"300\" src=\"https:\/\/www.taeeuropa.eu\/wp-content\/uploads\/andy-mai-QdSYuTtcGZE-unsplash-300x300.jpg\" class=\"attachment-woocommerce_thumbnail size-woocommerce_thumbnail\" alt=\"Imagen de manantiales de agua en venta con planta de embotellamiento y red de distribuci\u00f3n integrada.\" srcset=\"https:\/\/www.taeeuropa.eu\/wp-content\/uploads\/andy-mai-QdSYuTtcGZE-unsplash-300x300.jpg 300w, https:\/\/www.taeeuropa.eu\/wp-content\/uploads\/andy-mai-QdSYuTtcGZE-unsplash-150x150.jpg 150w, https:\/\/www.taeeuropa.eu\/wp-content\/uploads\/andy-mai-QdSYuTtcGZE-unsplash-100x100.jpg 100w\" sizes=\"(max-width: 300px) 100vw, 300px\" \/><\/div><\/div><h2 class=\"woocommerce-loop-product__title\">Nascentes de \u00e1gua<\/h2>\n<\/a><a href=\"https:\/\/www.taeeuropa.eu\/pt\/produto\/manantiales-de-agua\/\" aria-describedby=\"woocommerce_loop_add_to_cart_link_describedby_5619\" data-quantity=\"1\" class=\"button product_type_simple\" data-product_id=\"5619\" data-product_sku=\"\" aria-label=\"Leia mais sobre \u201cManantiales de Agua\u201d\" rel=\"nofollow\" data-success_message=\"\" data-no-translation=\"\" data-trp-gettext=\"\" data-no-translation-aria-label=\"\">Ler mais<\/a>\t<span id=\"woocommerce_loop_add_to_cart_link_describedby_5619\" class=\"screen-reader-text\">\n\t\t\t<\/span>\n<\/div><\/li>\n<li class=\"product type-product post-5635 status-publish instock product_cat-buscamos-empresas has-post-thumbnail shipping-taxable product-type-simple\">\n\t<div class=\"nv-card-content-wrapper\"><a href=\"https:\/\/www.taeeuropa.eu\/pt\/produto\/pasteleria-congelada\/\" class=\"woocommerce-LoopProduct-link woocommerce-loop-product__link\"><div class=\"sp-product-image\"><div class=\"img-wrap\"><img loading=\"lazy\" decoding=\"async\" width=\"300\" height=\"300\" src=\"https:\/\/www.taeeuropa.eu\/wp-content\/uploads\/rebanadas-pastel-crema-roja-deliciosas-fresas-deliciosas-disenadas-dentro-plato-blanco-300x300.jpg\" class=\"attachment-woocommerce_thumbnail size-woocommerce_thumbnail\" alt=\"Empresa de pasteler\u00eda en venta industrial que produce y comercializa productos congelados listos para hornear o servir.\" srcset=\"https:\/\/www.taeeuropa.eu\/wp-content\/uploads\/rebanadas-pastel-crema-roja-deliciosas-fresas-deliciosas-disenadas-dentro-plato-blanco-300x300.jpg 300w, https:\/\/www.taeeuropa.eu\/wp-content\/uploads\/rebanadas-pastel-crema-roja-deliciosas-fresas-deliciosas-disenadas-dentro-plato-blanco-150x150.jpg 150w, https:\/\/www.taeeuropa.eu\/wp-content\/uploads\/rebanadas-pastel-crema-roja-deliciosas-fresas-deliciosas-disenadas-dentro-plato-blanco-100x100.jpg 100w\" sizes=\"(max-width: 300px) 100vw, 300px\" \/><\/div><\/div><h2 class=\"woocommerce-loop-product__title\">Produtos de pastelaria congelados<\/h2>\n<\/a><a href=\"https:\/\/www.taeeuropa.eu\/pt\/produto\/pasteleria-congelada\/\" aria-describedby=\"woocommerce_loop_add_to_cart_link_describedby_5635\" data-quantity=\"1\" class=\"button product_type_simple\" data-product_id=\"5635\" data-product_sku=\"\" aria-label=\"Leia mais sobre \u201cPasteler\u00eda congelada\u201d\" rel=\"nofollow\" data-success_message=\"\" data-no-translation=\"\" data-trp-gettext=\"\" data-no-translation-aria-label=\"\">Ler mais<\/a>\t<span id=\"woocommerce_loop_add_to_cart_link_describedby_5635\" class=\"screen-reader-text\">\n\t\t\t<\/span>\n<\/div><\/li>\n<li class=\"product type-product post-5623 status-publish last instock product_cat-buscamos-empresas has-post-thumbnail shipping-taxable product-type-simple\">\n\t<div class=\"nv-card-content-wrapper\"><a href=\"https:\/\/www.taeeuropa.eu\/pt\/produto\/pescado\/\" class=\"woocommerce-LoopProduct-link woocommerce-loop-product__link\"><div class=\"sp-product-image\"><div class=\"img-wrap\"><img loading=\"lazy\" decoding=\"async\" width=\"300\" height=\"300\" src=\"https:\/\/www.taeeuropa.eu\/wp-content\/uploads\/jakub-kapusnak-vLQzopDRSNI-unsplash-300x300.jpg\" class=\"attachment-woocommerce_thumbnail size-woocommerce_thumbnail\" alt=\"Imagen de instalaciones en venta especializadas en la transformaci\u00f3n, distribuci\u00f3n y comercializaci\u00f3n de pescado fresco y congelado.\" srcset=\"https:\/\/www.taeeuropa.eu\/wp-content\/uploads\/jakub-kapusnak-vLQzopDRSNI-unsplash-300x300.jpg 300w, https:\/\/www.taeeuropa.eu\/wp-content\/uploads\/jakub-kapusnak-vLQzopDRSNI-unsplash-150x150.jpg 150w, https:\/\/www.taeeuropa.eu\/wp-content\/uploads\/jakub-kapusnak-vLQzopDRSNI-unsplash-100x100.jpg 100w\" sizes=\"(max-width: 300px) 100vw, 300px\" \/><\/div><\/div><h2 class=\"woocommerce-loop-product__title\">Peixe<\/h2>\n<\/a><a href=\"https:\/\/www.taeeuropa.eu\/pt\/produto\/pescado\/\" aria-describedby=\"woocommerce_loop_add_to_cart_link_describedby_5623\" data-quantity=\"1\" class=\"button product_type_simple\" data-product_id=\"5623\" data-product_sku=\"\" aria-label=\"Leia mais sobre \u201cPescado\u201d\" rel=\"nofollow\" data-success_message=\"\" data-no-translation=\"\" data-trp-gettext=\"\" data-no-translation-aria-label=\"\">Ler mais<\/a>\t<span id=\"woocommerce_loop_add_to_cart_link_describedby_5623\" class=\"screen-reader-text\">\n\t\t\t<\/span>\n<\/div><\/li>\n<li class=\"product type-product post-5633 status-publish first instock product_cat-buscamos-empresas has-post-thumbnail shipping-taxable product-type-simple\">\n\t<div class=\"nv-card-content-wrapper\"><a href=\"https:\/\/www.taeeuropa.eu\/pt\/produto\/quesos\/\" class=\"woocommerce-LoopProduct-link woocommerce-loop-product__link\"><div class=\"sp-product-image\"><div class=\"img-wrap\"><img loading=\"lazy\" decoding=\"async\" width=\"300\" height=\"300\" src=\"https:\/\/www.taeeuropa.eu\/wp-content\/uploads\/food-photographer-JJcT6VJWDlg-unsplash-300x300.jpg\" class=\"attachment-woocommerce_thumbnail size-woocommerce_thumbnail\" alt=\"Empresa en venta moderna de elaboraci\u00f3n de queso, con tecnolog\u00eda avanzada y procesos higi\u00e9nicos en una planta de producci\u00f3n especializada.\" srcset=\"https:\/\/www.taeeuropa.eu\/wp-content\/uploads\/food-photographer-JJcT6VJWDlg-unsplash-300x300.jpg 300w, https:\/\/www.taeeuropa.eu\/wp-content\/uploads\/food-photographer-JJcT6VJWDlg-unsplash-150x150.jpg 150w, https:\/\/www.taeeuropa.eu\/wp-content\/uploads\/food-photographer-JJcT6VJWDlg-unsplash-100x100.jpg 100w\" sizes=\"(max-width: 300px) 100vw, 300px\" \/><\/div><\/div><h2 class=\"woocommerce-loop-product__title\">Queijo<\/h2>\n<\/a><a href=\"https:\/\/www.taeeuropa.eu\/pt\/produto\/quesos\/\" aria-describedby=\"woocommerce_loop_add_to_cart_link_describedby_5633\" data-quantity=\"1\" class=\"button product_type_simple\" data-product_id=\"5633\" data-product_sku=\"\" aria-label=\"Leia mais sobre \u201cQuesos\u201d\" rel=\"nofollow\" data-success_message=\"\" data-no-translation=\"\" data-trp-gettext=\"\" data-no-translation-aria-label=\"\">Ler mais<\/a>\t<span id=\"woocommerce_loop_add_to_cart_link_describedby_5633\" class=\"screen-reader-text\">\n\t\t\t<\/span>\n<\/div><\/li>\n<li class=\"product type-product post-5597 status-publish instock product_cat-buscamos-empresas has-post-thumbnail shipping-taxable product-type-simple\">\n\t<div class=\"nv-card-content-wrapper\"><a href=\"https:\/\/www.taeeuropa.eu\/pt\/produto\/granjas-porcinas\/\" class=\"woocommerce-LoopProduct-link woocommerce-loop-product__link\"><div class=\"sp-product-image\"><div class=\"img-wrap\"><img loading=\"lazy\" decoding=\"async\" width=\"300\" height=\"300\" src=\"https:\/\/www.taeeuropa.eu\/wp-content\/uploads\/diego-san-tlJ_5jVHMF4-unsplash-300x300.jpg\" class=\"attachment-woocommerce_thumbnail size-woocommerce_thumbnail\" alt=\"Imagen de granjas porcinas en venta, mostrando instalaciones para engorde, ciclo completo y cr\u00eda, con cerdos blancos e ib\u00e9ricos.\" srcset=\"https:\/\/www.taeeuropa.eu\/wp-content\/uploads\/diego-san-tlJ_5jVHMF4-unsplash-300x300.jpg 300w, https:\/\/www.taeeuropa.eu\/wp-content\/uploads\/diego-san-tlJ_5jVHMF4-unsplash-150x150.jpg 150w, https:\/\/www.taeeuropa.eu\/wp-content\/uploads\/diego-san-tlJ_5jVHMF4-unsplash-100x100.jpg 100w\" sizes=\"(max-width: 300px) 100vw, 300px\" \/><\/div><\/div><h2 class=\"woocommerce-loop-product__title\">Explora\u00e7\u00f5es de su\u00ednos<\/h2>\n<\/a><a href=\"https:\/\/www.taeeuropa.eu\/pt\/produto\/granjas-porcinas\/\" aria-describedby=\"woocommerce_loop_add_to_cart_link_describedby_5597\" data-quantity=\"1\" class=\"button product_type_simple\" data-product_id=\"5597\" data-product_sku=\"\" aria-label=\"Leia mais sobre \u201cGranjas porcinas\u201d\" rel=\"nofollow\" data-success_message=\"\" data-no-translation=\"\" data-trp-gettext=\"\" data-no-translation-aria-label=\"\">Ler mais<\/a>\t<span id=\"woocommerce_loop_add_to_cart_link_describedby_5597\" class=\"screen-reader-text\">\n\t\t\t<\/span>\n<\/div><\/li>\n<li class=\"product type-product post-5629 status-publish instock product_cat-buscamos-empresas has-post-thumbnail shipping-taxable product-type-simple\">\n\t<div class=\"nv-card-content-wrapper\"><a href=\"https:\/\/www.taeeuropa.eu\/pt\/produto\/piscifactorias\/\" class=\"woocommerce-LoopProduct-link woocommerce-loop-product__link\"><div class=\"sp-product-image\"><div class=\"img-wrap\"><img loading=\"lazy\" decoding=\"async\" width=\"300\" height=\"300\" src=\"https:\/\/www.taeeuropa.eu\/wp-content\/uploads\/erwan-hesry-KJFLWEkrhPQ-unsplash-300x300.jpg\" class=\"attachment-woocommerce_thumbnail size-woocommerce_thumbnail\" alt=\"Imagen de piscifactor\u00edas de mar y r\u00edo en venta, mostrando truchas, salmones, lubinas y doradas en su entorno de cr\u00eda.\" srcset=\"https:\/\/www.taeeuropa.eu\/wp-content\/uploads\/erwan-hesry-KJFLWEkrhPQ-unsplash-300x300.jpg 300w, https:\/\/www.taeeuropa.eu\/wp-content\/uploads\/erwan-hesry-KJFLWEkrhPQ-unsplash-150x150.jpg 150w, https:\/\/www.taeeuropa.eu\/wp-content\/uploads\/erwan-hesry-KJFLWEkrhPQ-unsplash-100x100.jpg 100w\" sizes=\"(max-width: 300px) 100vw, 300px\" \/><\/div><\/div><h2 class=\"woocommerce-loop-product__title\">Explora\u00e7\u00f5es pisc\u00edcolas<\/h2>\n<\/a><a href=\"https:\/\/www.taeeuropa.eu\/pt\/produto\/piscifactorias\/\" aria-describedby=\"woocommerce_loop_add_to_cart_link_describedby_5629\" data-quantity=\"1\" class=\"button product_type_simple\" data-product_id=\"5629\" data-product_sku=\"\" aria-label=\"Leia mais sobre \u201cPiscifactor\u00edas\u201d\" rel=\"nofollow\" data-success_message=\"\" data-no-translation=\"\" data-trp-gettext=\"\" data-no-translation-aria-label=\"\">Ler mais<\/a>\t<span id=\"woocommerce_loop_add_to_cart_link_describedby_5629\" class=\"screen-reader-text\">\n\t\t\t<\/span>\n<\/div><\/li>\n<li class=\"product type-product post-5579 status-publish last instock product_cat-buscamos-empresas has-post-thumbnail shipping-taxable product-type-simple\">\n\t<div class=\"nv-card-content-wrapper\"><a href=\"https:\/\/www.taeeuropa.eu\/pt\/produto\/fincas-de-citricos\/\" class=\"woocommerce-LoopProduct-link woocommerce-loop-product__link\"><div class=\"sp-product-image\"><div class=\"img-wrap\"><img loading=\"lazy\" decoding=\"async\" width=\"300\" height=\"300\" src=\"https:\/\/www.taeeuropa.eu\/wp-content\/uploads\/mandarinas-sobre-mesa-300x300.jpg\" class=\"attachment-woocommerce_thumbnail size-woocommerce_thumbnail\" alt=\"Imagen de fincas dedicadas al cultivo de c\u00edtricos, mostrando huertos con \u00e1rboles frutales y \u00e1reas de cultivo.\" srcset=\"https:\/\/www.taeeuropa.eu\/wp-content\/uploads\/mandarinas-sobre-mesa-300x300.jpg 300w, https:\/\/www.taeeuropa.eu\/wp-content\/uploads\/mandarinas-sobre-mesa-150x150.jpg 150w, https:\/\/www.taeeuropa.eu\/wp-content\/uploads\/mandarinas-sobre-mesa-100x100.jpg 100w\" sizes=\"(max-width: 300px) 100vw, 300px\" \/><\/div><\/div><h2 class=\"woocommerce-loop-product__title\">Explora\u00e7\u00f5es de citrinos<\/h2>\n<\/a><a href=\"https:\/\/www.taeeuropa.eu\/pt\/produto\/fincas-de-citricos\/\" aria-describedby=\"woocommerce_loop_add_to_cart_link_describedby_5579\" data-quantity=\"1\" class=\"button product_type_simple\" data-product_id=\"5579\" data-product_sku=\"\" aria-label=\"Leia mais sobre \u201cFincas de c\u00edtricos\u201d\" rel=\"nofollow\" data-success_message=\"\" data-no-translation=\"\" data-trp-gettext=\"\" data-no-translation-aria-label=\"\">Ler mais<\/a>\t<span id=\"woocommerce_loop_add_to_cart_link_describedby_5579\" class=\"screen-reader-text\">\n\t\t\t<\/span>\n<\/div><\/li>\n<li class=\"product type-product post-5605 status-publish first instock product_cat-buscamos-empresas has-post-thumbnail shipping-taxable product-type-simple\">\n\t<div class=\"nv-card-content-wrapper\"><a href=\"https:\/\/www.taeeuropa.eu\/pt\/produto\/fincas-de-aguacates\/\" class=\"woocommerce-LoopProduct-link woocommerce-loop-product__link\"><div class=\"sp-product-image\"><div class=\"img-wrap\"><img loading=\"lazy\" decoding=\"async\" width=\"300\" height=\"300\" src=\"https:\/\/www.taeeuropa.eu\/wp-content\/uploads\/pexels-engin-akyurt-10899607-300x300.jpg\" class=\"attachment-woocommerce_thumbnail size-woocommerce_thumbnail\" alt=\"Imagen de una finca en venta de aguacates en busca para comprar, mostrando el cultivo de \u00e1rboles y el terreno disponible.\" srcset=\"https:\/\/www.taeeuropa.eu\/wp-content\/uploads\/pexels-engin-akyurt-10899607-300x300.jpg 300w, https:\/\/www.taeeuropa.eu\/wp-content\/uploads\/pexels-engin-akyurt-10899607-150x150.jpg 150w, https:\/\/www.taeeuropa.eu\/wp-content\/uploads\/pexels-engin-akyurt-10899607-100x100.jpg 100w\" sizes=\"(max-width: 300px) 100vw, 300px\" \/><\/div><\/div><h2 class=\"woocommerce-loop-product__title\">Explora\u00e7\u00f5es de abacate<\/h2>\n<\/a><a href=\"https:\/\/www.taeeuropa.eu\/pt\/produto\/fincas-de-aguacates\/\" aria-describedby=\"woocommerce_loop_add_to_cart_link_describedby_5605\" data-quantity=\"1\" class=\"button product_type_simple\" data-product_id=\"5605\" data-product_sku=\"\" aria-label=\"Leia mais sobre \u201cFincas de aguacates\u201d\" rel=\"nofollow\" data-success_message=\"\" data-no-translation=\"\" data-trp-gettext=\"\" data-no-translation-aria-label=\"\">Ler mais<\/a>\t<span id=\"woocommerce_loop_add_to_cart_link_describedby_5605\" class=\"screen-reader-text\">\n\t\t\t<\/span>\n<\/div><\/li>\n<li class=\"product type-product post-5627 status-publish instock product_cat-buscamos-empresas has-post-thumbnail shipping-taxable product-type-simple\">\n\t<div class=\"nv-card-content-wrapper\"><a href=\"https:\/\/www.taeeuropa.eu\/pt\/produto\/fincas-olivos-y-almendros\/\" class=\"woocommerce-LoopProduct-link woocommerce-loop-product__link\"><div class=\"sp-product-image\"><div class=\"img-wrap\"><img loading=\"lazy\" decoding=\"async\" width=\"300\" height=\"300\" src=\"https:\/\/www.taeeuropa.eu\/wp-content\/uploads\/nazar-hrabovyi-lIuxlN0zSjs-unsplash-300x300.jpg\" class=\"attachment-woocommerce_thumbnail size-woocommerce_thumbnail\" alt=\"Imagen de fincas grandes en venta con olivos y almendros de regad\u00edo, mostrando cultivos intensivos y superintensivos en expansi\u00f3n.\" srcset=\"https:\/\/www.taeeuropa.eu\/wp-content\/uploads\/nazar-hrabovyi-lIuxlN0zSjs-unsplash-300x300.jpg 300w, https:\/\/www.taeeuropa.eu\/wp-content\/uploads\/nazar-hrabovyi-lIuxlN0zSjs-unsplash-150x150.jpg 150w, https:\/\/www.taeeuropa.eu\/wp-content\/uploads\/nazar-hrabovyi-lIuxlN0zSjs-unsplash-100x100.jpg 100w\" sizes=\"(max-width: 300px) 100vw, 300px\" \/><\/div><\/div><h2 class=\"woocommerce-loop-product__title\">Herdade Olivos y Almendros<\/h2>\n<\/a><a href=\"https:\/\/www.taeeuropa.eu\/pt\/produto\/fincas-olivos-y-almendros\/\" aria-describedby=\"woocommerce_loop_add_to_cart_link_describedby_5627\" data-quantity=\"1\" class=\"button product_type_simple\" data-product_id=\"5627\" data-product_sku=\"\" aria-label=\"Leia mais sobre \u201cFincas Olivos y Almendros\u201d\" rel=\"nofollow\" data-success_message=\"\" data-no-translation=\"\" data-trp-gettext=\"\" data-no-translation-aria-label=\"\">Ler mais<\/a>\t<span id=\"woocommerce_loop_add_to_cart_link_describedby_5627\" class=\"screen-reader-text\">\n\t\t\t<\/span>\n<\/div><\/li>\n<\/ul>\n<\/div><\/p>\t\t\t\t\t\t\t\t<\/div>\n\t\t\t\t<\/div>\n\t\t\t\t<\/div>\n\t\t\t\t<\/div>","protected":false},"excerpt":{"rendered":"<p>Procuramos empresas Partilhamos o que os nossos clientes procuram no sector.<\/p>","protected":false},"author":3,"featured_media":548,"parent":0,"menu_order":0,"comment_status":"closed","ping_status":"closed","template":"","meta":{"om_disable_all_campaigns":false,"_monsterinsights_skip_tracking":false,"_monsterinsights_sitenote_active":false,"_monsterinsights_sitenote_note":"","_monsterinsights_sitenote_category":0,"neve_meta_sidebar":"","neve_meta_container":"","neve_meta_enable_content_width":"","neve_meta_content_width":0,"neve_meta_title_alignment":"","neve_meta_author_avatar":"","neve_post_elements_order":"","neve_meta_disable_header":"","neve_meta_disable_footer":"","neve_meta_disable_title":"","footnotes":""},"class_list":["post-780","page","type-page","status-publish","has-post-thumbnail","hentry"],"yoast_head":"<!-- This site is optimized with the Yoast SEO plugin v27.4 - https:\/\/yoast.com\/product\/yoast-seo-wordpress\/ -->\n<title>TAE Europa | \u00a1Buscamos empresas!<\/title>\n<meta name=\"description\" content=\"Buscamos empresas dentro de la industria de la alimentaci\u00f3n, bebidas y agricultura. Somos especialistas en el sector.\" \/>\n<meta name=\"robots\" content=\"index, follow, max-snippet:-1, max-image-preview:large, max-video-preview:-1\" \/>\n<link rel=\"canonical\" href=\"https:\/\/www.taeeuropa.eu\/pt\/buscamos-empresas\/\" \/>\n<meta property=\"og:locale\" content=\"pt_PT\" \/>\n<meta property=\"og:type\" content=\"article\" \/>\n<meta property=\"og:title\" content=\"TAE Europa | \u00a1Buscamos empresas!\" \/>\n<meta property=\"og:description\" content=\"Buscamos empresas dentro de la industria de la alimentaci\u00f3n, bebidas y agricultura. Somos especialistas en el sector.\" \/>\n<meta property=\"og:url\" content=\"https:\/\/www.taeeuropa.eu\/pt\/buscamos-empresas\/\" \/>\n<meta property=\"og:site_name\" content=\"TAE Europa\" \/>\n<meta property=\"article:modified_time\" content=\"2024-09-16T11:30:03+00:00\" \/>\n<meta property=\"og:image\" content=\"https:\/\/www.taeeuropa.eu\/wp-content\/uploads\/Logo-fondo-blanco.jpg\" \/>\n\t<meta property=\"og:image:width\" content=\"460\" \/>\n\t<meta property=\"og:image:height\" content=\"460\" \/>\n\t<meta property=\"og:image:type\" content=\"image\/jpeg\" \/>\n<meta name=\"twitter:card\" content=\"summary_large_image\" \/>\n<meta name=\"twitter:label1\" content=\"Tempo estimado de leitura\" \/>\n\t<meta name=\"twitter:data1\" content=\"1 minuto\" \/>\n<script type=\"application\/ld+json\" class=\"yoast-schema-graph\">{\"@context\":\"https:\\\/\\\/schema.org\",\"@graph\":[{\"@type\":\"WebPage\",\"@id\":\"https:\\\/\\\/www.taeeuropa.eu\\\/buscamos-empresas\\\/\",\"url\":\"https:\\\/\\\/www.taeeuropa.eu\\\/buscamos-empresas\\\/\",\"name\":\"TAE Europa | \u00a1Buscamos empresas!\",\"isPartOf\":{\"@id\":\"https:\\\/\\\/www.taeeuropa.eu\\\/#website\"},\"primaryImageOfPage\":{\"@id\":\"https:\\\/\\\/www.taeeuropa.eu\\\/buscamos-empresas\\\/#primaryimage\"},\"image\":{\"@id\":\"https:\\\/\\\/www.taeeuropa.eu\\\/buscamos-empresas\\\/#primaryimage\"},\"thumbnailUrl\":\"https:\\\/\\\/www.taeeuropa.eu\\\/wp-content\\\/uploads\\\/Logo-fondo-blanco.jpg\",\"datePublished\":\"2023-11-20T09:56:05+00:00\",\"dateModified\":\"2024-09-16T11:30:03+00:00\",\"description\":\"Buscamos empresas dentro de la industria de la alimentaci\u00f3n, bebidas y agricultura. Somos especialistas en el sector.\",\"breadcrumb\":{\"@id\":\"https:\\\/\\\/www.taeeuropa.eu\\\/buscamos-empresas\\\/#breadcrumb\"},\"inLanguage\":\"pt-PT\",\"potentialAction\":[{\"@type\":\"ReadAction\",\"target\":[\"https:\\\/\\\/www.taeeuropa.eu\\\/buscamos-empresas\\\/\"]}]},{\"@type\":\"ImageObject\",\"inLanguage\":\"pt-PT\",\"@id\":\"https:\\\/\\\/www.taeeuropa.eu\\\/buscamos-empresas\\\/#primaryimage\",\"url\":\"https:\\\/\\\/www.taeeuropa.eu\\\/wp-content\\\/uploads\\\/Logo-fondo-blanco.jpg\",\"contentUrl\":\"https:\\\/\\\/www.taeeuropa.eu\\\/wp-content\\\/uploads\\\/Logo-fondo-blanco.jpg\",\"width\":460,\"height\":460,\"caption\":\"Logo de TAE Europa, empresa de M&A especializada en el sector agroalimentario\"},{\"@type\":\"BreadcrumbList\",\"@id\":\"https:\\\/\\\/www.taeeuropa.eu\\\/buscamos-empresas\\\/#breadcrumb\",\"itemListElement\":[{\"@type\":\"ListItem\",\"position\":1,\"name\":\"Portada\",\"item\":\"https:\\\/\\\/www.taeeuropa.eu\\\/\"},{\"@type\":\"ListItem\",\"position\":2,\"name\":\"\u00a1Buscamos empresas!\"}]},{\"@type\":\"WebSite\",\"@id\":\"https:\\\/\\\/www.taeeuropa.eu\\\/#website\",\"url\":\"https:\\\/\\\/www.taeeuropa.eu\\\/\",\"name\":\"TAE Europa\",\"description\":\"Fusiones y Adquisiciones | Sector agroalimentario\",\"publisher\":{\"@id\":\"https:\\\/\\\/www.taeeuropa.eu\\\/#organization\"},\"potentialAction\":[{\"@type\":\"SearchAction\",\"target\":{\"@type\":\"EntryPoint\",\"urlTemplate\":\"https:\\\/\\\/www.taeeuropa.eu\\\/?s={search_term_string}\"},\"query-input\":{\"@type\":\"PropertyValueSpecification\",\"valueRequired\":true,\"valueName\":\"search_term_string\"}}],\"inLanguage\":\"pt-PT\"},{\"@type\":\"Organization\",\"@id\":\"https:\\\/\\\/www.taeeuropa.eu\\\/#organization\",\"name\":\"TAE Europa\",\"url\":\"https:\\\/\\\/www.taeeuropa.eu\\\/\",\"logo\":{\"@type\":\"ImageObject\",\"inLanguage\":\"pt-PT\",\"@id\":\"https:\\\/\\\/www.taeeuropa.eu\\\/#\\\/schema\\\/logo\\\/image\\\/\",\"url\":\"https:\\\/\\\/www.taeeuropa.eu\\\/wp-content\\\/uploads\\\/Logo-fondo-blanco-1.jpg\",\"contentUrl\":\"https:\\\/\\\/www.taeeuropa.eu\\\/wp-content\\\/uploads\\\/Logo-fondo-blanco-1.jpg\",\"width\":460,\"height\":460,\"caption\":\"TAE Europa\"},\"image\":{\"@id\":\"https:\\\/\\\/www.taeeuropa.eu\\\/#\\\/schema\\\/logo\\\/image\\\/\"},\"sameAs\":[\"https:\\\/\\\/www.linkedin.com\\\/company\\\/taeeuropa\\\/\"]}]}<\/script>\n<!-- \/ Yoast SEO plugin. -->","yoast_head_json":{"title":"TAE Europa | \u00a1Buscamos empresas!","description":"Buscamos empresas dentro de la industria de la alimentaci\u00f3n, bebidas y agricultura. Somos especialistas en el sector.","robots":{"index":"index","follow":"follow","max-snippet":"max-snippet:-1","max-image-preview":"max-image-preview:large","max-video-preview":"max-video-preview:-1"},"canonical":"https:\/\/www.taeeuropa.eu\/pt\/buscamos-empresas\/","og_locale":"pt_PT","og_type":"article","og_title":"TAE Europa | \u00a1Buscamos empresas!","og_description":"Buscamos empresas dentro de la industria de la alimentaci\u00f3n, bebidas y agricultura. Somos especialistas en el sector.","og_url":"https:\/\/www.taeeuropa.eu\/pt\/buscamos-empresas\/","og_site_name":"TAE Europa","article_modified_time":"2024-09-16T11:30:03+00:00","og_image":[{"width":460,"height":460,"url":"https:\/\/www.taeeuropa.eu\/wp-content\/uploads\/Logo-fondo-blanco.jpg","type":"image\/jpeg"}],"twitter_card":"summary_large_image","twitter_misc":{"Tempo estimado de leitura":"1 minuto"},"schema":{"@context":"https:\/\/schema.org","@graph":[{"@type":"WebPage","@id":"https:\/\/www.taeeuropa.eu\/buscamos-empresas\/","url":"https:\/\/www.taeeuropa.eu\/buscamos-empresas\/","name":"TAE Europa | \u00a1Buscamos empresas!","isPartOf":{"@id":"https:\/\/www.taeeuropa.eu\/#website"},"primaryImageOfPage":{"@id":"https:\/\/www.taeeuropa.eu\/buscamos-empresas\/#primaryimage"},"image":{"@id":"https:\/\/www.taeeuropa.eu\/buscamos-empresas\/#primaryimage"},"thumbnailUrl":"https:\/\/www.taeeuropa.eu\/wp-content\/uploads\/Logo-fondo-blanco.jpg","datePublished":"2023-11-20T09:56:05+00:00","dateModified":"2024-09-16T11:30:03+00:00","description":"Buscamos empresas dentro de la industria de la alimentaci\u00f3n, bebidas y agricultura. Somos especialistas en el sector.","breadcrumb":{"@id":"https:\/\/www.taeeuropa.eu\/buscamos-empresas\/#breadcrumb"},"inLanguage":"pt-PT","potentialAction":[{"@type":"ReadAction","target":["https:\/\/www.taeeuropa.eu\/buscamos-empresas\/"]}]},{"@type":"ImageObject","inLanguage":"pt-PT","@id":"https:\/\/www.taeeuropa.eu\/buscamos-empresas\/#primaryimage","url":"https:\/\/www.taeeuropa.eu\/wp-content\/uploads\/Logo-fondo-blanco.jpg","contentUrl":"https:\/\/www.taeeuropa.eu\/wp-content\/uploads\/Logo-fondo-blanco.jpg","width":460,"height":460,"caption":"Logo de TAE Europa, empresa de M&A especializada en el sector agroalimentario"},{"@type":"BreadcrumbList","@id":"https:\/\/www.taeeuropa.eu\/buscamos-empresas\/#breadcrumb","itemListElement":[{"@type":"ListItem","position":1,"name":"Portada","item":"https:\/\/www.taeeuropa.eu\/"},{"@type":"ListItem","position":2,"name":"\u00a1Buscamos empresas!"}]},{"@type":"WebSite","@id":"https:\/\/www.taeeuropa.eu\/#website","url":"https:\/\/www.taeeuropa.eu\/","name":"TAE Europa","description":"Fusiones y Adquisiciones | Sector agroalimentario","publisher":{"@id":"https:\/\/www.taeeuropa.eu\/#organization"},"potentialAction":[{"@type":"SearchAction","target":{"@type":"EntryPoint","urlTemplate":"https:\/\/www.taeeuropa.eu\/?s={search_term_string}"},"query-input":{"@type":"PropertyValueSpecification","valueRequired":true,"valueName":"search_term_string"}}],"inLanguage":"pt-PT"},{"@type":"Organization","@id":"https:\/\/www.taeeuropa.eu\/#organization","name":"TAE Europa","url":"https:\/\/www.taeeuropa.eu\/","logo":{"@type":"ImageObject","inLanguage":"pt-PT","@id":"https:\/\/www.taeeuropa.eu\/#\/schema\/logo\/image\/","url":"https:\/\/www.taeeuropa.eu\/wp-content\/uploads\/Logo-fondo-blanco-1.jpg","contentUrl":"https:\/\/www.taeeuropa.eu\/wp-content\/uploads\/Logo-fondo-blanco-1.jpg","width":460,"height":460,"caption":"TAE Europa"},"image":{"@id":"https:\/\/www.taeeuropa.eu\/#\/schema\/logo\/image\/"},"sameAs":["https:\/\/www.linkedin.com\/company\/taeeuropa\/"]}]}},"_links":{"self":[{"href":"https:\/\/www.taeeuropa.eu\/pt\/wp-json\/wp\/v2\/pages\/780","targetHints":{"allow":["GET"]}}],"collection":[{"href":"https:\/\/www.taeeuropa.eu\/pt\/wp-json\/wp\/v2\/pages"}],"about":[{"href":"https:\/\/www.taeeuropa.eu\/pt\/wp-json\/wp\/v2\/types\/page"}],"author":[{"embeddable":true,"href":"https:\/\/www.taeeuropa.eu\/pt\/wp-json\/wp\/v2\/users\/3"}],"replies":[{"embeddable":true,"href":"https:\/\/www.taeeuropa.eu\/pt\/wp-json\/wp\/v2\/comments?post=780"}],"version-history":[{"count":114,"href":"https:\/\/www.taeeuropa.eu\/pt\/wp-json\/wp\/v2\/pages\/780\/revisions"}],"predecessor-version":[{"id":9306,"href":"https:\/\/www.taeeuropa.eu\/pt\/wp-json\/wp\/v2\/pages\/780\/revisions\/9306"}],"wp:featuredmedia":[{"embeddable":true,"href":"https:\/\/www.taeeuropa.eu\/pt\/wp-json\/wp\/v2\/media\/548"}],"wp:attachment":[{"href":"https:\/\/www.taeeuropa.eu\/pt\/wp-json\/wp\/v2\/media?parent=780"}],"curies":[{"name":"wp","href":"https:\/\/api.w.org\/{rel}","templated":true}]}}